{"id":70,"date":"2025-12-03T10:46:21","date_gmt":"2025-12-03T09:46:21","guid":{"rendered":"https:\/\/www.nowa.wielopolesolectwo.pl\/?page_id=70"},"modified":"2025-12-15T10:56:24","modified_gmt":"2025-12-15T09:56:24","slug":"aktualnosci","status":"publish","type":"page","link":"https:\/\/www.wielopolesolectwo.pl\/","title":{"rendered":"Aktualno\u015bci"},"content":{"rendered":"<div class=\"et_pb_section_0 et_pb_section et_section_regular et_block_section\">\n<div class=\"et_pb_row_0 et_pb_row et_block_row\">\n<div class=\"et_pb_column_0 et_pb_column et_pb_column_4_4 et-last-child et_block_column et_pb_css_mix_blend_mode_passthrough\">\n\n\n<div class=\"et_pb_blog_0 et_pb_blog et_pb_bg_layout_light et_pb_posts et_pb_module preset--module--divi-blog--6005e10f-6a83-455c-9f77-c7031522e740\"><div class=\"et_pb_ajax_pagination_container\"><div class=\"et_pb_posts et_grid_module\"><article class=\"et_pb_post et_pb_post_id_573 clearfix et_pb_blog_item_0_0 post-573 post type-post status-publish format-standard has-post-thumbnail hentry category-aktualnosci\"><div class=\"et_pb_image_container\"><a href=\"https:\/\/www.wielopolesolectwo.pl\/index.php\/2026\/02\/09\/kregle-i-bilard-dla-dzieci-w-wieku-szkoly-podstawowej-relacja\/\" class=\"entry-featured-image-url\"><img loading=\"lazy\" decoding=\"async\" src=\"https:\/\/www.wielopolesolectwo.pl\/wp-content\/uploads\/2026\/02\/Messenger_creation_E07A7426-4A03-4246-AD4A-3389B06BA104-1.jpeg\" width=\"400\" height=\"284\" alt=\"Kr\u0119gle i Bilard dla dzieci w wieku szko\u0142y podstawowej &#8211; Relacja.\" class=\"\" srcset=\"https:\/\/www.wielopolesolectwo.pl\/wp-content\/uploads\/2026\/02\/Messenger_creation_E07A7426-4A03-4246-AD4A-3389B06BA104-1.jpeg 479w, https:\/\/www.wielopolesolectwo.pl\/wp-content\/uploads\/2026\/02\/Messenger_creation_E07A7426-4A03-4246-AD4A-3389B06BA104-1-400x284.jpeg 480w\" sizes=\"(max-width:479px) 479px, 100vw\" \/><span data-icon=\"\ue050\" class=\"et_overlay et_pb_inline_icon\"><\/span><\/a><\/div><h5 class=\"entry-title\"><a href=\"https:\/\/www.wielopolesolectwo.pl\/index.php\/2026\/02\/09\/kregle-i-bilard-dla-dzieci-w-wieku-szkoly-podstawowej-relacja\/\">Kr\u0119gle i Bilard dla dzieci w wieku szko\u0142y podstawowej &#8211; Relacja.<\/a><\/h5><p class=\"post-meta\"><span class=\"published\">lut 9, 2026<\/span> | <span class=\"entry-categories\"><a href=\"https:\/\/www.wielopolesolectwo.pl\/index.php\/category\/aktualnosci\/\" rel=\"tag\">Aktualno\u015bci<\/a><\/span><\/p><div class=\"post-content\"><div class=\"post-content-inner\"><p>W dniu 03.02.2026 r. So\u0142tys i Rada So\u0142ecka wsi Wielopole\u00a0 zorganizowali wyjazdowy dzie\u0144 Ferii zimowych dzieci w wieku szkolnym ,so\u0142ectwa Wielopole na Kr\u0119gle i Bilard. \u00a0Dzieci \u00a0sp\u0119dzi\u0142y go na integracji oraz zabawach ruchowych w grach w kr\u0119gle i bilardzie w Astro&#8230;<\/p>\n<\/div><\/div><\/article><article class=\"et_pb_post et_pb_post_id_539 clearfix et_pb_blog_item_0_1 post-539 post type-post status-publish format-standard has-post-thumbnail hentry category-aktualnosci\"><div class=\"et_pb_image_container\"><a href=\"https:\/\/www.wielopolesolectwo.pl\/index.php\/2026\/01\/16\/wyjazd-na-kregle-i-bilard-dla-dzieci-w-wieku-szkoly-podstawowej\/\" class=\"entry-featured-image-url\"><img loading=\"lazy\" decoding=\"async\" src=\"https:\/\/www.wielopolesolectwo.pl\/wp-content\/uploads\/2026\/01\/bilard_2026a.png\" width=\"400\" height=\"284\" alt=\"Wyjazd na kr\u0119gle i bilard dla dzieci w wieku szko\u0142y podstawowej\" class=\"\" srcset=\"https:\/\/www.wielopolesolectwo.pl\/wp-content\/uploads\/2026\/01\/bilard_2026a.png 479w, https:\/\/www.wielopolesolectwo.pl\/wp-content\/uploads\/2026\/01\/bilard_2026a-400x284.png 480w\" sizes=\"(max-width:479px) 479px, 100vw\" \/><span data-icon=\"\ue050\" class=\"et_overlay et_pb_inline_icon\"><\/span><\/a><\/div><h5 class=\"entry-title\"><a href=\"https:\/\/www.wielopolesolectwo.pl\/index.php\/2026\/01\/16\/wyjazd-na-kregle-i-bilard-dla-dzieci-w-wieku-szkoly-podstawowej\/\">Wyjazd na kr\u0119gle i bilard dla dzieci w wieku szko\u0142y podstawowej<\/a><\/h5><p class=\"post-meta\"><span class=\"published\">sty 16, 2026<\/span> | <span class=\"entry-categories\"><a href=\"https:\/\/www.wielopolesolectwo.pl\/index.php\/category\/aktualnosci\/\" rel=\"tag\">Aktualno\u015bci<\/a><\/span><\/p><div class=\"post-content\"><div class=\"post-content-inner\"><p>KARTA ZG\u0141OSZENIA UCZESTNICTWA DZIE\u0421\u041a\u0410 w imprezie: \u201eZIMOWY WYJAZD NA KR\u0118GLE I BILARD&#8221;<\/p>\n<\/div><\/div><\/article><article class=\"et_pb_post et_pb_post_id_479 clearfix et_pb_blog_item_0_2 post-479 post type-post status-publish format-standard has-post-thumbnail hentry category-aktualnosci\"><div class=\"et_pb_image_container\"><a href=\"https:\/\/www.wielopolesolectwo.pl\/index.php\/2025\/11\/12\/zaproszenie-na-walne-zgromadzenie-stowarzyszenia-7\/\" class=\"entry-featured-image-url\"><img loading=\"lazy\" decoding=\"async\" src=\"https:\/\/www.wielopolesolectwo.pl\/wp-content\/uploads\/2025\/12\/banner.gif\" width=\"400\" height=\"284\" alt=\"Zaproszenie na Walne Zgromadzenie Stowarzyszenia\" class=\"\" srcset=\"https:\/\/www.wielopolesolectwo.pl\/wp-content\/uploads\/2025\/12\/banner.gif 479w, https:\/\/www.wielopolesolectwo.pl\/wp-content\/uploads\/2025\/12\/banner-400x284.gif 480w\" sizes=\"(max-width:479px) 479px, 100vw\" \/><span data-icon=\"\ue050\" class=\"et_overlay et_pb_inline_icon\"><\/span><\/a><\/div><h5 class=\"entry-title\"><a href=\"https:\/\/www.wielopolesolectwo.pl\/index.php\/2025\/11\/12\/zaproszenie-na-walne-zgromadzenie-stowarzyszenia-7\/\">Zaproszenie na Walne Zgromadzenie Stowarzyszenia<\/a><\/h5><p class=\"post-meta\"><span class=\"published\">lis 12, 2025<\/span> | <span class=\"entry-categories\"><a href=\"https:\/\/www.wielopolesolectwo.pl\/index.php\/category\/aktualnosci\/\" rel=\"tag\">Aktualno\u015bci<\/a><\/span><\/p><div class=\"post-content\"><div class=\"post-content-inner\"><p>Zgodnie z par. 31 Statutu Stowarzyszenia Rozwoju So\u0142ectwa Wielopole, Likwidator Stowarzyszenia zwo\u0142uje na dzie\u0144 28.11.2025r. (pi\u0105tek) Walne Zgromadzenie Cz\u0142onk\u00f3w Stowarzyszenia.<\/p>\n<\/div><\/div><\/article><article class=\"et_pb_post et_pb_post_id_476 clearfix et_pb_blog_item_0_3 post-476 post type-post status-publish format-standard has-post-thumbnail hentry category-aktualnosci\"><div class=\"et_pb_image_container\"><a href=\"https:\/\/www.wielopolesolectwo.pl\/index.php\/2025\/02\/23\/relacja-z-wycieczki-na-kregielnie\/\" class=\"entry-featured-image-url\"><img loading=\"lazy\" decoding=\"async\" src=\"https:\/\/www.wielopolesolectwo.pl\/wp-content\/uploads\/2025\/12\/kregle_2025_min.jpg\" width=\"382\" height=\"284\" alt=\"Relacja z wycieczki na kr\u0119gielni\u0119\" class=\"\" srcset=\"https:\/\/www.wielopolesolectwo.pl\/wp-content\/uploads\/2025\/12\/kregle_2025_min.jpg 479w, https:\/\/www.wielopolesolectwo.pl\/wp-content\/uploads\/2025\/12\/kregle_2025_min-382x284.jpg 480w\" sizes=\"(max-width:479px) 479px, 100vw\" \/><span data-icon=\"\ue050\" class=\"et_overlay et_pb_inline_icon\"><\/span><\/a><\/div><h5 class=\"entry-title\"><a href=\"https:\/\/www.wielopolesolectwo.pl\/index.php\/2025\/02\/23\/relacja-z-wycieczki-na-kregielnie\/\">Relacja z wycieczki na kr\u0119gielni\u0119<\/a><\/h5><p class=\"post-meta\"><span class=\"published\">lut 23, 2025<\/span> | <span class=\"entry-categories\"><a href=\"https:\/\/www.wielopolesolectwo.pl\/index.php\/category\/aktualnosci\/\" rel=\"tag\">Aktualno\u015bci<\/a><\/span><\/p><div class=\"post-content\"><div class=\"post-content-inner\"><p>Ju\u017c sta\u0142o si\u0119 tradycja, \u017ce nasze Stowarzyszenie organizuje w tym czasie ma\u0142e co nieco dla dzieci szkolnych. W tym roku 23.01.2025 r. zorganizowali\u015bmy wyjazd do kr\u0119gielni UNDERGROUND, a 30.01.2025 r. do parku trampolin JUMPMANIA w Nowym S\u0105czu przy ul. Zielonej&#8230;.<\/p>\n<\/div><\/div><\/article><article class=\"et_pb_post et_pb_post_id_474 clearfix et_pb_blog_item_0_4 post-474 post type-post status-publish format-standard has-post-thumbnail hentry category-aktualnosci\"><div class=\"et_pb_image_container\"><a href=\"https:\/\/www.wielopolesolectwo.pl\/index.php\/2025\/02\/02\/zaproszenie-na-walne-zgromadzenie-stowarzyszenia-6\/\" class=\"entry-featured-image-url\"><img loading=\"lazy\" decoding=\"async\" src=\"https:\/\/www.wielopolesolectwo.pl\/wp-content\/uploads\/2025\/12\/banner.gif\" width=\"400\" height=\"284\" alt=\"Zaproszenie na Walne Zgromadzenie Stowarzyszenia\" class=\"\" srcset=\"https:\/\/www.wielopolesolectwo.pl\/wp-content\/uploads\/2025\/12\/banner.gif 479w, https:\/\/www.wielopolesolectwo.pl\/wp-content\/uploads\/2025\/12\/banner-400x284.gif 480w\" sizes=\"(max-width:479px) 479px, 100vw\" \/><span data-icon=\"\ue050\" class=\"et_overlay et_pb_inline_icon\"><\/span><\/a><\/div><h5 class=\"entry-title\"><a href=\"https:\/\/www.wielopolesolectwo.pl\/index.php\/2025\/02\/02\/zaproszenie-na-walne-zgromadzenie-stowarzyszenia-6\/\">Zaproszenie na Walne Zgromadzenie Stowarzyszenia<\/a><\/h5><p class=\"post-meta\"><span class=\"published\">lut 2, 2025<\/span> | <span class=\"entry-categories\"><a href=\"https:\/\/www.wielopolesolectwo.pl\/index.php\/category\/aktualnosci\/\" rel=\"tag\">Aktualno\u015bci<\/a><\/span><\/p><div class=\"post-content\"><div class=\"post-content-inner\"><p>Zgodnie z par. 31 Statutu Stowarzyszenia Rozwoju So\u0142ectwa Wielopole, Zarz\u0105d Stowarzyszenia zwo\u0142uje w dniu 17.02.2025 r. (poniedzia\u0142ek) Walne Sprawozdawczo &#8211; Wyborcze Zgromadzenie Cz\u0142onk\u00f3w Stowarzyszenia. W programie m.in.: sprawozdania: merytoryczne i finansowe&#8230;<\/p>\n<\/div><\/div><\/article><article class=\"et_pb_post et_pb_post_id_471 clearfix et_pb_blog_item_0_5 post-471 post type-post status-publish format-standard has-post-thumbnail hentry category-aktualnosci\"><div class=\"et_pb_image_container\"><a href=\"https:\/\/www.wielopolesolectwo.pl\/index.php\/2024\/10\/08\/relacja-z-wycieczki-do-kopalni-soli-w-wieliczce\/\" class=\"entry-featured-image-url\"><img loading=\"lazy\" decoding=\"async\" src=\"https:\/\/www.wielopolesolectwo.pl\/wp-content\/uploads\/2025\/12\/wieliczka_relacja_2024_min.jpg\" width=\"400\" height=\"284\" alt=\"Relacja z wycieczki do Kopalni Soli w Wieliczce\" class=\"\" srcset=\"https:\/\/www.wielopolesolectwo.pl\/wp-content\/uploads\/2025\/12\/wieliczka_relacja_2024_min.jpg 479w, https:\/\/www.wielopolesolectwo.pl\/wp-content\/uploads\/2025\/12\/wieliczka_relacja_2024_min-400x284.jpg 480w\" sizes=\"(max-width:479px) 479px, 100vw\" \/><span data-icon=\"\ue050\" class=\"et_overlay et_pb_inline_icon\"><\/span><\/a><\/div><h5 class=\"entry-title\"><a href=\"https:\/\/www.wielopolesolectwo.pl\/index.php\/2024\/10\/08\/relacja-z-wycieczki-do-kopalni-soli-w-wieliczce\/\">Relacja z wycieczki do Kopalni Soli w Wieliczce<\/a><\/h5><p class=\"post-meta\"><span class=\"published\">pa\u017a 8, 2024<\/span> | <span class=\"entry-categories\"><a href=\"https:\/\/www.wielopolesolectwo.pl\/index.php\/category\/aktualnosci\/\" rel=\"tag\">Aktualno\u015bci<\/a><\/span><\/p><div class=\"post-content\"><div class=\"post-content-inner\"><p>W ostatni\u0105 sobot\u0119 wrze\u015bnia grupa senior\u00f3w z Wielopola i Wielog\u0142\u00f3w wybra\u0142a si\u0119 do Kopalni Soli w Wieliczce aby zwiedzi\u0107 jedno z najstarszych przedsi\u0119biorstw w Europie, kt\u00f3re od XIII wieku dostarcza\u0142o s\u00f3l na sto\u0142y niemal ca\u0142ej Europy. Kopalnia dzisiaj to: 300 km&#8230;.<\/p>\n<\/div><\/div><\/article><article class=\"et_pb_post et_pb_post_id_467 clearfix et_pb_blog_item_0_6 post-467 post type-post status-publish format-standard has-post-thumbnail hentry category-aktualnosci\"><div class=\"et_pb_image_container\"><a href=\"https:\/\/www.wielopolesolectwo.pl\/index.php\/2024\/08\/08\/relacja-z-wycieczki-sladami-sw-swierada-tropie-zamek-tropsztyn-czchow-rejs-statkiem-po-jeziorze-roznowskim-zapora-roznow-i-kosciol-matki-bozej-rozancowej-w-przydonicy\/\" class=\"entry-featured-image-url\"><img loading=\"lazy\" decoding=\"async\" src=\"https:\/\/www.wielopolesolectwo.pl\/wp-content\/uploads\/2025\/12\/roznow_2024_relacja-1.jpg\" width=\"400\" height=\"284\" alt=\"Relacja z wycieczki \u015bladami \u015bw. \u015awierada &#8211; Tropie, Zamek Tropsztyn, Czch\u00f3w, rejs statkiem po Jeziorze Ro\u017cnowskim, Zapora Ro\u017cn\u00f3w i Ko\u015bci\u00f3\u0142 Matki Bo\u017cej R\u00f3\u017ca\u0144cowej w Przydonicy.\" class=\"\" srcset=\"https:\/\/www.wielopolesolectwo.pl\/wp-content\/uploads\/2025\/12\/roznow_2024_relacja-1.jpg 479w, https:\/\/www.wielopolesolectwo.pl\/wp-content\/uploads\/2025\/12\/roznow_2024_relacja-1-400x284.jpg 480w\" sizes=\"(max-width:479px) 479px, 100vw\" \/><span data-icon=\"\ue050\" class=\"et_overlay et_pb_inline_icon\"><\/span><\/a><\/div><h5 class=\"entry-title\"><a href=\"https:\/\/www.wielopolesolectwo.pl\/index.php\/2024\/08\/08\/relacja-z-wycieczki-sladami-sw-swierada-tropie-zamek-tropsztyn-czchow-rejs-statkiem-po-jeziorze-roznowskim-zapora-roznow-i-kosciol-matki-bozej-rozancowej-w-przydonicy\/\">Relacja z wycieczki \u015bladami \u015bw. \u015awierada &#8211; Tropie, Zamek Tropsztyn, Czch\u00f3w, rejs statkiem po Jeziorze Ro\u017cnowskim, Zapora Ro\u017cn\u00f3w i Ko\u015bci\u00f3\u0142 Matki Bo\u017cej R\u00f3\u017ca\u0144cowej w Przydonicy.<\/a><\/h5><p class=\"post-meta\"><span class=\"published\">sie 8, 2024<\/span> | <span class=\"entry-categories\"><a href=\"https:\/\/www.wielopolesolectwo.pl\/index.php\/category\/aktualnosci\/\" rel=\"tag\">Aktualno\u015bci<\/a><\/span><\/p><div class=\"post-content\"><div class=\"post-content-inner\"><p>Ko\u0142o Gospody\u0144 Wiejskich Wielopole w Wielopolu zorganizowa\u0142o w ramach Dzia\u0142alno\u015bci na rzecz os\u00f3b w wieku emerytalnym poprzez: Aktywizacj\u0119 senior\u00f3w poprzez udzia\u0142 w wyjazdach o charakterze turystyczno-krajoznawczym; rekreacyjnym; kulturalnym. Wspierania funkcjonowania&#8230;<\/p>\n<\/div><\/div><\/article><article class=\"et_pb_post et_pb_post_id_460 clearfix et_pb_blog_item_0_7 post-460 post type-post status-publish format-standard has-post-thumbnail hentry category-aktualnosci\"><div class=\"et_pb_image_container\"><a href=\"https:\/\/www.wielopolesolectwo.pl\/index.php\/2024\/07\/16\/przygoda-w-termie-bania-zaproszenie-na-wycieczke\/\" class=\"entry-featured-image-url\"><img loading=\"lazy\" decoding=\"async\" src=\"https:\/\/www.wielopolesolectwo.pl\/wp-content\/uploads\/2025\/12\/plakat_termy_2024-1-scaled.jpg\" width=\"400\" height=\"284\" alt=\"Przygoda w Termie Bania \u2013 zaproszenie na wycieczk\u0119\" class=\"\" srcset=\"https:\/\/www.wielopolesolectwo.pl\/wp-content\/uploads\/2025\/12\/plakat_termy_2024-1-scaled.jpg 479w, https:\/\/www.wielopolesolectwo.pl\/wp-content\/uploads\/2025\/12\/plakat_termy_2024-1-400x284.jpg 480w\" sizes=\"(max-width:479px) 479px, 100vw\" \/><span data-icon=\"\ue050\" class=\"et_overlay et_pb_inline_icon\"><\/span><\/a><\/div><h5 class=\"entry-title\"><a href=\"https:\/\/www.wielopolesolectwo.pl\/index.php\/2024\/07\/16\/przygoda-w-termie-bania-zaproszenie-na-wycieczke\/\">Przygoda w Termie Bania \u2013 zaproszenie na wycieczk\u0119<\/a><\/h5><p class=\"post-meta\"><span class=\"published\">lip 16, 2024<\/span> | <span class=\"entry-categories\"><a href=\"https:\/\/www.wielopolesolectwo.pl\/index.php\/category\/aktualnosci\/\" rel=\"tag\">Aktualno\u015bci<\/a><\/span><\/p><div class=\"post-content\"><div class=\"post-content-inner\"><p>Ko\u0142o Gospody\u0144 Wiejskich Wielopole organizuje wycieczk\u0119 &#8222;Przygoda w Termie Bania&#8221; w dniu 10 sierpnia 2024r. Program wycieczki przedstawia si\u0119 nast\u0119puj\u0105co: godz. 7.20 &#8211; Zbi\u00f3rka ko\u0142o \u015bwietlicy w Wielopolu i wyjazd godz. 10.00 \u2013 14.30 &#8211; Pobyt w Termie Bania ok. godz&#8230;.<\/p>\n<\/div><\/div><\/article><article class=\"et_pb_post et_pb_post_id_454 clearfix et_pb_blog_item_0_8 post-454 post type-post status-publish format-standard has-post-thumbnail hentry category-aktualnosci\"><div class=\"et_pb_image_container\"><a href=\"https:\/\/www.wielopolesolectwo.pl\/index.php\/2024\/07\/08\/sladami-sw-swierada-tropie-zaproszenie-na-wycieczke\/\" class=\"entry-featured-image-url\"><img loading=\"lazy\" decoding=\"async\" src=\"https:\/\/www.wielopolesolectwo.pl\/wp-content\/uploads\/2025\/12\/plakat_tropie-3-scaled.jpg\" width=\"400\" height=\"284\" alt=\"\u015aladami \u015bw. \u015awierada \u2013 Tropie \u2013 zaproszenie na wycieczk\u0119\" class=\"\" srcset=\"https:\/\/www.wielopolesolectwo.pl\/wp-content\/uploads\/2025\/12\/plakat_tropie-3-scaled.jpg 479w, https:\/\/www.wielopolesolectwo.pl\/wp-content\/uploads\/2025\/12\/plakat_tropie-3-400x284.jpg 480w\" sizes=\"(max-width:479px) 479px, 100vw\" \/><span data-icon=\"\ue050\" class=\"et_overlay et_pb_inline_icon\"><\/span><\/a><\/div><h5 class=\"entry-title\"><a href=\"https:\/\/www.wielopolesolectwo.pl\/index.php\/2024\/07\/08\/sladami-sw-swierada-tropie-zaproszenie-na-wycieczke\/\">\u015aladami \u015bw. \u015awierada \u2013 Tropie \u2013 zaproszenie na wycieczk\u0119<\/a><\/h5><p class=\"post-meta\"><span class=\"published\">lip 8, 2024<\/span> | <span class=\"entry-categories\"><a href=\"https:\/\/www.wielopolesolectwo.pl\/index.php\/category\/aktualnosci\/\" rel=\"tag\">Aktualno\u015bci<\/a><\/span><\/p><div class=\"post-content\"><div class=\"post-content-inner\"><p>Szanowni Pa\u0144stwo! Ko\u0142o Gospody\u0144 Wiejskich Wielopole i Klub Seniora Wielog\u0142owy organizuj\u0105 dla senior\u00f3w Wielopola i Wielog\u0142\u00f3w 1-dniow\u0105 wycieczk\u0119 &#8222;\u015aladami \u015bw. \u015awierada \u2013 Tropie&#8221; w dniu 27 lipca 2024r. Program wycieczki przedstawia si\u0119 nast\u0119puj\u0105co: Godz. 7.15 &#8211; zbi\u00f3rka&#8230;<\/p>\n<\/div><\/div><\/article><article class=\"et_pb_post et_pb_post_id_464 clearfix et_pb_blog_item_0_9 post-464 post type-post status-publish format-standard has-post-thumbnail hentry category-aktualnosci\"><div class=\"et_pb_image_container\"><a href=\"https:\/\/www.wielopolesolectwo.pl\/index.php\/2024\/06\/14\/relacja-z-wycieczki-zlota-praga-morawski-kras-12-14-lipiec-2024-r\/\" class=\"entry-featured-image-url\"><img loading=\"lazy\" decoding=\"async\" src=\"https:\/\/www.wielopolesolectwo.pl\/wp-content\/uploads\/2025\/12\/Zlota_Praga.jpg\" width=\"400\" height=\"284\" alt=\"Relacja z wycieczki &#8222;Z\u0142ota Praga \u2013 Morawski Kras&#8221; 12-14 lipiec 2024 r.\" class=\"\" srcset=\"https:\/\/www.wielopolesolectwo.pl\/wp-content\/uploads\/2025\/12\/Zlota_Praga.jpg 479w, https:\/\/www.wielopolesolectwo.pl\/wp-content\/uploads\/2025\/12\/Zlota_Praga-400x284.jpg 480w\" sizes=\"(max-width:479px) 479px, 100vw\" \/><span data-icon=\"\ue050\" class=\"et_overlay et_pb_inline_icon\"><\/span><\/a><\/div><h5 class=\"entry-title\"><a href=\"https:\/\/www.wielopolesolectwo.pl\/index.php\/2024\/06\/14\/relacja-z-wycieczki-zlota-praga-morawski-kras-12-14-lipiec-2024-r\/\">Relacja z wycieczki &#8222;Z\u0142ota Praga \u2013 Morawski Kras&#8221; 12-14 lipiec 2024 r.<\/a><\/h5><p class=\"post-meta\"><span class=\"published\">cze 14, 2024<\/span> | <span class=\"entry-categories\"><a href=\"https:\/\/www.wielopolesolectwo.pl\/index.php\/category\/aktualnosci\/\" rel=\"tag\">Aktualno\u015bci<\/a><\/span><\/p><div class=\"post-content\"><div class=\"post-content-inner\"><p>Wycieczka zorganizowana w ramach zadania publicznego \u2013 Dzia\u0142alno\u015b\u0107 na rzecz os\u00f3b w wieku emerytalnym: poprzez 1\/ aktywizacj\u0119 senior\u00f3w poprzez udzia\u0142 w wyjazdach o charakterze turystyczno- krajoznawczym, rekreacyjnym, kulturalnym. 2\/ wspieranie funkcjonowania&#8230;<\/p>\n<\/div><\/div><\/article><article class=\"et_pb_post et_pb_post_id_449 clearfix et_pb_blog_item_0_10 post-449 post type-post status-publish format-standard has-post-thumbnail hentry category-aktualnosci\"><div class=\"et_pb_image_container\"><a href=\"https:\/\/www.wielopolesolectwo.pl\/index.php\/2024\/06\/14\/relacja-z-wycieczki-seniorzy-przelomem-dunajca\/\" class=\"entry-featured-image-url\"><img loading=\"lazy\" decoding=\"async\" src=\"https:\/\/www.wielopolesolectwo.pl\/wp-content\/uploads\/2025\/12\/dunajec_reportaz_2024-2-scaled.jpg\" width=\"400\" height=\"284\" alt=\"Relacja z wycieczki &#8222;Seniorzy Prze\u0142omem Dunajca&#8221;\" class=\"\" srcset=\"https:\/\/www.wielopolesolectwo.pl\/wp-content\/uploads\/2025\/12\/dunajec_reportaz_2024-2-scaled.jpg 479w, https:\/\/www.wielopolesolectwo.pl\/wp-content\/uploads\/2025\/12\/dunajec_reportaz_2024-2-400x284.jpg 480w\" sizes=\"(max-width:479px) 479px, 100vw\" \/><span data-icon=\"\ue050\" class=\"et_overlay et_pb_inline_icon\"><\/span><\/a><\/div><h5 class=\"entry-title\"><a href=\"https:\/\/www.wielopolesolectwo.pl\/index.php\/2024\/06\/14\/relacja-z-wycieczki-seniorzy-przelomem-dunajca\/\">Relacja z wycieczki &#8222;Seniorzy Prze\u0142omem Dunajca&#8221;<\/a><\/h5><p class=\"post-meta\"><span class=\"published\">cze 14, 2024<\/span> | <span class=\"entry-categories\"><a href=\"https:\/\/www.wielopolesolectwo.pl\/index.php\/category\/aktualnosci\/\" rel=\"tag\">Aktualno\u015bci<\/a><\/span><\/p><div class=\"post-content\"><div class=\"post-content-inner\"><p>W dniu 8 czerwca br. seniorzy z Wielopola i okolicznych so\u0142ectw mieli okazj\u0119 odby\u0107 wycieczk\u0119 do Zamku w Niedzicy i pop\u0142yn\u0105\u0107 prze\u0142omem Dunajca. Atmosfera i wra\u017cenia by\u0142y wspania\u0142e czemu te\u017c sprzyja\u0142a cudowna pogoda. Na Zamku poznali\u015bmy bogat\u0105 histori\u0119 tej budowli,&#8230;<\/p>\n<\/div><\/div><\/article><article class=\"et_pb_post et_pb_post_id_445 clearfix et_pb_blog_item_0_11 post-445 post type-post status-publish format-standard has-post-thumbnail hentry category-aktualnosci\"><div class=\"et_pb_image_container\"><a href=\"https:\/\/www.wielopolesolectwo.pl\/index.php\/2024\/05\/01\/wycieczka-seniorzy-przelomem-dunajca-zaproszenie-na-wycieczke\/\" class=\"entry-featured-image-url\"><img loading=\"lazy\" decoding=\"async\" src=\"https:\/\/www.wielopolesolectwo.pl\/wp-content\/uploads\/2025\/12\/dunajec_2024-1.jpg\" width=\"400\" height=\"284\" alt=\"Wycieczka &#8222;Seniorzy Prze\u0142omem Dunajca&#8221; \u2013 zaproszenie na wycieczk\u0119\" class=\"\" srcset=\"https:\/\/www.wielopolesolectwo.pl\/wp-content\/uploads\/2025\/12\/dunajec_2024-1.jpg 479w, https:\/\/www.wielopolesolectwo.pl\/wp-content\/uploads\/2025\/12\/dunajec_2024-1-400x284.jpg 480w\" sizes=\"(max-width:479px) 479px, 100vw\" \/><span data-icon=\"\ue050\" class=\"et_overlay et_pb_inline_icon\"><\/span><\/a><\/div><h5 class=\"entry-title\"><a href=\"https:\/\/www.wielopolesolectwo.pl\/index.php\/2024\/05\/01\/wycieczka-seniorzy-przelomem-dunajca-zaproszenie-na-wycieczke\/\">Wycieczka &#8222;Seniorzy Prze\u0142omem Dunajca&#8221; \u2013 zaproszenie na wycieczk\u0119<\/a><\/h5><p class=\"post-meta\"><span class=\"published\">maj 1, 2024<\/span> | <span class=\"entry-categories\"><a href=\"https:\/\/www.wielopolesolectwo.pl\/index.php\/category\/aktualnosci\/\" rel=\"tag\">Aktualno\u015bci<\/a><\/span><\/p><div class=\"post-content\"><div class=\"post-content-inner\"><p>Z przyjemno\u015bci\u0105 informujemy mieszka\u0144c\u00f3w gminy Che\u0142miec, a szczeg\u00f3lnie Senior\u00f3w Wielopola, \u017ce nasze Stowarzyszenie, w ramach zadania publicznego wspieranego przez Gmin\u0119 Che\u0142miec: &#8222;Dzia\u0142alno\u015b\u0107 na rzecz os\u00f3b w wieku emerytalnym&#8221; organizuje wycieczk\u0119 p.n. &#8222;Seniorzy&#8230;<\/p>\n<\/div><\/div><\/article><article class=\"et_pb_post et_pb_post_id_517 clearfix et_pb_blog_item_0_12 post-517 post type-post status-publish format-standard has-post-thumbnail hentry category-aktualnosci\"><div class=\"et_pb_image_container\"><a href=\"https:\/\/www.wielopolesolectwo.pl\/index.php\/2024\/04\/19\/3-dniowa-wycieczka-do-pragi-zaproszenie-na-wycieczke\/\" class=\"entry-featured-image-url\"><img loading=\"lazy\" decoding=\"async\" src=\"https:\/\/www.wielopolesolectwo.pl\/wp-content\/uploads\/2025\/12\/plakat_praga_2024.jpg\" width=\"1\" height=\"1\" alt=\"3 &#8211; dniowa wycieczka do Pragi \u2013 zaproszenie na wycieczk\u0119\" class=\"\" srcset=\"https:\/\/www.wielopolesolectwo.pl\/wp-content\/uploads\/2025\/12\/plakat_praga_2024.jpg 479w, https:\/\/www.wielopolesolectwo.pl\/wp-content\/uploads\/2025\/12\/plakat_praga_2024.jpg 480w\" sizes=\"(max-width:479px) 479px, 100vw\" \/><span data-icon=\"\ue050\" class=\"et_overlay et_pb_inline_icon\"><\/span><\/a><\/div><h5 class=\"entry-title\"><a href=\"https:\/\/www.wielopolesolectwo.pl\/index.php\/2024\/04\/19\/3-dniowa-wycieczka-do-pragi-zaproszenie-na-wycieczke\/\">3 &#8211; dniowa wycieczka do Pragi \u2013 zaproszenie na wycieczk\u0119<\/a><\/h5><p class=\"post-meta\"><span class=\"published\">kwi 19, 2024<\/span> | <span class=\"entry-categories\"><a href=\"https:\/\/www.wielopolesolectwo.pl\/index.php\/category\/aktualnosci\/\" rel=\"tag\">Aktualno\u015bci<\/a><\/span><\/p><div class=\"post-content\"><div class=\"post-content-inner\"><p>Szanowni Pa\u0144stwo! Ko\u0142o Gospody\u0144 Wiejskich Wielopole i Klub Seniora Wielog\u0142owy organizuj\u0105 dla mieszka\u0144c\u00f3w gminy Che\u0142miec 3-dniow\u0105 wycieczk\u0119 do Pragi (w terminie 12-14 lipca 2024r). Program wycieczki przedstawia si\u0119 nast\u0119puj\u0105co: Dzie\u0144 I 5.00 &#8211; wyjazd, przyjazd do&#8230;<\/p>\n<\/div><\/div><\/article><article class=\"et_pb_post et_pb_post_id_438 clearfix et_pb_blog_item_0_13 post-438 post type-post status-publish format-standard has-post-thumbnail hentry category-aktualnosci\"><div class=\"et_pb_image_container\"><a href=\"https:\/\/www.wielopolesolectwo.pl\/index.php\/2024\/03\/05\/kolejne-ferie-zimowe-za-nami\/\" class=\"entry-featured-image-url\"><img loading=\"lazy\" decoding=\"async\" src=\"https:\/\/www.wielopolesolectwo.pl\/wp-content\/uploads\/2025\/12\/kregle_2024_strona.jpg\" width=\"400\" height=\"284\" alt=\"Kolejne ferie zimowe za nami!\" class=\"\" srcset=\"https:\/\/www.wielopolesolectwo.pl\/wp-content\/uploads\/2025\/12\/kregle_2024_strona.jpg 479w, https:\/\/www.wielopolesolectwo.pl\/wp-content\/uploads\/2025\/12\/kregle_2024_strona-400x284.jpg 480w\" sizes=\"(max-width:479px) 479px, 100vw\" \/><span data-icon=\"\ue050\" class=\"et_overlay et_pb_inline_icon\"><\/span><\/a><\/div><h5 class=\"entry-title\"><a href=\"https:\/\/www.wielopolesolectwo.pl\/index.php\/2024\/03\/05\/kolejne-ferie-zimowe-za-nami\/\">Kolejne ferie zimowe za nami!<\/a><\/h5><p class=\"post-meta\"><span class=\"published\">mar 5, 2024<\/span> | <span class=\"entry-categories\"><a href=\"https:\/\/www.wielopolesolectwo.pl\/index.php\/category\/aktualnosci\/\" rel=\"tag\">Aktualno\u015bci<\/a><\/span><\/p><div class=\"post-content\"><div class=\"post-content-inner\"><p>Ju\u017c sta\u0142o si\u0119 tradycja, ze nasze Stowarzyszenie organizuje w tym czasie ma\u0142e co nieco dla dzieci szkolnych. W tym roku 12.02.2024 r. zorganizowali\u015bmy wyjazd do kr\u0119gielni ATOM, a 23.02.2024 r. do parku trampolin JUMPMANIA w Nowym S\u0105czu przy ul. Zielonej. Dzieciaki&#8230;<\/p>\n<\/div><\/div><\/article><article class=\"et_pb_post et_pb_post_id_515 clearfix et_pb_blog_item_0_14 post-515 post type-post status-publish format-standard has-post-thumbnail hentry category-aktualnosci\"><div class=\"et_pb_image_container\"><a href=\"https:\/\/www.wielopolesolectwo.pl\/index.php\/2024\/02\/26\/zaproszenie-na-walne-zgromadzenie-stowarzyszenia-8\/\" class=\"entry-featured-image-url\"><img loading=\"lazy\" decoding=\"async\" src=\"https:\/\/www.wielopolesolectwo.pl\/wp-content\/uploads\/2025\/12\/banner.gif\" width=\"400\" height=\"284\" alt=\"Zaproszenie na Walne Zgromadzenie Stowarzyszenia\" class=\"\" srcset=\"https:\/\/www.wielopolesolectwo.pl\/wp-content\/uploads\/2025\/12\/banner.gif 479w, https:\/\/www.wielopolesolectwo.pl\/wp-content\/uploads\/2025\/12\/banner-400x284.gif 480w\" sizes=\"(max-width:479px) 479px, 100vw\" \/><span data-icon=\"\ue050\" class=\"et_overlay et_pb_inline_icon\"><\/span><\/a><\/div><h5 class=\"entry-title\"><a href=\"https:\/\/www.wielopolesolectwo.pl\/index.php\/2024\/02\/26\/zaproszenie-na-walne-zgromadzenie-stowarzyszenia-8\/\">Zaproszenie na Walne Zgromadzenie Stowarzyszenia<\/a><\/h5><p class=\"post-meta\"><span class=\"published\">lut 26, 2024<\/span> | <span class=\"entry-categories\"><a href=\"https:\/\/www.wielopolesolectwo.pl\/index.php\/category\/aktualnosci\/\" rel=\"tag\">Aktualno\u015bci<\/a><\/span><\/p><div class=\"post-content\"><div class=\"post-content-inner\"><p>Zgodnie z par. 31 Statutu Stowarzyszenia Rozwoju So\u0142ectwa Wielopole, Zarz\u0105d Stowarzyszenia zwo\u0142uje w dniu 16.03.2024 r. (sobota) Walne Zgromadzenie Cz\u0142onk\u00f3w Stowarzyszenia. Posiedzenie odb\u0119dzie si\u0119 w \u015awietlicy wiejskiej o godz. 17.30. Porz\u0105dek obrad tutaj. Istnieje&#8230;<\/p>\n<\/div><\/div><\/article><article class=\"et_pb_post et_pb_post_id_512 clearfix et_pb_blog_item_0_15 post-512 post type-post status-publish format-standard has-post-thumbnail hentry category-aktualnosci\"><div class=\"et_pb_image_container\"><a href=\"https:\/\/www.wielopolesolectwo.pl\/index.php\/2024\/02\/14\/jumpmania-park-trampolin\/\" class=\"entry-featured-image-url\"><img loading=\"lazy\" decoding=\"async\" src=\"https:\/\/www.wielopolesolectwo.pl\/wp-content\/uploads\/2025\/12\/trampoliny_2024.png\" width=\"400\" height=\"284\" alt=\"Jumpmania &#8211; park trampolin!\" class=\"\" srcset=\"https:\/\/www.wielopolesolectwo.pl\/wp-content\/uploads\/2025\/12\/trampoliny_2024.png 479w, https:\/\/www.wielopolesolectwo.pl\/wp-content\/uploads\/2025\/12\/trampoliny_2024-400x284.png 480w\" sizes=\"(max-width:479px) 479px, 100vw\" \/><span data-icon=\"\ue050\" class=\"et_overlay et_pb_inline_icon\"><\/span><\/a><\/div><h5 class=\"entry-title\"><a href=\"https:\/\/www.wielopolesolectwo.pl\/index.php\/2024\/02\/14\/jumpmania-park-trampolin\/\">Jumpmania &#8211; park trampolin!<\/a><\/h5><p class=\"post-meta\"><span class=\"published\">lut 14, 2024<\/span> | <span class=\"entry-categories\"><a href=\"https:\/\/www.wielopolesolectwo.pl\/index.php\/category\/aktualnosci\/\" rel=\"tag\">Aktualno\u015bci<\/a><\/span><\/p><div class=\"post-content\"><div class=\"post-content-inner\"><p>Informuj\u0119, \u017ce w dniu 23.02.2024 r. (pi\u0105tek) nasze Stowarzyszenie dla dzieci organizuje wyjazd parku trampolin JUMPMANIA w Nowym S\u0105czu przy ul. Zielonej. Wyjazd uczestnik\u00f3w w dniu 23.02.2024 r. o godz. 12.30 &#8211; zbi\u00f3rka ko\u0142o \u015bwietlicy wiejskiej w Wielopolu. Dojazd (i&#8230;<\/p>\n<\/div><\/div><\/article><article class=\"et_pb_post et_pb_post_id_519 clearfix et_pb_blog_item_0_16 post-519 post type-post status-publish format-standard has-post-thumbnail hentry category-aktualnosci\"><div class=\"et_pb_image_container\"><a href=\"https:\/\/www.wielopolesolectwo.pl\/index.php\/2024\/01\/29\/wyjazd-na-kregle-zapraszamy-3\/\" class=\"entry-featured-image-url\"><img loading=\"lazy\" decoding=\"async\" src=\"https:\/\/www.wielopolesolectwo.pl\/wp-content\/uploads\/2025\/12\/Plakat_kregle_2024.png\" width=\"400\" height=\"284\" alt=\"Wyjazd na kr\u0119gle. Zapraszamy!\" class=\"\" srcset=\"https:\/\/www.wielopolesolectwo.pl\/wp-content\/uploads\/2025\/12\/Plakat_kregle_2024.png 479w, https:\/\/www.wielopolesolectwo.pl\/wp-content\/uploads\/2025\/12\/Plakat_kregle_2024-400x284.png 480w\" sizes=\"(max-width:479px) 479px, 100vw\" \/><span data-icon=\"\ue050\" class=\"et_overlay et_pb_inline_icon\"><\/span><\/a><\/div><h5 class=\"entry-title\"><a href=\"https:\/\/www.wielopolesolectwo.pl\/index.php\/2024\/01\/29\/wyjazd-na-kregle-zapraszamy-3\/\">Wyjazd na kr\u0119gle. Zapraszamy!<\/a><\/h5><p class=\"post-meta\"><span class=\"published\">sty 29, 2024<\/span> | <span class=\"entry-categories\"><a href=\"https:\/\/www.wielopolesolectwo.pl\/index.php\/category\/aktualnosci\/\" rel=\"tag\">Aktualno\u015bci<\/a><\/span><\/p><div class=\"post-content\"><div class=\"post-content-inner\"><p>Informuj\u0119, \u017ce w dniu 12.02.2024 r. (poniedzia\u0142ek) nasze Stowarzyszenie dla dzieci organizuje wyjazd do kr\u0119gielni ATOM przy ul. Grodzkiej w Nowym S\u0105czu. Zbi\u00f3rka uczestnik\u00f3w wycieczki o godz. 13.00 ko\u0142o \u015bwietlicy wiejskiej w Wielopolu. Dojazd (i powr\u00f3t) do miejsca&#8230;<\/p>\n<\/div><\/div><\/article><article class=\"et_pb_post et_pb_post_id_506 clearfix et_pb_blog_item_0_17 post-506 post type-post status-publish format-standard has-post-thumbnail hentry category-aktualnosci\"><div class=\"et_pb_image_container\"><a href=\"https:\/\/www.wielopolesolectwo.pl\/index.php\/2023\/11\/26\/chocholow-na-sportowo-i-historycznie-relacja-z-wycieczki\/\" class=\"entry-featured-image-url\"><img loading=\"lazy\" decoding=\"async\" src=\"https:\/\/www.wielopolesolectwo.pl\/wp-content\/uploads\/2025\/12\/chocholow_2023_relacja.jpg\" width=\"400\" height=\"284\" alt=\"&#8222;Chocho\u0142\u00f3w \u2013 na sportowo i historycznie&#8221; &#8211; relacja z wycieczki\" class=\"\" srcset=\"https:\/\/www.wielopolesolectwo.pl\/wp-content\/uploads\/2025\/12\/chocholow_2023_relacja.jpg 479w, https:\/\/www.wielopolesolectwo.pl\/wp-content\/uploads\/2025\/12\/chocholow_2023_relacja-400x284.jpg 480w\" sizes=\"(max-width:479px) 479px, 100vw\" \/><span data-icon=\"\ue050\" class=\"et_overlay et_pb_inline_icon\"><\/span><\/a><\/div><h5 class=\"entry-title\"><a href=\"https:\/\/www.wielopolesolectwo.pl\/index.php\/2023\/11\/26\/chocholow-na-sportowo-i-historycznie-relacja-z-wycieczki\/\">&#8222;Chocho\u0142\u00f3w \u2013 na sportowo i historycznie&#8221; &#8211; relacja z wycieczki<\/a><\/h5><p class=\"post-meta\"><span class=\"published\">lis 26, 2023<\/span> | <span class=\"entry-categories\"><a href=\"https:\/\/www.wielopolesolectwo.pl\/index.php\/category\/aktualnosci\/\" rel=\"tag\">Aktualno\u015bci<\/a><\/span><\/p><div class=\"post-content\"><div class=\"post-content-inner\"><p>Stowarzyszenie Rozwoju So\u0142ectwa Wielopole w dniu 18.11.2022 r. w ramach zadania publicznego pn.: &#8222;Kultura, ochrona d\u00f3br kultury i zachowanie tradycji regionalnych poprzez: upowszechnianie wiedzy o dziejach i kulturze naszego regionu, &#8211; pn.: &#8222;Chocho\u0142\u00f3w \u2013 na sportowo i&#8230;<\/p>\n<\/div><\/div><\/article><article class=\"et_pb_post et_pb_post_id_503 clearfix et_pb_blog_item_0_18 post-503 post type-post status-publish format-standard has-post-thumbnail hentry category-aktualnosci\"><div class=\"et_pb_image_container\"><a href=\"https:\/\/www.wielopolesolectwo.pl\/index.php\/2023\/11\/08\/chocholow-na-sportowo-i-historycznie-zaproszenie-na-wycieczke\/\" class=\"entry-featured-image-url\"><img loading=\"lazy\" decoding=\"async\" src=\"https:\/\/www.wielopolesolectwo.pl\/wp-content\/uploads\/2025\/12\/chocholow_plakat_2023-scaled.jpg\" width=\"400\" height=\"284\" alt=\"&#8222;Chocho\u0142\u00f3w &#8211; na sportowo i historycznie&#8221; \u2013 zaproszenie na wycieczk\u0119\" class=\"\" srcset=\"https:\/\/www.wielopolesolectwo.pl\/wp-content\/uploads\/2025\/12\/chocholow_plakat_2023-scaled.jpg 479w, https:\/\/www.wielopolesolectwo.pl\/wp-content\/uploads\/2025\/12\/chocholow_plakat_2023-400x284.jpg 480w\" sizes=\"(max-width:479px) 479px, 100vw\" \/><span data-icon=\"\ue050\" class=\"et_overlay et_pb_inline_icon\"><\/span><\/a><\/div><h5 class=\"entry-title\"><a href=\"https:\/\/www.wielopolesolectwo.pl\/index.php\/2023\/11\/08\/chocholow-na-sportowo-i-historycznie-zaproszenie-na-wycieczke\/\">&#8222;Chocho\u0142\u00f3w &#8211; na sportowo i historycznie&#8221; \u2013 zaproszenie na wycieczk\u0119<\/a><\/h5><p class=\"post-meta\"><span class=\"published\">lis 8, 2023<\/span> | <span class=\"entry-categories\"><a href=\"https:\/\/www.wielopolesolectwo.pl\/index.php\/category\/aktualnosci\/\" rel=\"tag\">Aktualno\u015bci<\/a><\/span><\/p><div class=\"post-content\"><div class=\"post-content-inner\"><p>Z przyjemno\u015bci\u0105 informujemy wszystkich mieszka\u0144c\u00f3w gminy Che\u0142miec, \u017ce Stowarzyszenie Rozwoju So\u0142ectwa Wielopole w ramach zadania publicznego pn.: Kultura, ochrona d\u00f3br kultury i zachowanie tradycji regionalnych poprzez: upowszechnianie wiedzy o dziejach i kulturze&#8230;<\/p>\n<\/div><\/div><\/article><article class=\"et_pb_post et_pb_post_id_500 clearfix et_pb_blog_item_0_19 post-500 post type-post status-publish format-standard has-post-thumbnail hentry category-aktualnosci\"><div class=\"et_pb_image_container\"><a href=\"https:\/\/www.wielopolesolectwo.pl\/index.php\/2023\/09\/15\/tatrzanski-relaks-w-kapieli-zaproszenie-na-wycieczke\/\" class=\"entry-featured-image-url\"><img loading=\"lazy\" decoding=\"async\" src=\"https:\/\/www.wielopolesolectwo.pl\/wp-content\/uploads\/2025\/12\/termy_2023.png\" width=\"400\" height=\"284\" alt=\"&#8222;Tatrza\u0144ski relaks w k\u0105pieli&#8221; \u2013 zaproszenie na wycieczk\u0119\" class=\"\" srcset=\"https:\/\/www.wielopolesolectwo.pl\/wp-content\/uploads\/2025\/12\/termy_2023.png 479w, https:\/\/www.wielopolesolectwo.pl\/wp-content\/uploads\/2025\/12\/termy_2023-400x284.png 480w\" sizes=\"(max-width:479px) 479px, 100vw\" \/><span data-icon=\"\ue050\" class=\"et_overlay et_pb_inline_icon\"><\/span><\/a><\/div><h5 class=\"entry-title\"><a href=\"https:\/\/www.wielopolesolectwo.pl\/index.php\/2023\/09\/15\/tatrzanski-relaks-w-kapieli-zaproszenie-na-wycieczke\/\">&#8222;Tatrza\u0144ski relaks w k\u0105pieli&#8221; \u2013 zaproszenie na wycieczk\u0119<\/a><\/h5><p class=\"post-meta\"><span class=\"published\">wrz 15, 2023<\/span> | <span class=\"entry-categories\"><a href=\"https:\/\/www.wielopolesolectwo.pl\/index.php\/category\/aktualnosci\/\" rel=\"tag\">Aktualno\u015bci<\/a><\/span><\/p><div class=\"post-content\"><div class=\"post-content-inner\"><p>Ko\u0142o Gospody\u0144 Wiejskich Wielopole z przyjemno\u015bci\u0105 informuje wszystkich mieszka\u0144c\u00f3w Wielopola i gminy Che\u0142miec, \u017ce w ramach zadania publicznego pn.: Wspieranie dzia\u0142a\u0144 na rzecz os\u00f3b niepe\u0142nosprawnych oraz profilaktyki i promocji zdrowia poprzez wspieranie dzia\u0142a\u0144&#8230;<\/p>\n<\/div><\/div><\/article><article class=\"et_pb_post et_pb_post_id_497 clearfix et_pb_blog_item_0_20 post-497 post type-post status-publish format-standard has-post-thumbnail hentry category-aktualnosci\"><div class=\"et_pb_image_container\"><a href=\"https:\/\/www.wielopolesolectwo.pl\/index.php\/2023\/09\/11\/relacja-z-wycieczki-w-tatry-pn-tatrzanskimi-sladami-mieczyslawa-karlowicza\/\" class=\"entry-featured-image-url\"><img loading=\"lazy\" decoding=\"async\" src=\"https:\/\/www.wielopolesolectwo.pl\/wp-content\/uploads\/2025\/12\/murowaniec_2023.jpg\" width=\"400\" height=\"284\" alt=\"Relacja z wycieczki w Tatry pn.: &#8222;Tatrza\u0144skimi \u015bladami Mieczys\u0142awa Kar\u0142owicza&#8221;\" class=\"\" srcset=\"https:\/\/www.wielopolesolectwo.pl\/wp-content\/uploads\/2025\/12\/murowaniec_2023.jpg 479w, https:\/\/www.wielopolesolectwo.pl\/wp-content\/uploads\/2025\/12\/murowaniec_2023-400x284.jpg 480w\" sizes=\"(max-width:479px) 479px, 100vw\" \/><span data-icon=\"\ue050\" class=\"et_overlay et_pb_inline_icon\"><\/span><\/a><\/div><h5 class=\"entry-title\"><a href=\"https:\/\/www.wielopolesolectwo.pl\/index.php\/2023\/09\/11\/relacja-z-wycieczki-w-tatry-pn-tatrzanskimi-sladami-mieczyslawa-karlowicza\/\">Relacja z wycieczki w Tatry pn.: &#8222;Tatrza\u0144skimi \u015bladami Mieczys\u0142awa Kar\u0142owicza&#8221;<\/a><\/h5><p class=\"post-meta\"><span class=\"published\">wrz 11, 2023<\/span> | <span class=\"entry-categories\"><a href=\"https:\/\/www.wielopolesolectwo.pl\/index.php\/category\/aktualnosci\/\" rel=\"tag\">Aktualno\u015bci<\/a><\/span><\/p><div class=\"post-content\"><div class=\"post-content-inner\"><p>W dniu 09.09.2021. Stowarzyszenie Rozwoju So\u0142ectwa Wielopole w ramach zadania publicznego dofinansowanego przez Gmin\u0119 Che\u0142miec pn.: &#8222;Wspieranie dzia\u0142a\u0144 na rzecz os\u00f3b niepe\u0142nosprawnych oraz profilaktyki i promocji zdrowia poprzez wspieranie dzia\u0142a\u0144 promuj\u0105cych zdrowy&#8230;<\/p>\n<\/div><\/div><\/article><article class=\"et_pb_post et_pb_post_id_490 clearfix et_pb_blog_item_0_21 post-490 post type-post status-publish format-standard has-post-thumbnail hentry category-aktualnosci\"><div class=\"et_pb_image_container\"><a href=\"https:\/\/www.wielopolesolectwo.pl\/index.php\/2023\/08\/23\/tatrzanskimi-sladami-mieczyslawa-karlowicza-zaproszenie-na-wycieczke\/\" class=\"entry-featured-image-url\"><img loading=\"lazy\" decoding=\"async\" src=\"https:\/\/www.wielopolesolectwo.pl\/wp-content\/uploads\/2025\/12\/tatry_wycieczka.png\" width=\"400\" height=\"284\" alt=\"Tatrza\u0144skimi \u015bladami Mieczys\u0142awa Kar\u0142owicza \u2013 zaproszenie na wycieczk\u0119\" class=\"\" srcset=\"https:\/\/www.wielopolesolectwo.pl\/wp-content\/uploads\/2025\/12\/tatry_wycieczka.png 479w, https:\/\/www.wielopolesolectwo.pl\/wp-content\/uploads\/2025\/12\/tatry_wycieczka-400x284.png 480w\" sizes=\"(max-width:479px) 479px, 100vw\" \/><span data-icon=\"\ue050\" class=\"et_overlay et_pb_inline_icon\"><\/span><\/a><\/div><h5 class=\"entry-title\"><a href=\"https:\/\/www.wielopolesolectwo.pl\/index.php\/2023\/08\/23\/tatrzanskimi-sladami-mieczyslawa-karlowicza-zaproszenie-na-wycieczke\/\">Tatrza\u0144skimi \u015bladami Mieczys\u0142awa Kar\u0142owicza \u2013 zaproszenie na wycieczk\u0119<\/a><\/h5><p class=\"post-meta\"><span class=\"published\">sie 23, 2023<\/span> | <span class=\"entry-categories\"><a href=\"https:\/\/www.wielopolesolectwo.pl\/index.php\/category\/aktualnosci\/\" rel=\"tag\">Aktualno\u015bci<\/a><\/span><\/p><div class=\"post-content\"><div class=\"post-content-inner\"><p>Z przyjemno\u015bci\u0105 informujemy wszystkich mieszka\u0144c\u00f3w gminy Che\u0142miec, \u017ce Stowarzyszenie Rozwoju So\u0142ectwa Wielopole w ramach zadania publicznego pn.: Wspieranie dzia\u0142a\u0144 na rzecz os\u00f3b niepe\u0142nosprawnych oraz profilaktyki i promocji zdrowia poprzez wspieranie dzia\u0142a\u0144&#8230;<\/p>\n<\/div><\/div><\/article><article class=\"et_pb_post et_pb_post_id_487 clearfix et_pb_blog_item_0_22 post-487 post type-post status-publish format-standard has-post-thumbnail hentry category-aktualnosci\"><div class=\"et_pb_image_container\"><a href=\"https:\/\/www.wielopolesolectwo.pl\/index.php\/2023\/05\/20\/3-dniowa-wycieczka-do-warszawy\/\" class=\"entry-featured-image-url\"><img loading=\"lazy\" decoding=\"async\" src=\"https:\/\/www.wielopolesolectwo.pl\/wp-content\/uploads\/2025\/12\/plakat_warszawa.jpg\" width=\"400\" height=\"284\" alt=\"3-dniowa wycieczka do Warszawy!\" class=\"\" srcset=\"https:\/\/www.wielopolesolectwo.pl\/wp-content\/uploads\/2025\/12\/plakat_warszawa.jpg 479w, https:\/\/www.wielopolesolectwo.pl\/wp-content\/uploads\/2025\/12\/plakat_warszawa-400x284.jpg 480w\" sizes=\"(max-width:479px) 479px, 100vw\" \/><span data-icon=\"\ue050\" class=\"et_overlay et_pb_inline_icon\"><\/span><\/a><\/div><h5 class=\"entry-title\"><a href=\"https:\/\/www.wielopolesolectwo.pl\/index.php\/2023\/05\/20\/3-dniowa-wycieczka-do-warszawy\/\">3-dniowa wycieczka do Warszawy!<\/a><\/h5><p class=\"post-meta\"><span class=\"published\">maj 20, 2023<\/span> | <span class=\"entry-categories\"><a href=\"https:\/\/www.wielopolesolectwo.pl\/index.php\/category\/aktualnosci\/\" rel=\"tag\">Aktualno\u015bci<\/a><\/span><\/p><div class=\"post-content\"><div class=\"post-content-inner\"><p>Szanowni Pa\u0144stwo! Ko\u0142o Gospody\u0144 Wiejskich Wielopole i Stowarzyszenie Rozwoju So\u0142ectwa Wielopole dla mieszka\u0144c\u00f3w gminy Che\u0142miec organizuj\u0105 3-dniow\u0105 wycieczk\u0119 do Warszawy (w terminie 4-6 sierpnia 2023). Program wycieczki przedstawia si\u0119 nast\u0119puj\u0105co: Dzie\u0144 I 5.00. -&#8230;<\/p>\n<\/div><\/div><\/article><article class=\"et_pb_post et_pb_post_id_435 clearfix et_pb_blog_item_0_23 post-435 post type-post status-publish format-standard has-post-thumbnail hentry category-aktualnosci\"><div class=\"et_pb_image_container\"><a href=\"https:\/\/www.wielopolesolectwo.pl\/index.php\/2023\/04\/18\/zaproszenie-na-walne-zgromadzenie-stowarzyszenia-5\/\" class=\"entry-featured-image-url\"><img loading=\"lazy\" decoding=\"async\" src=\"https:\/\/www.wielopolesolectwo.pl\/wp-content\/uploads\/2025\/12\/banner.gif\" width=\"400\" height=\"284\" alt=\"Zaproszenie na Walne Zgromadzenie Stowarzyszenia\" class=\"\" srcset=\"https:\/\/www.wielopolesolectwo.pl\/wp-content\/uploads\/2025\/12\/banner.gif 479w, https:\/\/www.wielopolesolectwo.pl\/wp-content\/uploads\/2025\/12\/banner-400x284.gif 480w\" sizes=\"(max-width:479px) 479px, 100vw\" \/><span data-icon=\"\ue050\" class=\"et_overlay et_pb_inline_icon\"><\/span><\/a><\/div><h5 class=\"entry-title\"><a href=\"https:\/\/www.wielopolesolectwo.pl\/index.php\/2023\/04\/18\/zaproszenie-na-walne-zgromadzenie-stowarzyszenia-5\/\">Zaproszenie na Walne Zgromadzenie Stowarzyszenia<\/a><\/h5><p class=\"post-meta\"><span class=\"published\">kwi 18, 2023<\/span> | <span class=\"entry-categories\"><a href=\"https:\/\/www.wielopolesolectwo.pl\/index.php\/category\/aktualnosci\/\" rel=\"tag\">Aktualno\u015bci<\/a><\/span><\/p><div class=\"post-content\"><div class=\"post-content-inner\"><p>Zgodnie z par. 31 Statutu Stowarzyszenia Rozwoju So\u0142ectwa Wielopole, Zarz\u0105d Stowarzyszenia zwo\u0142uje w dniu 28.04.2023 r. (pi\u0105tek) Walne Zgromadzenie Cz\u0142onk\u00f3w Stowarzyszenia. Posiedzenie odb\u0119dzie si\u0119 w \u015awietlicy wiejskiej o godz. 17.30. Porz\u0105dek obrad do pobrania tutaj&#8230;.<\/p>\n<\/div><\/div><\/article><article class=\"et_pb_post et_pb_post_id_432 clearfix et_pb_blog_item_0_24 post-432 post type-post status-publish format-standard has-post-thumbnail hentry category-aktualnosci\"><div class=\"et_pb_image_container\"><a href=\"https:\/\/www.wielopolesolectwo.pl\/index.php\/2023\/02\/01\/wyjazd-na-lasershot-zapraszamy\/\" class=\"entry-featured-image-url\"><img loading=\"lazy\" decoding=\"async\" src=\"https:\/\/www.wielopolesolectwo.pl\/wp-content\/uploads\/2025\/12\/lasertag_2023.png\" width=\"400\" height=\"284\" alt=\"Wyjazd na Lasershot. Zapraszamy!\" class=\"\" srcset=\"https:\/\/www.wielopolesolectwo.pl\/wp-content\/uploads\/2025\/12\/lasertag_2023.png 479w, https:\/\/www.wielopolesolectwo.pl\/wp-content\/uploads\/2025\/12\/lasertag_2023-400x284.png 480w\" sizes=\"(max-width:479px) 479px, 100vw\" \/><span data-icon=\"\ue050\" class=\"et_overlay et_pb_inline_icon\"><\/span><\/a><\/div><h5 class=\"entry-title\"><a href=\"https:\/\/www.wielopolesolectwo.pl\/index.php\/2023\/02\/01\/wyjazd-na-lasershot-zapraszamy\/\">Wyjazd na Lasershot. Zapraszamy!<\/a><\/h5><p class=\"post-meta\"><span class=\"published\">lut 1, 2023<\/span> | <span class=\"entry-categories\"><a href=\"https:\/\/www.wielopolesolectwo.pl\/index.php\/category\/aktualnosci\/\" rel=\"tag\">Aktualno\u015bci<\/a><\/span><\/p><div class=\"post-content\"><div class=\"post-content-inner\"><p>Ju\u017c 9 lutego 2023r. Stowarzyszenie Rozwoju So\u0142ectwa Wielopole dla m\u0142odzie\u017cy szkolnej od lat 9 organizuje wyjazd na LASERSHOT w Nowym S\u0105czu. Wyje\u017cd\u017camy o godzinie 13.00 autobusem sprzed \u015bwietlicy w Wielopolu. Planowany powr\u00f3t oko\u0142o godziny 15.30. W przerwie zabawy&#8230;<\/p>\n<\/div><\/div><\/article><article class=\"et_pb_post et_pb_post_id_429 clearfix et_pb_blog_item_0_25 post-429 post type-post status-publish format-standard has-post-thumbnail hentry category-aktualnosci\"><div class=\"et_pb_image_container\"><a href=\"https:\/\/www.wielopolesolectwo.pl\/index.php\/2023\/02\/01\/ferie-z-kreglami-4\/\" class=\"entry-featured-image-url\"><img loading=\"lazy\" decoding=\"async\" src=\"https:\/\/www.wielopolesolectwo.pl\/wp-content\/uploads\/2025\/12\/kregle_2023_min.jpg\" width=\"400\" height=\"284\" alt=\"Ferie z kr\u0119glami!\" class=\"\" srcset=\"https:\/\/www.wielopolesolectwo.pl\/wp-content\/uploads\/2025\/12\/kregle_2023_min.jpg 479w, https:\/\/www.wielopolesolectwo.pl\/wp-content\/uploads\/2025\/12\/kregle_2023_min-400x284.jpg 480w\" sizes=\"(max-width:479px) 479px, 100vw\" \/><span data-icon=\"\ue050\" class=\"et_overlay et_pb_inline_icon\"><\/span><\/a><\/div><h5 class=\"entry-title\"><a href=\"https:\/\/www.wielopolesolectwo.pl\/index.php\/2023\/02\/01\/ferie-z-kreglami-4\/\">Ferie z kr\u0119glami!<\/a><\/h5><p class=\"post-meta\"><span class=\"published\">lut 1, 2023<\/span> | <span class=\"entry-categories\"><a href=\"https:\/\/www.wielopolesolectwo.pl\/index.php\/category\/aktualnosci\/\" rel=\"tag\">Aktualno\u015bci<\/a><\/span><\/p><div class=\"post-content\"><div class=\"post-content-inner\"><p>30 stycznia 2023 r. nasze Stowarzyszenie dla wszystkich ch\u0119tnych, m\u0142odzie\u017cy tej starszej i tej mniejszej, zafundowa\u0142o wyjazd do kr\u0119gielni. Zainteresowanie zabaw\u0105 jak zwykle by\u0142o du\u017ce &#8211; uczestniczy\u0142o w niej 18 os\u00f3b. Organizatorem spotkania byli Panie Beata Turska i&#8230;<\/p>\n<\/div><\/div><\/article><article class=\"et_pb_post et_pb_post_id_426 clearfix et_pb_blog_item_0_26 post-426 post type-post status-publish format-standard has-post-thumbnail hentry category-aktualnosci\"><div class=\"et_pb_image_container\"><a href=\"https:\/\/www.wielopolesolectwo.pl\/index.php\/2023\/01\/19\/wyjazd-na-kregle-zapraszamy\/\" class=\"entry-featured-image-url\"><img loading=\"lazy\" decoding=\"async\" src=\"https:\/\/www.wielopolesolectwo.pl\/wp-content\/uploads\/2025\/12\/Plakat_kregle_2023.png\" width=\"400\" height=\"284\" alt=\"Wyjazd na kr\u0119gle. Zapraszamy!\" class=\"\" srcset=\"https:\/\/www.wielopolesolectwo.pl\/wp-content\/uploads\/2025\/12\/Plakat_kregle_2023.png 479w, https:\/\/www.wielopolesolectwo.pl\/wp-content\/uploads\/2025\/12\/Plakat_kregle_2023-400x284.png 480w\" sizes=\"(max-width:479px) 479px, 100vw\" \/><span data-icon=\"\ue050\" class=\"et_overlay et_pb_inline_icon\"><\/span><\/a><\/div><h5 class=\"entry-title\"><a href=\"https:\/\/www.wielopolesolectwo.pl\/index.php\/2023\/01\/19\/wyjazd-na-kregle-zapraszamy\/\">Wyjazd na kr\u0119gle. Zapraszamy!<\/a><\/h5><p class=\"post-meta\"><span class=\"published\">sty 19, 2023<\/span> | <span class=\"entry-categories\"><a href=\"https:\/\/www.wielopolesolectwo.pl\/index.php\/category\/aktualnosci\/\" rel=\"tag\">Aktualno\u015bci<\/a><\/span><\/p><div class=\"post-content\"><div class=\"post-content-inner\"><p>Informuj\u0119, \u017ce w dniu 30.01.2023 r. (poniedzia\u0142ek) nasze Stowarzyszenie dla dzieci organizuje wyjazd do kr\u0119gielni ATOM przy ul. Grodzkiej w Nowym S\u0105czu. Wyjazd uczestnik\u00f3w w dniu 30.01.2023 r. Zbi\u00f3rka uczestnik\u00f3w wycieczki o godz. 13.30 ko\u0142o \u015bwietlicy w Wielopolu&#8230;.<\/p>\n<\/div><\/div><\/article><article class=\"et_pb_post et_pb_post_id_423 clearfix et_pb_blog_item_0_27 post-423 post type-post status-publish format-standard has-post-thumbnail hentry category-aktualnosci\"><div class=\"et_pb_image_container\"><a href=\"https:\/\/www.wielopolesolectwo.pl\/index.php\/2023\/01\/10\/klub-seniora-zaprasza-na-spotaknie-poswiecone-strojom-naszego-regionu\/\" class=\"entry-featured-image-url\"><img loading=\"lazy\" decoding=\"async\" src=\"https:\/\/www.wielopolesolectwo.pl\/wp-content\/uploads\/2025\/12\/plakat_stroje.png\" width=\"400\" height=\"284\" alt=\"Klub Seniora zaprasza na spotkanie po\u015bwi\u0119cone strojom naszego regionu\" class=\"\" srcset=\"https:\/\/www.wielopolesolectwo.pl\/wp-content\/uploads\/2025\/12\/plakat_stroje.png 479w, https:\/\/www.wielopolesolectwo.pl\/wp-content\/uploads\/2025\/12\/plakat_stroje-400x284.png 480w\" sizes=\"(max-width:479px) 479px, 100vw\" \/><span data-icon=\"\ue050\" class=\"et_overlay et_pb_inline_icon\"><\/span><\/a><\/div><h5 class=\"entry-title\"><a href=\"https:\/\/www.wielopolesolectwo.pl\/index.php\/2023\/01\/10\/klub-seniora-zaprasza-na-spotaknie-poswiecone-strojom-naszego-regionu\/\">Klub Seniora zaprasza na spotkanie po\u015bwi\u0119cone strojom naszego regionu<\/a><\/h5><p class=\"post-meta\"><span class=\"published\">sty 10, 2023<\/span> | <span class=\"entry-categories\"><a href=\"https:\/\/www.wielopolesolectwo.pl\/index.php\/category\/aktualnosci\/\" rel=\"tag\">Aktualno\u015bci<\/a><\/span><\/p><div class=\"post-content\"><div class=\"post-content-inner\"><p>Klub Seniora serdecznie zaprasza na spotkanie, kt\u00f3rego tematyka zwi\u0105zana b\u0119dzie z od\u015bwi\u0119tnymi strojami ludowymi regionu. Tematyka zaplanowanych spotka\u0144 oscylowa\u0107 b\u0119dzie wok\u00f3\u0142 zagadnie\u0144 stroju w tradycji.<\/p>\n<\/div><\/div><\/article><article class=\"et_pb_post et_pb_post_id_420 clearfix et_pb_blog_item_0_28 post-420 post type-post status-publish format-standard has-post-thumbnail hentry category-aktualnosci\"><div class=\"et_pb_image_container\"><a href=\"https:\/\/www.wielopolesolectwo.pl\/index.php\/2022\/10\/19\/chocholow-na-sportowo-i-historycznie\/\" class=\"entry-featured-image-url\"><img loading=\"lazy\" decoding=\"async\" src=\"https:\/\/www.wielopolesolectwo.pl\/wp-content\/uploads\/2025\/12\/chocholow_min.jpg\" width=\"392\" height=\"284\" alt=\"&#8222;Chocho\u0142\u00f3w na sportowo i historycznie&#8221;\" class=\"\" srcset=\"https:\/\/www.wielopolesolectwo.pl\/wp-content\/uploads\/2025\/12\/chocholow_min.jpg 479w, https:\/\/www.wielopolesolectwo.pl\/wp-content\/uploads\/2025\/12\/chocholow_min-392x284.jpg 480w\" sizes=\"(max-width:479px) 479px, 100vw\" \/><span data-icon=\"\ue050\" class=\"et_overlay et_pb_inline_icon\"><\/span><\/a><\/div><h5 class=\"entry-title\"><a href=\"https:\/\/www.wielopolesolectwo.pl\/index.php\/2022\/10\/19\/chocholow-na-sportowo-i-historycznie\/\">&#8222;Chocho\u0142\u00f3w na sportowo i historycznie&#8221;<\/a><\/h5><p class=\"post-meta\"><span class=\"published\">pa\u017a 19, 2022<\/span> | <span class=\"entry-categories\"><a href=\"https:\/\/www.wielopolesolectwo.pl\/index.php\/category\/aktualnosci\/\" rel=\"tag\">Aktualno\u015bci<\/a><\/span><\/p><div class=\"post-content\"><div class=\"post-content-inner\"><p>Mieszka\u0144cy Gminy Che\u0142miec, dzi\u0119ki &#8222;spo\u0142ecznikom&#8221; z Wielopola skupionym przy Kole Gospody\u0144 Wiejskich Wielopole byli na Podhalu w Chocho\u0142owie i tam \u2026 znowu wy\u015bmienicie si\u0119 bawili. Wypad ten, zrealizowany by\u0142 (i &#8222;delikatnie&#8221; wsp\u00f3\u0142finansowany) w ramach zadania publicznego&#8230;<\/p>\n<\/div><\/div><\/article><article class=\"et_pb_post et_pb_post_id_417 clearfix et_pb_blog_item_0_29 post-417 post type-post status-publish format-standard has-post-thumbnail hentry category-aktualnosci\"><div class=\"et_pb_image_container\"><a href=\"https:\/\/www.wielopolesolectwo.pl\/index.php\/2022\/10\/02\/autokarowa-wycieczka-chocholow-na-sportowo-i-historycznie\/\" class=\"entry-featured-image-url\"><img loading=\"lazy\" decoding=\"async\" src=\"https:\/\/www.wielopolesolectwo.pl\/wp-content\/uploads\/2025\/12\/chocholow_plakat.jpg\" width=\"400\" height=\"284\" alt=\"Autokarowa wycieczka &#8222;Chocho\u0142\u00f3w na sportowo i historycznie&#8221;\" class=\"\" srcset=\"https:\/\/www.wielopolesolectwo.pl\/wp-content\/uploads\/2025\/12\/chocholow_plakat.jpg 479w, https:\/\/www.wielopolesolectwo.pl\/wp-content\/uploads\/2025\/12\/chocholow_plakat-400x284.jpg 480w\" sizes=\"(max-width:479px) 479px, 100vw\" \/><span data-icon=\"\ue050\" class=\"et_overlay et_pb_inline_icon\"><\/span><\/a><\/div><h5 class=\"entry-title\"><a href=\"https:\/\/www.wielopolesolectwo.pl\/index.php\/2022\/10\/02\/autokarowa-wycieczka-chocholow-na-sportowo-i-historycznie\/\">Autokarowa wycieczka &#8222;Chocho\u0142\u00f3w na sportowo i historycznie&#8221;<\/a><\/h5><p class=\"post-meta\"><span class=\"published\">pa\u017a 2, 2022<\/span> | <span class=\"entry-categories\"><a href=\"https:\/\/www.wielopolesolectwo.pl\/index.php\/category\/aktualnosci\/\" rel=\"tag\">Aktualno\u015bci<\/a><\/span><\/p><div class=\"post-content\"><div class=\"post-content-inner\"><p>Zapraszamy na krajoznawcz\u0105 wycieczk\u0119 &#8222;Chocho\u0142\u00f3w na sportowo i historycznie&#8221; w dniu 15 pa\u017adziernika 2022 r. na trasie Wielopole &#8211; Chocho\u0142\u00f3w &#8211; Wielopole wybrane elementy historii Podhala z integracj\u0105 mi\u0119dzypokoleniow\u0105 z zabaw\u0105 relaksacyjn\u0105 na obiekcie Chocho\u0142owskich&#8230;<\/p>\n<\/div><\/div><\/article><article class=\"et_pb_post et_pb_post_id_414 clearfix et_pb_blog_item_0_30 post-414 post type-post status-publish format-standard has-post-thumbnail hentry category-aktualnosci\"><div class=\"et_pb_image_container\"><a href=\"https:\/\/www.wielopolesolectwo.pl\/index.php\/2022\/09\/29\/odszedl-jan-krolikowski\/\" class=\"entry-featured-image-url\"><img loading=\"lazy\" decoding=\"async\" src=\"https:\/\/www.wielopolesolectwo.pl\/wp-content\/uploads\/2025\/12\/Pan_Janusz-scaled-e1765017190995.jpg\" width=\"400\" height=\"284\" alt=\"Odszed\u0142 Jan Kr\u00f3likowski\" class=\"\" srcset=\"https:\/\/www.wielopolesolectwo.pl\/wp-content\/uploads\/2025\/12\/Pan_Janusz-scaled-e1765017190995.jpg 479w, https:\/\/www.wielopolesolectwo.pl\/wp-content\/uploads\/2025\/12\/Pan_Janusz-scaled-e1765017190995-400x284.jpg 480w\" sizes=\"(max-width:479px) 479px, 100vw\" \/><span data-icon=\"\ue050\" class=\"et_overlay et_pb_inline_icon\"><\/span><\/a><\/div><h5 class=\"entry-title\"><a href=\"https:\/\/www.wielopolesolectwo.pl\/index.php\/2022\/09\/29\/odszedl-jan-krolikowski\/\">Odszed\u0142 Jan Kr\u00f3likowski<\/a><\/h5><p class=\"post-meta\"><span class=\"published\">wrz 29, 2022<\/span> | <span class=\"entry-categories\"><a href=\"https:\/\/www.wielopolesolectwo.pl\/index.php\/category\/aktualnosci\/\" rel=\"tag\">Aktualno\u015bci<\/a><\/span><\/p><div class=\"post-content\"><div class=\"post-content-inner\"><p>W dniu 27 wrze\u015bnia Jan Kr\u00f3likowski w wieku 77 lat odszed\u0142 na zawsze z naszej wsp\u00f3lnoty, co nape\u0142ni\u0142o wielkim smutkiem wszystkich, kt\u00f3rym dane by\u0142o go pozna\u0107. Urodzi\u0142 si\u0119 we wsi Bugaj u st\u00f3p klasztoru w Kalwarii Zebrzydowskiej i przez ca\u0142e \u017cycie pielgrzymowa\u0142 do tego&#8230;<\/p>\n<\/div><\/div><\/article><article class=\"et_pb_post et_pb_post_id_411 clearfix et_pb_blog_item_0_31 post-411 post type-post status-publish format-standard has-post-thumbnail hentry category-aktualnosci\"><div class=\"et_pb_image_container\"><a href=\"https:\/\/www.wielopolesolectwo.pl\/index.php\/2022\/09\/14\/ziemia-swietokrzyska-historia-religia-geologia-relacja-z-wycieczki\/\" class=\"entry-featured-image-url\"><img loading=\"lazy\" decoding=\"async\" src=\"https:\/\/www.wielopolesolectwo.pl\/wp-content\/uploads\/2025\/12\/swietokrzyskie-wycieczka.jpg\" width=\"400\" height=\"284\" alt=\"Ziemia \u015bwi\u0119tokrzyska \u2013 historia, religia, geologia &#8211; relacja z wycieczki\" class=\"\" srcset=\"https:\/\/www.wielopolesolectwo.pl\/wp-content\/uploads\/2025\/12\/swietokrzyskie-wycieczka.jpg 479w, https:\/\/www.wielopolesolectwo.pl\/wp-content\/uploads\/2025\/12\/swietokrzyskie-wycieczka-400x284.jpg 480w\" sizes=\"(max-width:479px) 479px, 100vw\" \/><span data-icon=\"\ue050\" class=\"et_overlay et_pb_inline_icon\"><\/span><\/a><\/div><h5 class=\"entry-title\"><a href=\"https:\/\/www.wielopolesolectwo.pl\/index.php\/2022\/09\/14\/ziemia-swietokrzyska-historia-religia-geologia-relacja-z-wycieczki\/\">Ziemia \u015bwi\u0119tokrzyska \u2013 historia, religia, geologia &#8211; relacja z wycieczki<\/a><\/h5><p class=\"post-meta\"><span class=\"published\">wrz 14, 2022<\/span> | <span class=\"entry-categories\"><a href=\"https:\/\/www.wielopolesolectwo.pl\/index.php\/category\/aktualnosci\/\" rel=\"tag\">Aktualno\u015bci<\/a><\/span><\/p><div class=\"post-content\"><div class=\"post-content-inner\"><p>Stowarzyszenie Rozwoju So\u0142ectwa Wielopole w dniach 10 -11.09.2022 r. w ramach zadania publicznego wspieranego przez Gmin\u0119 Che\u0142miec: &#8222;Kultura, ochrona d\u00f3br kultury i zachowanie tradycji regionalnych poprzez: upami\u0119tnianie miejsc pami\u0119ci narodowej oraz piel\u0119gnowanie&#8230;<\/p>\n<\/div><\/div><\/article><article class=\"et_pb_post et_pb_post_id_408 clearfix et_pb_blog_item_0_32 post-408 post type-post status-publish format-standard has-post-thumbnail hentry category-aktualnosci\"><div class=\"et_pb_image_container\"><a href=\"https:\/\/www.wielopolesolectwo.pl\/index.php\/2022\/08\/31\/ziemia-swietokrzyska-historia-religia-geologia-zaproszenie-na-wycieczke\/\" class=\"entry-featured-image-url\"><img loading=\"lazy\" decoding=\"async\" src=\"https:\/\/www.wielopolesolectwo.pl\/wp-content\/uploads\/2025\/12\/swietokrzyskie.jpg\" width=\"400\" height=\"284\" alt=\"Ziemia \u015bwi\u0119tokrzyska \u2013 historia, religia, geologia &#8211; zaproszenie na wycieczk\u0119\" class=\"\" srcset=\"https:\/\/www.wielopolesolectwo.pl\/wp-content\/uploads\/2025\/12\/swietokrzyskie.jpg 479w, https:\/\/www.wielopolesolectwo.pl\/wp-content\/uploads\/2025\/12\/swietokrzyskie-400x284.jpg 480w\" sizes=\"(max-width:479px) 479px, 100vw\" \/><span data-icon=\"\ue050\" class=\"et_overlay et_pb_inline_icon\"><\/span><\/a><\/div><h5 class=\"entry-title\"><a href=\"https:\/\/www.wielopolesolectwo.pl\/index.php\/2022\/08\/31\/ziemia-swietokrzyska-historia-religia-geologia-zaproszenie-na-wycieczke\/\">Ziemia \u015bwi\u0119tokrzyska \u2013 historia, religia, geologia &#8211; zaproszenie na wycieczk\u0119<\/a><\/h5><p class=\"post-meta\"><span class=\"published\">sie 31, 2022<\/span> | <span class=\"entry-categories\"><a href=\"https:\/\/www.wielopolesolectwo.pl\/index.php\/category\/aktualnosci\/\" rel=\"tag\">Aktualno\u015bci<\/a><\/span><\/p><div class=\"post-content\"><div class=\"post-content-inner\"><p>Z przyjemno\u015bci\u0105 informujemy wszystkich mieszka\u0144c\u00f3w gminy Che\u0142miec, \u017ce nasze Stowarzyszenie w ramach zadania publicznego wspieranego przez Gmin\u0119 Che\u0142miec: &#8222;Kultura, ochrona d\u00f3br kultury i zachowanie tradycji regionalnych poprzez: upami\u0119tnianie miejsc pami\u0119ci narodowej&#8230;<\/p>\n<\/div><\/div><\/article><article class=\"et_pb_post et_pb_post_id_405 clearfix et_pb_blog_item_0_33 post-405 post type-post status-publish format-standard has-post-thumbnail hentry category-aktualnosci\"><div class=\"et_pb_image_container\"><a href=\"https:\/\/www.wielopolesolectwo.pl\/index.php\/2022\/08\/12\/integracyjny-festyn-wielopolan-w-wielopolu\/\" class=\"entry-featured-image-url\"><img loading=\"lazy\" decoding=\"async\" src=\"https:\/\/www.wielopolesolectwo.pl\/wp-content\/uploads\/2025\/12\/festyn-wielopolan.jpg\" width=\"400\" height=\"284\" alt=\"&#8222;Integracyjny Festyn Wielopolan&#8221; w Wielopolu\" class=\"\" srcset=\"https:\/\/www.wielopolesolectwo.pl\/wp-content\/uploads\/2025\/12\/festyn-wielopolan.jpg 479w, https:\/\/www.wielopolesolectwo.pl\/wp-content\/uploads\/2025\/12\/festyn-wielopolan-400x284.jpg 480w\" sizes=\"(max-width:479px) 479px, 100vw\" \/><span data-icon=\"\ue050\" class=\"et_overlay et_pb_inline_icon\"><\/span><\/a><\/div><h5 class=\"entry-title\"><a href=\"https:\/\/www.wielopolesolectwo.pl\/index.php\/2022\/08\/12\/integracyjny-festyn-wielopolan-w-wielopolu\/\">&#8222;Integracyjny Festyn Wielopolan&#8221; w Wielopolu<\/a><\/h5><p class=\"post-meta\"><span class=\"published\">sie 12, 2022<\/span> | <span class=\"entry-categories\"><a href=\"https:\/\/www.wielopolesolectwo.pl\/index.php\/category\/aktualnosci\/\" rel=\"tag\">Aktualno\u015bci<\/a><\/span><\/p><div class=\"post-content\"><div class=\"post-content-inner\"><p>W sobotnie popo\u0142udnie i wiecz\u00f3r w Wielopolu w dniu 06.08.2022 r. odby\u0142 si\u0119 &#8222;Integracyjny Festyn Wielopolan&#8221;, zorganizowany przez so\u0142tysa wsi Gra\u017cyn\u0119 Teres\u0119 Borkowsk\u0105, Rad\u0119 So\u0142eck\u0105, Ko\u0142o Gospody\u0144 Wiejskich Wielopole w Wielopolu oraz Prezesa Stowarzyszenia Rozwoju Wsi&#8230;<\/p>\n<\/div><\/div><\/article><article class=\"et_pb_post et_pb_post_id_402 clearfix et_pb_blog_item_0_34 post-402 post type-post status-publish format-standard has-post-thumbnail hentry category-aktualnosci\"><div class=\"et_pb_image_container\"><a href=\"https:\/\/www.wielopolesolectwo.pl\/index.php\/2022\/07\/31\/zaproszenie-2\/\" class=\"entry-featured-image-url\"><img loading=\"lazy\" decoding=\"async\" src=\"https:\/\/www.wielopolesolectwo.pl\/wp-content\/uploads\/2025\/12\/festyn_2022_plakat.jpg\" width=\"400\" height=\"284\" alt=\"Festyn 2022\" class=\"\" srcset=\"https:\/\/www.wielopolesolectwo.pl\/wp-content\/uploads\/2025\/12\/festyn_2022_plakat.jpg 479w, https:\/\/www.wielopolesolectwo.pl\/wp-content\/uploads\/2025\/12\/festyn_2022_plakat-400x284.jpg 480w\" sizes=\"(max-width:479px) 479px, 100vw\" \/><span data-icon=\"\ue050\" class=\"et_overlay et_pb_inline_icon\"><\/span><\/a><\/div><h5 class=\"entry-title\"><a href=\"https:\/\/www.wielopolesolectwo.pl\/index.php\/2022\/07\/31\/zaproszenie-2\/\">Festyn 2022<\/a><\/h5><p class=\"post-meta\"><span class=\"published\">lip 31, 2022<\/span> | <span class=\"entry-categories\"><a href=\"https:\/\/www.wielopolesolectwo.pl\/index.php\/category\/aktualnosci\/\" rel=\"tag\">Aktualno\u015bci<\/a><\/span><\/p><div class=\"post-content\"><div class=\"post-content-inner\"><p>Zaproszenie! So\u0142tys, Rada So\u0142ecka, Ko\u0142o Gospody\u0144 Wiejskich oraz Stowarzyszenie Rozwoju So\u0142ectwa zapraszaj\u0105 na FESTYN WIEJSKI. Start 06.08.2022 r. o godz. 17-tej w Wielopolu. Szczeg\u00f3\u0142y na plakacie. \u017byczymy dobrej zabawy i mile sp\u0119dzonego czasu. Serdecznie zapraszamy na&#8230;<\/p>\n<\/div><\/div><\/article><article class=\"et_pb_post et_pb_post_id_397 clearfix et_pb_blog_item_0_35 post-397 post type-post status-publish format-standard has-post-thumbnail hentry category-aktualnosci\"><div class=\"et_pb_image_container\"><a href=\"https:\/\/www.wielopolesolectwo.pl\/index.php\/2022\/07\/25\/odszedl-zygmunt-lewczuk\/\" class=\"entry-featured-image-url\"><img loading=\"lazy\" decoding=\"async\" src=\"https:\/\/www.wielopolesolectwo.pl\/wp-content\/uploads\/2025\/12\/Zygmunt_Lewczuk.jpg\" width=\"400\" height=\"284\" alt=\"Odszed\u0142 Zygmunt Lewczuk\" class=\"\" srcset=\"https:\/\/www.wielopolesolectwo.pl\/wp-content\/uploads\/2025\/12\/Zygmunt_Lewczuk.jpg 479w, https:\/\/www.wielopolesolectwo.pl\/wp-content\/uploads\/2025\/12\/Zygmunt_Lewczuk-400x284.jpg 480w\" sizes=\"(max-width:479px) 479px, 100vw\" \/><span data-icon=\"\ue050\" class=\"et_overlay et_pb_inline_icon\"><\/span><\/a><\/div><h5 class=\"entry-title\"><a href=\"https:\/\/www.wielopolesolectwo.pl\/index.php\/2022\/07\/25\/odszedl-zygmunt-lewczuk\/\">Odszed\u0142 Zygmunt Lewczuk<\/a><\/h5><p class=\"post-meta\"><span class=\"published\">lip 25, 2022<\/span> | <span class=\"entry-categories\"><a href=\"https:\/\/www.wielopolesolectwo.pl\/index.php\/category\/aktualnosci\/\" rel=\"tag\">Aktualno\u015bci<\/a><\/span><\/p><div class=\"post-content\"><div class=\"post-content-inner\"><p>Z wielkim smutkiem przyj\u0119li\u015bmy wiadomo\u015b\u0107, \u017ce 17 lipca 2022 r. w wieku 79 lat zmar\u0142 Zygmunt Lewczuk. By\u0142 architektem, znakomitym znawc\u0105 i mi\u0142o\u015bnikiem architektury drewnianej. Jego zas\u0142ugi na tym polu s\u0105 nie do przecenienia. Dzi\u015b Nowy S\u0105cz mo\u017ce si\u0119 chlubi\u0107 skansenem i&#8230;<\/p>\n<\/div><\/div><\/article><article class=\"et_pb_post et_pb_post_id_394 clearfix et_pb_blog_item_0_36 post-394 post type-post status-publish format-standard has-post-thumbnail hentry category-aktualnosci\"><div class=\"et_pb_image_container\"><a href=\"https:\/\/www.wielopolesolectwo.pl\/index.php\/2022\/07\/19\/pielgrzymka-do-miejsc-maryjnych-czestochowa-lichen-niepokalanow-2\/\" class=\"entry-featured-image-url\"><img loading=\"lazy\" decoding=\"async\" src=\"https:\/\/www.wielopolesolectwo.pl\/wp-content\/uploads\/2025\/12\/lichen.jpg\" width=\"400\" height=\"284\" alt=\"Pielgrzymka do miejsc Maryjnych! &#8222;Cz\u0119stochowa \u2013 Liche\u0144 \u2013 Niepokalan\u00f3w&#8221;\" class=\"\" srcset=\"https:\/\/www.wielopolesolectwo.pl\/wp-content\/uploads\/2025\/12\/lichen.jpg 479w, https:\/\/www.wielopolesolectwo.pl\/wp-content\/uploads\/2025\/12\/lichen-400x284.jpg 480w\" sizes=\"(max-width:479px) 479px, 100vw\" \/><span data-icon=\"\ue050\" class=\"et_overlay et_pb_inline_icon\"><\/span><\/a><\/div><h5 class=\"entry-title\"><a href=\"https:\/\/www.wielopolesolectwo.pl\/index.php\/2022\/07\/19\/pielgrzymka-do-miejsc-maryjnych-czestochowa-lichen-niepokalanow-2\/\">Pielgrzymka do miejsc Maryjnych! &#8222;Cz\u0119stochowa \u2013 Liche\u0144 \u2013 Niepokalan\u00f3w&#8221;<\/a><\/h5><p class=\"post-meta\"><span class=\"published\">lip 19, 2022<\/span> | <span class=\"entry-categories\"><a href=\"https:\/\/www.wielopolesolectwo.pl\/index.php\/category\/aktualnosci\/\" rel=\"tag\">Aktualno\u015bci<\/a><\/span><\/p><div class=\"post-content\"><div class=\"post-content-inner\"><p>W dniach od 8 do 10 lipca grupa senior\u00f3w z Gminy Che\u0142miec uczestniczy\u0142a w wycieczce pielgrzymce, odwiedzaj\u0105c miejsca wa\u017cne religijnie i historycznie dla ka\u017cdego Polaka. Trasa pielgrzymki pn.: &#8222;Co\u015b dla cia\u0142a \u2013 co\u015b dla ducha&#8221; przebiega\u0142a na trasie Cz\u0119stochowa \u2013 Liche\u0144&#8230;<\/p>\n<\/div><\/div><\/article><article class=\"et_pb_post et_pb_post_id_392 clearfix et_pb_blog_item_0_37 post-392 post type-post status-publish format-standard has-post-thumbnail hentry category-aktualnosci\"><div class=\"et_pb_image_container\"><a href=\"https:\/\/www.wielopolesolectwo.pl\/index.php\/2022\/07\/04\/zaproszenie-na-walne-zgromadzenie-stowarzyszenia-4\/\" class=\"entry-featured-image-url\"><img loading=\"lazy\" decoding=\"async\" src=\"https:\/\/www.wielopolesolectwo.pl\/wp-content\/uploads\/2025\/12\/banner.gif\" width=\"400\" height=\"284\" alt=\"Zaproszenie na Walne Zgromadzenie Stowarzyszenia\" class=\"\" srcset=\"https:\/\/www.wielopolesolectwo.pl\/wp-content\/uploads\/2025\/12\/banner.gif 479w, https:\/\/www.wielopolesolectwo.pl\/wp-content\/uploads\/2025\/12\/banner-400x284.gif 480w\" sizes=\"(max-width:479px) 479px, 100vw\" \/><span data-icon=\"\ue050\" class=\"et_overlay et_pb_inline_icon\"><\/span><\/a><\/div><h5 class=\"entry-title\"><a href=\"https:\/\/www.wielopolesolectwo.pl\/index.php\/2022\/07\/04\/zaproszenie-na-walne-zgromadzenie-stowarzyszenia-4\/\">Zaproszenie na Walne Zgromadzenie Stowarzyszenia<\/a><\/h5><p class=\"post-meta\"><span class=\"published\">lip 4, 2022<\/span> | <span class=\"entry-categories\"><a href=\"https:\/\/www.wielopolesolectwo.pl\/index.php\/category\/aktualnosci\/\" rel=\"tag\">Aktualno\u015bci<\/a><\/span><\/p><div class=\"post-content\"><div class=\"post-content-inner\"><p>Zgodnie z par. 31 Statutu Stowarzyszenia Rozwoju So\u0142ectwa Wielopole, Zarz\u0105d Stowarzyszenia zwo\u0142uje w dniu 13.07.2022 r. (\u015broda) Walne Zgromadzenie Cz\u0142onk\u00f3w Stowarzyszenia. Posiedzenie odb\u0119dzie si\u0119 w obok \u015awietlicy wiejskiej (pod wiat\u0105) o godz. 17.30. Zgodnie z par. 25&#8230;<\/p>\n<\/div><\/div><\/article><article class=\"et_pb_post et_pb_post_id_389 clearfix et_pb_blog_item_0_38 post-389 post type-post status-publish format-standard has-post-thumbnail hentry category-aktualnosci\"><div class=\"et_pb_image_container\"><a href=\"https:\/\/www.wielopolesolectwo.pl\/index.php\/2022\/05\/23\/pielgrzymka-do-miejsc-maryjnych-czestochowa-lichen-niepokalanow\/\" class=\"entry-featured-image-url\"><img loading=\"lazy\" decoding=\"async\" src=\"https:\/\/www.wielopolesolectwo.pl\/wp-content\/uploads\/2025\/12\/czestochowa_plakat.png\" width=\"400\" height=\"284\" alt=\"Pielgrzymka do miejsc Maryjnych! &#8222;Cz\u0119stochowa \u2013 Liche\u0144 \u2013 Niepokalan\u00f3w&#8221;\" class=\"\" srcset=\"https:\/\/www.wielopolesolectwo.pl\/wp-content\/uploads\/2025\/12\/czestochowa_plakat.png 479w, https:\/\/www.wielopolesolectwo.pl\/wp-content\/uploads\/2025\/12\/czestochowa_plakat-400x284.png 480w\" sizes=\"(max-width:479px) 479px, 100vw\" \/><span data-icon=\"\ue050\" class=\"et_overlay et_pb_inline_icon\"><\/span><\/a><\/div><h5 class=\"entry-title\"><a href=\"https:\/\/www.wielopolesolectwo.pl\/index.php\/2022\/05\/23\/pielgrzymka-do-miejsc-maryjnych-czestochowa-lichen-niepokalanow\/\">Pielgrzymka do miejsc Maryjnych! &#8222;Cz\u0119stochowa \u2013 Liche\u0144 \u2013 Niepokalan\u00f3w&#8221;<\/a><\/h5><p class=\"post-meta\"><span class=\"published\">maj 23, 2022<\/span> | <span class=\"entry-categories\"><a href=\"https:\/\/www.wielopolesolectwo.pl\/index.php\/category\/aktualnosci\/\" rel=\"tag\">Aktualno\u015bci<\/a><\/span><\/p><div class=\"post-content\"><div class=\"post-content-inner\"><p>Z przyjemno\u015bci\u0105 informujemy mieszka\u0144c\u00f3w, \u017ce Ko\u0142o Gospody\u0144 Wiejskich Wielopole organizuje 3 dniow\u0105 pielgrzymk\u0119 autokarow\u0105 do miejsc Maryjnych &#8222;Cz\u0119stochowa \u2013 Liche\u0144 \u2013 Niepokalan\u00f3w\u201d w dniach od 8-go do 10-go lipca 2022 r. Program pielgrzymki: Pierwszy dzie\u0144 (pi\u0105tek)&#8230;<\/p>\n<\/div><\/div><\/article><article class=\"et_pb_post et_pb_post_id_386 clearfix et_pb_blog_item_0_39 post-386 post type-post status-publish format-standard has-post-thumbnail hentry category-aktualnosci\"><div class=\"et_pb_image_container\"><a href=\"https:\/\/www.wielopolesolectwo.pl\/index.php\/2022\/03\/24\/zmarla-nasza-kolezanka-anna-klehr-falowska\/\" class=\"entry-featured-image-url\"><img loading=\"lazy\" decoding=\"async\" src=\"https:\/\/www.wielopolesolectwo.pl\/wp-content\/uploads\/2025\/12\/p_Falowska.jpg\" width=\"400\" height=\"284\" alt=\"Zmar\u0142a nasza Kole\u017canka Anna Klehr-Fa\u0142owska\" class=\"\" srcset=\"https:\/\/www.wielopolesolectwo.pl\/wp-content\/uploads\/2025\/12\/p_Falowska.jpg 479w, https:\/\/www.wielopolesolectwo.pl\/wp-content\/uploads\/2025\/12\/p_Falowska-400x284.jpg 480w\" sizes=\"(max-width:479px) 479px, 100vw\" \/><span data-icon=\"\ue050\" class=\"et_overlay et_pb_inline_icon\"><\/span><\/a><\/div><h5 class=\"entry-title\"><a href=\"https:\/\/www.wielopolesolectwo.pl\/index.php\/2022\/03\/24\/zmarla-nasza-kolezanka-anna-klehr-falowska\/\">Zmar\u0142a nasza Kole\u017canka Anna Klehr-Fa\u0142owska<\/a><\/h5><p class=\"post-meta\"><span class=\"published\">mar 24, 2022<\/span> | <span class=\"entry-categories\"><a href=\"https:\/\/www.wielopolesolectwo.pl\/index.php\/category\/aktualnosci\/\" rel=\"tag\">Aktualno\u015bci<\/a><\/span><\/p><div class=\"post-content\"><div class=\"post-content-inner\"><p>Z wielkim \u017calem przyj\u0119li\u015bmy wiadomo\u015b\u0107, \u017ce zmar\u0142a nasza Kole\u017canka Anna Klehr-Fa\u0142owska \u2013 aktywna spo\u0142ecznica i cz\u0142onkini Stowarzyszenia Rozwoju So\u0142ectwa Wielopole i Ko\u0142a Gospody\u0144 Wiejskich. Ani\u0119 cechowa\u0142a skromno\u015b\u0107, wra\u017cliwo\u015b\u0107 w postrzeganiu ludzi i \u015bwiata. By\u0142a autork\u0105&#8230;<\/p>\n<\/div><\/div><\/article><article class=\"et_pb_post et_pb_post_id_383 clearfix et_pb_blog_item_0_40 post-383 post type-post status-publish format-standard has-post-thumbnail hentry category-aktualnosci\"><div class=\"et_pb_image_container\"><a href=\"https:\/\/www.wielopolesolectwo.pl\/index.php\/2022\/03\/23\/pomoc-dla-ukrainy\/\" class=\"entry-featured-image-url\"><img loading=\"lazy\" decoding=\"async\" src=\"https:\/\/www.wielopolesolectwo.pl\/wp-content\/uploads\/2025\/12\/ukraina_pomoc.jpg\" width=\"206\" height=\"206\" alt=\"Pomoc dla Ukrainy\" class=\"\" srcset=\"https:\/\/www.wielopolesolectwo.pl\/wp-content\/uploads\/2025\/12\/ukraina_pomoc.jpg 479w, https:\/\/www.wielopolesolectwo.pl\/wp-content\/uploads\/2025\/12\/ukraina_pomoc.jpg 480w\" sizes=\"(max-width:479px) 479px, 100vw\" \/><span data-icon=\"\ue050\" class=\"et_overlay et_pb_inline_icon\"><\/span><\/a><\/div><h5 class=\"entry-title\"><a href=\"https:\/\/www.wielopolesolectwo.pl\/index.php\/2022\/03\/23\/pomoc-dla-ukrainy\/\">Pomoc dla Ukrainy<\/a><\/h5><p class=\"post-meta\"><span class=\"published\">mar 23, 2022<\/span> | <span class=\"entry-categories\"><a href=\"https:\/\/www.wielopolesolectwo.pl\/index.php\/category\/aktualnosci\/\" rel=\"tag\">Aktualno\u015bci<\/a><\/span><\/p><div class=\"post-content\"><div class=\"post-content-inner\"><p>Szanowni Pa\u0144stwo, w imieniu Cz\u0142onk\u00f3w Stowarzyszenia Rozwoju So\u0142ectwa Wielopole &#8211; organizacji pozarz\u0105dowej po\u017cytku publicznego, Zarz\u0105d Stowarzyszenia podj\u0105\u0142 decyzj\u0119 o udzieleniu pomocy uchod\u017acom uciekaj\u0105cym przed dzia\u0142aniami wojennymi z Ukrainy wp\u0142acaj\u0105c 1000 z\u0142. na&#8230;<\/p>\n<\/div><\/div><\/article><article class=\"et_pb_post et_pb_post_id_380 clearfix et_pb_blog_item_0_41 post-380 post type-post status-publish format-standard has-post-thumbnail hentry category-aktualnosci\"><div class=\"et_pb_image_container\"><a href=\"https:\/\/www.wielopolesolectwo.pl\/index.php\/2021\/10\/06\/wycieczka-termy-zdrowie-ludzmierz-kult-i-historia\/\" class=\"entry-featured-image-url\"><img loading=\"lazy\" decoding=\"async\" src=\"https:\/\/www.wielopolesolectwo.pl\/wp-content\/uploads\/2025\/12\/plakat_termy_min.jpg\" width=\"233\" height=\"284\" alt=\"Wycieczka &#8222;Termy \u2013 zdrowie, Lud\u017amierz &#8211; kult i historia&#8221;\" class=\"\" srcset=\"https:\/\/www.wielopolesolectwo.pl\/wp-content\/uploads\/2025\/12\/plakat_termy_min.jpg 479w, https:\/\/www.wielopolesolectwo.pl\/wp-content\/uploads\/2025\/12\/plakat_termy_min-233x284.jpg 480w\" sizes=\"(max-width:479px) 479px, 100vw\" \/><span data-icon=\"\ue050\" class=\"et_overlay et_pb_inline_icon\"><\/span><\/a><\/div><h5 class=\"entry-title\"><a href=\"https:\/\/www.wielopolesolectwo.pl\/index.php\/2021\/10\/06\/wycieczka-termy-zdrowie-ludzmierz-kult-i-historia\/\">Wycieczka &#8222;Termy \u2013 zdrowie, Lud\u017amierz &#8211; kult i historia&#8221;<\/a><\/h5><p class=\"post-meta\"><span class=\"published\">pa\u017a 6, 2021<\/span> | <span class=\"entry-categories\"><a href=\"https:\/\/www.wielopolesolectwo.pl\/index.php\/category\/aktualnosci\/\" rel=\"tag\">Aktualno\u015bci<\/a><\/span><\/p><div class=\"post-content\"><div class=\"post-content-inner\"><p>Informujemy mieszka\u0144c\u00f3w gminy Che\u0142miec, \u017ce nasze Ko\u0142o Gospody\u0144 Wiejskich Wielopole, w ramach zadania publicznego wspieranego przez Gmin\u0119 Che\u0142miec: &#8222;Wspieranie dzia\u0142a\u0144 na rzecz os\u00f3b niepe\u0142nosprawnych oraz profilaktyki i promocji zdrowia poprzez: wspieranie dzia\u0142a\u0144&#8230;<\/p>\n<\/div><\/div><\/article><article class=\"et_pb_post et_pb_post_id_377 clearfix et_pb_blog_item_0_42 post-377 post type-post status-publish format-standard has-post-thumbnail hentry category-aktualnosci\"><div class=\"et_pb_image_container\"><a href=\"https:\/\/www.wielopolesolectwo.pl\/index.php\/2021\/10\/06\/wycieczka-objazdowa-morskie-oko-perelka-a-zakopane-stolica-tatr\/\" class=\"entry-featured-image-url\"><img loading=\"lazy\" decoding=\"async\" src=\"https:\/\/www.wielopolesolectwo.pl\/wp-content\/uploads\/2025\/12\/244418563_1481877868877806_2907251625204686949_n.jpg\" width=\"400\" height=\"284\" alt=\"WYCIECZKA OBJAZDOWA &#8222;Morskie Oko &#8211; pere\u0142k\u0105, a Zakopane \u2013 stolic\u0105 Tatr&#8221;\" class=\"\" srcset=\"https:\/\/www.wielopolesolectwo.pl\/wp-content\/uploads\/2025\/12\/244418563_1481877868877806_2907251625204686949_n.jpg 479w, https:\/\/www.wielopolesolectwo.pl\/wp-content\/uploads\/2025\/12\/244418563_1481877868877806_2907251625204686949_n-400x284.jpg 480w\" sizes=\"(max-width:479px) 479px, 100vw\" \/><span data-icon=\"\ue050\" class=\"et_overlay et_pb_inline_icon\"><\/span><\/a><\/div><h5 class=\"entry-title\"><a href=\"https:\/\/www.wielopolesolectwo.pl\/index.php\/2021\/10\/06\/wycieczka-objazdowa-morskie-oko-perelka-a-zakopane-stolica-tatr\/\">WYCIECZKA OBJAZDOWA &#8222;Morskie Oko &#8211; pere\u0142k\u0105, a Zakopane \u2013 stolic\u0105 Tatr&#8221;<\/a><\/h5><p class=\"post-meta\"><span class=\"published\">pa\u017a 6, 2021<\/span> | <span class=\"entry-categories\"><a href=\"https:\/\/www.wielopolesolectwo.pl\/index.php\/category\/aktualnosci\/\" rel=\"tag\">Aktualno\u015bci<\/a><\/span><\/p><div class=\"post-content\"><div class=\"post-content-inner\"><p>W dniu 02.10.2021. Stowarzyszenie Rozwoju So\u0142ectwa Wielopole w ramach zadania publicznego dofinansowanego przez Gmin\u0119 Che\u0142miec &#8222;Profilaktyka to aktywny i poznawczy wypoczynek\u201d zorganizowa\u0142o wycieczk\u0119 pn.: &#8222;Morskie Oko &#8211; pere\u0142k\u0105, a Zakopane \u2013 stolic\u0105 Tatr&#8221;. Pogoda&#8230;<\/p>\n<\/div><\/div><\/article><article class=\"et_pb_post et_pb_post_id_374 clearfix et_pb_blog_item_0_43 post-374 post type-post status-publish format-standard has-post-thumbnail hentry category-aktualnosci\"><div class=\"et_pb_image_container\"><a href=\"https:\/\/www.wielopolesolectwo.pl\/index.php\/2021\/10\/04\/historyczna-do-bolu-wycieczka\/\" class=\"entry-featured-image-url\"><img loading=\"lazy\" decoding=\"async\" src=\"https:\/\/www.wielopolesolectwo.pl\/wp-content\/uploads\/2025\/12\/krakow_relacja_min.jpg\" width=\"363\" height=\"205\" alt=\"Historyczna \u201edo b\u00f3lu\u201d wycieczka!\" class=\"\" srcset=\"https:\/\/www.wielopolesolectwo.pl\/wp-content\/uploads\/2025\/12\/krakow_relacja_min.jpg 479w, https:\/\/www.wielopolesolectwo.pl\/wp-content\/uploads\/2025\/12\/krakow_relacja_min.jpg 480w\" sizes=\"(max-width:479px) 479px, 100vw\" \/><span data-icon=\"\ue050\" class=\"et_overlay et_pb_inline_icon\"><\/span><\/a><\/div><h5 class=\"entry-title\"><a href=\"https:\/\/www.wielopolesolectwo.pl\/index.php\/2021\/10\/04\/historyczna-do-bolu-wycieczka\/\">Historyczna \u201edo b\u00f3lu\u201d wycieczka!<\/a><\/h5><p class=\"post-meta\"><span class=\"published\">pa\u017a 4, 2021<\/span> | <span class=\"entry-categories\"><a href=\"https:\/\/www.wielopolesolectwo.pl\/index.php\/category\/aktualnosci\/\" rel=\"tag\">Aktualno\u015bci<\/a><\/span><\/p><div class=\"post-content\"><div class=\"post-content-inner\"><p>Najpierw Wawel na wzg\u00f3rzu. Rano prawie pusty, bez t\u0142um\u00f3w, ze swoim majestatycznym wygl\u0105dem jako twierdza otoczona murami obronnymi i zarazem wspania\u0142a per\u0142a renesansu \u2013 kompleks komnat, kaplic, ko\u015bcio\u0142\u00f3w, wspania\u0142ych zabytk\u00f3w sztuki wojennej, malarstwa i r\u0119kodzie\u0142a&#8230;.<\/p>\n<\/div><\/div><\/article><article class=\"et_pb_post et_pb_post_id_371 clearfix et_pb_blog_item_0_44 post-371 post type-post status-publish format-standard has-post-thumbnail hentry category-aktualnosci\"><div class=\"et_pb_image_container\"><a href=\"https:\/\/www.wielopolesolectwo.pl\/index.php\/2021\/09\/25\/wycieczka-do-zakopanegomorskie-oko-perelka-a-zakopane-stolica-tatr\/\" class=\"entry-featured-image-url\"><img loading=\"lazy\" decoding=\"async\" src=\"https:\/\/www.wielopolesolectwo.pl\/wp-content\/uploads\/2025\/12\/plakat_zakopane.jpg\" width=\"400\" height=\"284\" alt=\"Wycieczka do Zakopanego!&#8221;Morskie Oko pere\u0142k\u0105, a Zakopane \u2013 stolic\u0105 Tatr&#8221;\" class=\"\" srcset=\"https:\/\/www.wielopolesolectwo.pl\/wp-content\/uploads\/2025\/12\/plakat_zakopane.jpg 479w, https:\/\/www.wielopolesolectwo.pl\/wp-content\/uploads\/2025\/12\/plakat_zakopane-400x284.jpg 480w\" sizes=\"(max-width:479px) 479px, 100vw\" \/><span data-icon=\"\ue050\" class=\"et_overlay et_pb_inline_icon\"><\/span><\/a><\/div><h5 class=\"entry-title\"><a href=\"https:\/\/www.wielopolesolectwo.pl\/index.php\/2021\/09\/25\/wycieczka-do-zakopanegomorskie-oko-perelka-a-zakopane-stolica-tatr\/\">Wycieczka do Zakopanego!&#8221;Morskie Oko pere\u0142k\u0105, a Zakopane \u2013 stolic\u0105 Tatr&#8221;<\/a><\/h5><p class=\"post-meta\"><span class=\"published\">wrz 25, 2021<\/span> | <span class=\"entry-categories\"><a href=\"https:\/\/www.wielopolesolectwo.pl\/index.php\/category\/aktualnosci\/\" rel=\"tag\">Aktualno\u015bci<\/a><\/span><\/p><div class=\"post-content\"><div class=\"post-content-inner\"><p>Z przyjemno\u015bci\u0105 informujemy wszystkich mieszka\u0144c\u00f3w gminy Che\u0142miec, \u017ce nasze Stowarzyszenie w ramach zadania publicznego wspieranego przez Gmin\u0119 Che\u0142miec: pn. Profilaktyka to aktywny i poznawczy wypoczynek pn.: &#8222;Morskie Oko pere\u0142k\u0105, a Zakopane \u2013 stolic\u0105 Tatr&#8221;, kt\u00f3ra&#8230;<\/p>\n<\/div><\/div><\/article><article class=\"et_pb_post et_pb_post_id_368 clearfix et_pb_blog_item_0_45 post-368 post type-post status-publish format-standard has-post-thumbnail hentry category-aktualnosci\"><div class=\"et_pb_image_container\"><a href=\"https:\/\/www.wielopolesolectwo.pl\/index.php\/2021\/09\/21\/wycieczka-objazdowa-podkarpacie-ziemia-przemyska-religia-historia-architektura\/\" class=\"entry-featured-image-url\"><img loading=\"lazy\" decoding=\"async\" src=\"https:\/\/www.wielopolesolectwo.pl\/wp-content\/uploads\/2025\/12\/plakat_przemysl_relacja_min.jpg\" width=\"400\" height=\"284\" alt=\"WYCIECZKA OBJAZDOWA &#8222;Podkarpacie \u2013 Ziemia Przemyska: religia, historia, architektura&#8221;\" class=\"\" srcset=\"https:\/\/www.wielopolesolectwo.pl\/wp-content\/uploads\/2025\/12\/plakat_przemysl_relacja_min.jpg 479w, https:\/\/www.wielopolesolectwo.pl\/wp-content\/uploads\/2025\/12\/plakat_przemysl_relacja_min-400x284.jpg 480w\" sizes=\"(max-width:479px) 479px, 100vw\" \/><span data-icon=\"\ue050\" class=\"et_overlay et_pb_inline_icon\"><\/span><\/a><\/div><h5 class=\"entry-title\"><a href=\"https:\/\/www.wielopolesolectwo.pl\/index.php\/2021\/09\/21\/wycieczka-objazdowa-podkarpacie-ziemia-przemyska-religia-historia-architektura\/\">WYCIECZKA OBJAZDOWA &#8222;Podkarpacie \u2013 Ziemia Przemyska: religia, historia, architektura&#8221;<\/a><\/h5><p class=\"post-meta\"><span class=\"published\">wrz 21, 2021<\/span> | <span class=\"entry-categories\"><a href=\"https:\/\/www.wielopolesolectwo.pl\/index.php\/category\/aktualnosci\/\" rel=\"tag\">Aktualno\u015bci<\/a><\/span><\/p><div class=\"post-content\"><div class=\"post-content-inner\"><p>W dniach 11 -12.09.2021. Stowarzyszenie Rozwoju So\u0142ectwa Wielopole w ramach zadania publicznego dofinansowanego przez Gmin\u0119 Che\u0142miec: &#8222;Wspieranie dzia\u0142a\u0144 na rzecz os\u00f3b niepe\u0142nosprawnych oraz profilaktyki i promocji zdrowia poprzez: wspieranie dzia\u0142a\u0144 promuj\u0105cych&#8230;<\/p>\n<\/div><\/div><\/article><article class=\"et_pb_post et_pb_post_id_365 clearfix et_pb_blog_item_0_46 post-365 post type-post status-publish format-standard has-post-thumbnail hentry category-aktualnosci\"><div class=\"et_pb_image_container\"><a href=\"https:\/\/www.wielopolesolectwo.pl\/index.php\/2021\/09\/14\/krakow-kolebka-kultury-i-historii-polski-wycieczka\/\" class=\"entry-featured-image-url\"><img loading=\"lazy\" decoding=\"async\" src=\"https:\/\/www.wielopolesolectwo.pl\/wp-content\/uploads\/2025\/12\/plakat_krakow_min.jpeg\" width=\"400\" height=\"284\" alt=\"Krak\u00f3w \u2013 kolebka kultury i historii Polski &#8211; wycieczka\" class=\"\" srcset=\"https:\/\/www.wielopolesolectwo.pl\/wp-content\/uploads\/2025\/12\/plakat_krakow_min.jpeg 479w, https:\/\/www.wielopolesolectwo.pl\/wp-content\/uploads\/2025\/12\/plakat_krakow_min-400x284.jpeg 480w\" sizes=\"(max-width:479px) 479px, 100vw\" \/><span data-icon=\"\ue050\" class=\"et_overlay et_pb_inline_icon\"><\/span><\/a><\/div><h5 class=\"entry-title\"><a href=\"https:\/\/www.wielopolesolectwo.pl\/index.php\/2021\/09\/14\/krakow-kolebka-kultury-i-historii-polski-wycieczka\/\">Krak\u00f3w \u2013 kolebka kultury i historii Polski &#8211; wycieczka<\/a><\/h5><p class=\"post-meta\"><span class=\"published\">wrz 14, 2021<\/span> | <span class=\"entry-categories\"><a href=\"https:\/\/www.wielopolesolectwo.pl\/index.php\/category\/aktualnosci\/\" rel=\"tag\">Aktualno\u015bci<\/a><\/span><\/p><div class=\"post-content\"><div class=\"post-content-inner\"><p>Z przyjemno\u015bci\u0105 informujemy wszystkich mieszka\u0144c\u00f3w gminy Che\u0142miec, \u017ce nasze Stowarzyszenie w ramach zadania publicznego wspieranego przez Gmin\u0119 Che\u0142miec: &#8222;Kultura, ochrona d\u00f3br kultury i zachowania tradycji regionalnych poprzez: upami\u0119tnianie miejsc pami\u0119ci narodowej&#8230;<\/p>\n<\/div><\/div><\/article><article class=\"et_pb_post et_pb_post_id_362 clearfix et_pb_blog_item_0_47 post-362 post type-post status-publish format-standard has-post-thumbnail hentry category-aktualnosci\"><div class=\"et_pb_image_container\"><a href=\"https:\/\/www.wielopolesolectwo.pl\/index.php\/2021\/09\/03\/wycieczka-na-podkarpaciepodkarpacie-ziemia-przemyska-religia-historia-architektura\/\" class=\"entry-featured-image-url\"><img loading=\"lazy\" decoding=\"async\" src=\"https:\/\/www.wielopolesolectwo.pl\/wp-content\/uploads\/2025\/12\/plakat_przemysl_min.jpg\" width=\"400\" height=\"284\" alt=\"Wycieczka na Podkarpacie!Podkarpacie &#8211; Ziemia Przemyska: religia, historia, architektura\" class=\"\" srcset=\"https:\/\/www.wielopolesolectwo.pl\/wp-content\/uploads\/2025\/12\/plakat_przemysl_min.jpg 479w, https:\/\/www.wielopolesolectwo.pl\/wp-content\/uploads\/2025\/12\/plakat_przemysl_min-400x284.jpg 480w\" sizes=\"(max-width:479px) 479px, 100vw\" \/><span data-icon=\"\ue050\" class=\"et_overlay et_pb_inline_icon\"><\/span><\/a><\/div><h5 class=\"entry-title\"><a href=\"https:\/\/www.wielopolesolectwo.pl\/index.php\/2021\/09\/03\/wycieczka-na-podkarpaciepodkarpacie-ziemia-przemyska-religia-historia-architektura\/\">Wycieczka na Podkarpacie!Podkarpacie &#8211; Ziemia Przemyska: religia, historia, architektura<\/a><\/h5><p class=\"post-meta\"><span class=\"published\">wrz 3, 2021<\/span> | <span class=\"entry-categories\"><a href=\"https:\/\/www.wielopolesolectwo.pl\/index.php\/category\/aktualnosci\/\" rel=\"tag\">Aktualno\u015bci<\/a><\/span><\/p><div class=\"post-content\"><div class=\"post-content-inner\"><p>Z przyjemno\u015bci\u0105 informujemy wszystkich mieszka\u0144c\u00f3w gminy Che\u0142miec, \u017ce nasze Stowarzyszenie w ramach zadania publicznego wspieranego przez Gmin\u0119 Che\u0142miec: &#8222;Wspieranie dzia\u0142a\u0144 na rzecz os\u00f3b niepe\u0142nosprawnych oraz profilaktyki i promocji zdrowia poprzez: wspieranie&#8230;<\/p>\n<\/div><\/div><\/article><article class=\"et_pb_post et_pb_post_id_359 clearfix et_pb_blog_item_0_48 post-359 post type-post status-publish format-standard has-post-thumbnail hentry category-aktualnosci\"><div class=\"et_pb_image_container\"><a href=\"https:\/\/www.wielopolesolectwo.pl\/index.php\/2021\/08\/26\/kolo-gospodyn-wiejskich-wielopole-odnosi-sukces-pilkarski\/\" class=\"entry-featured-image-url\"><img loading=\"lazy\" decoding=\"async\" src=\"https:\/\/www.wielopolesolectwo.pl\/wp-content\/uploads\/2025\/12\/impreza_swiniarsko_min.jpeg\" width=\"285\" height=\"210\" alt=\"Ko\u0142o Gospody\u0144 Wiejskich Wielopole odnosi &#8222;sukces pi\u0142karski&#8221;!?\" class=\"\" srcset=\"https:\/\/www.wielopolesolectwo.pl\/wp-content\/uploads\/2025\/12\/impreza_swiniarsko_min.jpeg 479w, https:\/\/www.wielopolesolectwo.pl\/wp-content\/uploads\/2025\/12\/impreza_swiniarsko_min.jpeg 480w\" sizes=\"(max-width:479px) 479px, 100vw\" \/><span data-icon=\"\ue050\" class=\"et_overlay et_pb_inline_icon\"><\/span><\/a><\/div><h5 class=\"entry-title\"><a href=\"https:\/\/www.wielopolesolectwo.pl\/index.php\/2021\/08\/26\/kolo-gospodyn-wiejskich-wielopole-odnosi-sukces-pilkarski\/\">Ko\u0142o Gospody\u0144 Wiejskich Wielopole odnosi &#8222;sukces pi\u0142karski&#8221;!?<\/a><\/h5><p class=\"post-meta\"><span class=\"published\">sie 26, 2021<\/span> | <span class=\"entry-categories\"><a href=\"https:\/\/www.wielopolesolectwo.pl\/index.php\/category\/aktualnosci\/\" rel=\"tag\">Aktualno\u015bci<\/a><\/span><\/p><div class=\"post-content\"><div class=\"post-content-inner\"><p>W ramach projektu &#8222;Karpaty na dw\u00f3ch k\u00f3\u0142kach&#8221; w Czarnej K\u0119picy, Grybowie, Ptaszkowej i \u015awiniarsku odby\u0142y si\u0119 wydarzenia kulturowo-turystyczne. Imprezy te zorganizowa\u0142a LGD &#8222;Korona S\u0105decka&#8221;. Projekt sfinansowany by\u0142 z Europejskiego Funduszu Rolnego na rzecz Rozwoju&#8230;<\/p>\n<\/div><\/div><\/article><article class=\"et_pb_post et_pb_post_id_356 clearfix et_pb_blog_item_0_49 post-356 post type-post status-publish format-standard has-post-thumbnail hentry category-aktualnosci\"><div class=\"et_pb_image_container\"><a href=\"https:\/\/www.wielopolesolectwo.pl\/index.php\/2021\/08\/16\/i-znowu-sie-dzialo\/\" class=\"entry-featured-image-url\"><img loading=\"lazy\" decoding=\"async\" src=\"https:\/\/www.wielopolesolectwo.pl\/wp-content\/uploads\/2025\/12\/festyn_2021_relacja_min.jpg\" width=\"360\" height=\"240\" alt=\"Festyn 2021\" class=\"\" srcset=\"https:\/\/www.wielopolesolectwo.pl\/wp-content\/uploads\/2025\/12\/festyn_2021_relacja_min.jpg 479w, https:\/\/www.wielopolesolectwo.pl\/wp-content\/uploads\/2025\/12\/festyn_2021_relacja_min.jpg 480w\" sizes=\"(max-width:479px) 479px, 100vw\" \/><span data-icon=\"\ue050\" class=\"et_overlay et_pb_inline_icon\"><\/span><\/a><\/div><h5 class=\"entry-title\"><a href=\"https:\/\/www.wielopolesolectwo.pl\/index.php\/2021\/08\/16\/i-znowu-sie-dzialo\/\">Festyn 2021<\/a><\/h5><p class=\"post-meta\"><span class=\"published\">sie 16, 2021<\/span> | <span class=\"entry-categories\"><a href=\"https:\/\/www.wielopolesolectwo.pl\/index.php\/category\/aktualnosci\/\" rel=\"tag\">Aktualno\u015bci<\/a><\/span><\/p><div class=\"post-content\"><div class=\"post-content-inner\"><p>I znowu si\u0119 dzia\u0142o! 7 sierpnia, po raz kolejny (po kr\u00f3tkiej, jednorocznej przerwie spowodowanej przez COVID19) odby\u0142 si\u0119 Festyn Wiejski zorganizowany przez So\u0142tysa i Rad\u0119 So\u0142eck\u0105 Wielopola, przy wsp\u00f3\u0142udziale Ko\u0142a Gospody\u0144 Wiejskich Wielopole (pod kierownictwem Pani&#8230;<\/p>\n<\/div><\/div><\/article><article class=\"et_pb_post et_pb_post_id_353 clearfix et_pb_blog_item_0_50 post-353 post type-post status-publish format-standard has-post-thumbnail hentry category-aktualnosci\"><div class=\"et_pb_image_container\"><a href=\"https:\/\/www.wielopolesolectwo.pl\/index.php\/2021\/08\/04\/zaproszenie\/\" class=\"entry-featured-image-url\"><img loading=\"lazy\" decoding=\"async\" src=\"https:\/\/www.wielopolesolectwo.pl\/wp-content\/uploads\/2025\/12\/festyn_2021_plakat-scaled.jpg\" width=\"400\" height=\"284\" alt=\"Zaproszenie\" class=\"\" srcset=\"https:\/\/www.wielopolesolectwo.pl\/wp-content\/uploads\/2025\/12\/festyn_2021_plakat-scaled.jpg 479w, https:\/\/www.wielopolesolectwo.pl\/wp-content\/uploads\/2025\/12\/festyn_2021_plakat-400x284.jpg 480w\" sizes=\"(max-width:479px) 479px, 100vw\" \/><span data-icon=\"\ue050\" class=\"et_overlay et_pb_inline_icon\"><\/span><\/a><\/div><h5 class=\"entry-title\"><a href=\"https:\/\/www.wielopolesolectwo.pl\/index.php\/2021\/08\/04\/zaproszenie\/\">Zaproszenie<\/a><\/h5><p class=\"post-meta\"><span class=\"published\">sie 4, 2021<\/span> | <span class=\"entry-categories\"><a href=\"https:\/\/www.wielopolesolectwo.pl\/index.php\/category\/aktualnosci\/\" rel=\"tag\">Aktualno\u015bci<\/a><\/span><\/p><div class=\"post-content\"><div class=\"post-content-inner\"><p>So\u0142tys, Ko\u0142o Gospody\u0144 Wiejskich oraz Stowarzyszenie Rozwoju So\u0142ectwa zapraszaj\u0105 na FESTYN WIEJSKI. Start 7.08.2021 r. o godz. 16-tej w Wielopolu. Szczeg\u00f3\u0142y na plakacie. \u017byczymy dobrej zabawy i mile sp\u0119dzonego czasu. Serdecznie zapraszamy na Festyn!<\/p>\n<\/div><\/div><\/article><article class=\"et_pb_post et_pb_post_id_349 clearfix et_pb_blog_item_0_51 post-349 post type-post status-publish format-standard has-post-thumbnail hentry category-aktualnosci\"><div class=\"et_pb_image_container\"><a href=\"https:\/\/www.wielopolesolectwo.pl\/index.php\/2021\/05\/20\/zaproszenie-na-walne-zgromadzenie-stowarzyszenia-3\/\" class=\"entry-featured-image-url\"><img loading=\"lazy\" decoding=\"async\" src=\"https:\/\/www.wielopolesolectwo.pl\/wp-content\/uploads\/2025\/12\/banner.gif\" width=\"400\" height=\"284\" alt=\"Zaproszenie na Walne Zgromadzenie Stowarzyszenia\" class=\"\" srcset=\"https:\/\/www.wielopolesolectwo.pl\/wp-content\/uploads\/2025\/12\/banner.gif 479w, https:\/\/www.wielopolesolectwo.pl\/wp-content\/uploads\/2025\/12\/banner-400x284.gif 480w\" sizes=\"(max-width:479px) 479px, 100vw\" \/><span data-icon=\"\ue050\" class=\"et_overlay et_pb_inline_icon\"><\/span><\/a><\/div><h5 class=\"entry-title\"><a href=\"https:\/\/www.wielopolesolectwo.pl\/index.php\/2021\/05\/20\/zaproszenie-na-walne-zgromadzenie-stowarzyszenia-3\/\">Zaproszenie na Walne Zgromadzenie Stowarzyszenia<\/a><\/h5><p class=\"post-meta\"><span class=\"published\">maj 20, 2021<\/span> | <span class=\"entry-categories\"><a href=\"https:\/\/www.wielopolesolectwo.pl\/index.php\/category\/aktualnosci\/\" rel=\"tag\">Aktualno\u015bci<\/a><\/span><\/p><div class=\"post-content\"><div class=\"post-content-inner\"><p>Zgodnie z par. 31 Statutu Stowarzyszenia Rozwoju So\u0142ectwa Wielopole, Zarz\u0105d Stowarzyszenia zwo\u0142uje w dniu 16.06.2021 r. (\u015broda) Walne Sprawozdawczo-Wyborcze Zgromadzenie Cz\u0142onk\u00f3w Stowarzyszenia. Posiedzenie odb\u0119dzie si\u0119 w \u015awietlicy wiejskiej o godz. 18.30.Walne&#8230;<\/p>\n<\/div><\/div><\/article><article class=\"et_pb_post et_pb_post_id_346 clearfix et_pb_blog_item_0_52 post-346 post type-post status-publish format-standard has-post-thumbnail hentry category-aktualnosci\"><div class=\"et_pb_image_container\"><a href=\"https:\/\/www.wielopolesolectwo.pl\/index.php\/2020\/10\/23\/spozniona-majowka-wielopokoleniowa-z-tradycjami-i-wiejskim-jadlem\/\" class=\"entry-featured-image-url\"><img loading=\"lazy\" decoding=\"async\" src=\"https:\/\/www.wielopolesolectwo.pl\/wp-content\/uploads\/2025\/12\/spozniona_majowka_2020.jpg\" width=\"400\" height=\"284\" alt=\"Sp\u00f3\u017aniona Maj\u00f3wka Wielopokoleniowa z tradycjami i wiejskim jad\u0142em\" class=\"\" srcset=\"https:\/\/www.wielopolesolectwo.pl\/wp-content\/uploads\/2025\/12\/spozniona_majowka_2020.jpg 479w, https:\/\/www.wielopolesolectwo.pl\/wp-content\/uploads\/2025\/12\/spozniona_majowka_2020.jpg 480w\" sizes=\"(max-width:479px) 479px, 100vw\" \/><span data-icon=\"\ue050\" class=\"et_overlay et_pb_inline_icon\"><\/span><\/a><\/div><h5 class=\"entry-title\"><a href=\"https:\/\/www.wielopolesolectwo.pl\/index.php\/2020\/10\/23\/spozniona-majowka-wielopokoleniowa-z-tradycjami-i-wiejskim-jadlem\/\">Sp\u00f3\u017aniona Maj\u00f3wka Wielopokoleniowa z tradycjami i wiejskim jad\u0142em<\/a><\/h5><p class=\"post-meta\"><span class=\"published\">pa\u017a 23, 2020<\/span> | <span class=\"entry-categories\"><a href=\"https:\/\/www.wielopolesolectwo.pl\/index.php\/category\/aktualnosci\/\" rel=\"tag\">Aktualno\u015bci<\/a><\/span><\/p><div class=\"post-content\"><div class=\"post-content-inner\"><p>Cz\u0142onkowie naszego Ko\u0142a Gospody\u0144 Wiejskich Wielopole i Stowarzyszenia Rozwoju So\u0142ectwa Wielopole stan\u0119li na wysoko\u015bci zadania i pomimo trudnych czas\u00f3w zorganizowali sp\u00f3\u017anion\u0105 lecz tradycyjn\u0105 maj\u00f3wk\u0119 na \u015bwie\u017cym powietrzu opart\u0105 na kultywowaniu miejscowych tradycji. W&#8230;<\/p>\n<\/div><\/div><\/article><article class=\"et_pb_post et_pb_post_id_344 clearfix et_pb_blog_item_0_53 post-344 post type-post status-publish format-standard has-post-thumbnail hentry category-aktualnosci\"><div class=\"et_pb_image_container\"><a href=\"https:\/\/www.wielopolesolectwo.pl\/index.php\/2020\/09\/08\/zaproszenie-na-walne-zgromadzenie-stowarzyszenia-2\/\" class=\"entry-featured-image-url\"><img loading=\"lazy\" decoding=\"async\" src=\"https:\/\/www.wielopolesolectwo.pl\/wp-content\/uploads\/2025\/12\/banner.gif\" width=\"400\" height=\"284\" alt=\"Zaproszenie na Walne Zgromadzenie Stowarzyszenia\" class=\"\" srcset=\"https:\/\/www.wielopolesolectwo.pl\/wp-content\/uploads\/2025\/12\/banner.gif 479w, https:\/\/www.wielopolesolectwo.pl\/wp-content\/uploads\/2025\/12\/banner-400x284.gif 480w\" sizes=\"(max-width:479px) 479px, 100vw\" \/><span data-icon=\"\ue050\" class=\"et_overlay et_pb_inline_icon\"><\/span><\/a><\/div><h5 class=\"entry-title\"><a href=\"https:\/\/www.wielopolesolectwo.pl\/index.php\/2020\/09\/08\/zaproszenie-na-walne-zgromadzenie-stowarzyszenia-2\/\">Zaproszenie na Walne Zgromadzenie Stowarzyszenia<\/a><\/h5><p class=\"post-meta\"><span class=\"published\">wrz 8, 2020<\/span> | <span class=\"entry-categories\"><a href=\"https:\/\/www.wielopolesolectwo.pl\/index.php\/category\/aktualnosci\/\" rel=\"tag\">Aktualno\u015bci<\/a><\/span><\/p><div class=\"post-content\"><div class=\"post-content-inner\"><p>Zaproszenie na Walne Zgromadzenie Stowarzyszenia Zgodnie z par. 31 Statutu Stowarzyszenia Rozwoju So\u0142ectwa Wielopole, Zarz\u0105d Stowarzyszenia zwo\u0142uje w dniu 29.09.2020 (wtorek) Walne Nadzwyczajne Zgromadzenie Cz\u0142onk\u00f3w Stowarzyszenia. Posiedzenie odb\u0119dzie si\u0119 w obok&#8230;<\/p>\n<\/div><\/div><\/article><article class=\"et_pb_post et_pb_post_id_342 clearfix et_pb_blog_item_0_54 post-342 post type-post status-publish format-standard has-post-thumbnail hentry category-aktualnosci\"><div class=\"et_pb_image_container\"><a href=\"https:\/\/www.wielopolesolectwo.pl\/index.php\/2020\/05\/05\/koniec-inicjatywy-lokalnej\/\" class=\"entry-featured-image-url\"><img loading=\"lazy\" decoding=\"async\" src=\"https:\/\/www.wielopolesolectwo.pl\/wp-content\/uploads\/2025\/12\/banner.gif\" width=\"400\" height=\"284\" alt=\"Koniec Inicjatywy Lokalnej?\" class=\"\" srcset=\"https:\/\/www.wielopolesolectwo.pl\/wp-content\/uploads\/2025\/12\/banner.gif 479w, https:\/\/www.wielopolesolectwo.pl\/wp-content\/uploads\/2025\/12\/banner-400x284.gif 480w\" sizes=\"(max-width:479px) 479px, 100vw\" \/><span data-icon=\"\ue050\" class=\"et_overlay et_pb_inline_icon\"><\/span><\/a><\/div><h5 class=\"entry-title\"><a href=\"https:\/\/www.wielopolesolectwo.pl\/index.php\/2020\/05\/05\/koniec-inicjatywy-lokalnej\/\">Koniec Inicjatywy Lokalnej?<\/a><\/h5><p class=\"post-meta\"><span class=\"published\">maj 5, 2020<\/span> | <span class=\"entry-categories\"><a href=\"https:\/\/www.wielopolesolectwo.pl\/index.php\/category\/aktualnosci\/\" rel=\"tag\">Aktualno\u015bci<\/a><\/span><\/p><div class=\"post-content\"><div class=\"post-content-inner\"><p>Poni\u017cej zamieszczamy tekst, kt\u00f3ry ukaza\u0142 si\u0119 na Forum Mieszka\u0144c\u00f3w Gminy Che\u0142miec i stanowi protest przeciw podej\u015bciu Urz\u0119du Gminy Che\u0142miec do naszej, mieszka\u0144c\u00f3w Wielopola, opisanej inicjatywy. Historia jednej inicjatywy. Mieszka\u0144cy Wielopola czuj\u0105 si\u0119 oszukani. A to&#8230;<\/p>\n<\/div><\/div><\/article><article class=\"et_pb_post et_pb_post_id_339 clearfix et_pb_blog_item_0_55 post-339 post type-post status-publish format-standard has-post-thumbnail hentry category-aktualnosci\"><div class=\"et_pb_image_container\"><a href=\"https:\/\/www.wielopolesolectwo.pl\/index.php\/2020\/03\/04\/podziekowanie-dla-darczyncow\/\" class=\"entry-featured-image-url\"><img loading=\"lazy\" decoding=\"async\" src=\"https:\/\/www.wielopolesolectwo.pl\/wp-content\/uploads\/2025\/12\/1_procent_2019-scaled.jpg\" width=\"400\" height=\"284\" alt=\"Podzi\u0119kowanie dla darczy\u0144c\u00f3w\" class=\"\" srcset=\"https:\/\/www.wielopolesolectwo.pl\/wp-content\/uploads\/2025\/12\/1_procent_2019-scaled.jpg 479w, https:\/\/www.wielopolesolectwo.pl\/wp-content\/uploads\/2025\/12\/1_procent_2019-400x284.jpg 480w\" sizes=\"(max-width:479px) 479px, 100vw\" \/><span data-icon=\"\ue050\" class=\"et_overlay et_pb_inline_icon\"><\/span><\/a><\/div><h5 class=\"entry-title\"><a href=\"https:\/\/www.wielopolesolectwo.pl\/index.php\/2020\/03\/04\/podziekowanie-dla-darczyncow\/\">Podzi\u0119kowanie dla darczy\u0144c\u00f3w<\/a><\/h5><p class=\"post-meta\"><span class=\"published\">mar 4, 2020<\/span> | <span class=\"entry-categories\"><a href=\"https:\/\/www.wielopolesolectwo.pl\/index.php\/category\/aktualnosci\/\" rel=\"tag\">Aktualno\u015bci<\/a><\/span><\/p><div class=\"post-content\"><div class=\"post-content-inner\"><p>Z uwagi na ograniczoni\u0105 jawno\u015b\u0107 danych osobowych oraz z faktu nieznajomo\u015bci imion i nazwisk wielu darczy\u0144c\u00f3w (Urz\u0105d Skarbowy rejestruje wy\u0142\u0105cznie nazw\u0119 miasta i nr oddzia\u0142u US) nie mo\u017cemy podzi\u0119kowa\u0107 imiennie ka\u017cdemu z darczy\u0144c\u00f3w, wi\u0119c czynimy to tym listem. Liczymy&#8230;<\/p>\n<\/div><\/div><\/article><article class=\"et_pb_post et_pb_post_id_337 clearfix et_pb_blog_item_0_56 post-337 post type-post status-publish format-standard has-post-thumbnail hentry category-aktualnosci\"><div class=\"et_pb_image_container\"><a href=\"https:\/\/www.wielopolesolectwo.pl\/index.php\/2020\/02\/04\/ferie-na-trampolinach\/\" class=\"entry-featured-image-url\"><img loading=\"lazy\" decoding=\"async\" src=\"https:\/\/www.wielopolesolectwo.pl\/wp-content\/uploads\/2025\/12\/trampoliny_2020.jpg\" width=\"400\" height=\"284\" alt=\"Ferie na trampolinach!\" class=\"\" srcset=\"https:\/\/www.wielopolesolectwo.pl\/wp-content\/uploads\/2025\/12\/trampoliny_2020.jpg 479w, https:\/\/www.wielopolesolectwo.pl\/wp-content\/uploads\/2025\/12\/trampoliny_2020-400x284.jpg 480w\" sizes=\"(max-width:479px) 479px, 100vw\" \/><span data-icon=\"\ue050\" class=\"et_overlay et_pb_inline_icon\"><\/span><\/a><\/div><h5 class=\"entry-title\"><a href=\"https:\/\/www.wielopolesolectwo.pl\/index.php\/2020\/02\/04\/ferie-na-trampolinach\/\">Ferie na trampolinach!<\/a><\/h5><p class=\"post-meta\"><span class=\"published\">lut 4, 2020<\/span> | <span class=\"entry-categories\"><a href=\"https:\/\/www.wielopolesolectwo.pl\/index.php\/category\/aktualnosci\/\" rel=\"tag\">Aktualno\u015bci<\/a><\/span><\/p><div class=\"post-content\"><div class=\"post-content-inner\"><p>Na zako\u0144czenie ferii zimowych &#8211; 03.02.2020 r. nasze Stowarzyszenie dla dzieci i m\u0142odzie\u017cy szkolnej zorganizowa\u0142o wyjazd do parku trampolin NINJA JUMP w Nowym S\u0105czu. W zabawie wzi\u0119\u0142o udzia\u0142 osiemna\u015bcioro (18) m\u0142odzie\u017cy, \u017c\u0105dnej przyg\u00f3d i frajdy. Wszyscy bawili si\u0119&#8230;<\/p>\n<\/div><\/div><\/article><article class=\"et_pb_post et_pb_post_id_334 clearfix et_pb_blog_item_0_57 post-334 post type-post status-publish format-standard has-post-thumbnail hentry category-aktualnosci\"><div class=\"et_pb_image_container\"><a href=\"https:\/\/www.wielopolesolectwo.pl\/index.php\/2020\/01\/30\/ferie-z-kreglami-3\/\" class=\"entry-featured-image-url\"><img loading=\"lazy\" decoding=\"async\" src=\"https:\/\/www.wielopolesolectwo.pl\/wp-content\/uploads\/2025\/12\/kregle_2020_relacja_min.jpg\" width=\"360\" height=\"220\" alt=\"Ferie z kr\u0119glami!\" class=\"\" srcset=\"https:\/\/www.wielopolesolectwo.pl\/wp-content\/uploads\/2025\/12\/kregle_2020_relacja_min.jpg 479w, https:\/\/www.wielopolesolectwo.pl\/wp-content\/uploads\/2025\/12\/kregle_2020_relacja_min.jpg 480w\" sizes=\"(max-width:479px) 479px, 100vw\" \/><span data-icon=\"\ue050\" class=\"et_overlay et_pb_inline_icon\"><\/span><\/a><\/div><h5 class=\"entry-title\"><a href=\"https:\/\/www.wielopolesolectwo.pl\/index.php\/2020\/01\/30\/ferie-z-kreglami-3\/\">Ferie z kr\u0119glami!<\/a><\/h5><p class=\"post-meta\"><span class=\"published\">sty 30, 2020<\/span> | <span class=\"entry-categories\"><a href=\"https:\/\/www.wielopolesolectwo.pl\/index.php\/category\/aktualnosci\/\" rel=\"tag\">Aktualno\u015bci<\/a><\/span><\/p><div class=\"post-content\"><div class=\"post-content-inner\"><p>27 stycznia 2020 r. nasze Stowarzyszenie dla wszystkich ch\u0119tnych, m\u0142odzie\u017cy tej starszej i tej mniejszej, zafundowa\u0142o wyjazd do kr\u0119gielni. Zainteresowanie zabaw\u0105 jak zwykle by\u0142o du\u017ce &#8211; uczestniczy\u0142o w niej 18 os\u00f3b. Organizatorem spotkania byli Beata Turska i Ania&#8230;<\/p>\n<\/div><\/div><\/article><article class=\"et_pb_post et_pb_post_id_331 clearfix et_pb_blog_item_0_58 post-331 post type-post status-publish format-standard has-post-thumbnail hentry category-aktualnosci\"><div class=\"et_pb_image_container\"><a href=\"https:\/\/www.wielopolesolectwo.pl\/index.php\/2020\/01\/26\/ninja-jump-park-trampolin-2\/\" class=\"entry-featured-image-url\"><img loading=\"lazy\" decoding=\"async\" src=\"https:\/\/www.wielopolesolectwo.pl\/wp-content\/uploads\/2025\/12\/trampoliny_2020.jpg\" width=\"400\" height=\"284\" alt=\"Ninja Jump &#8211; park trampolin!\" class=\"\" srcset=\"https:\/\/www.wielopolesolectwo.pl\/wp-content\/uploads\/2025\/12\/trampoliny_2020.jpg 479w, https:\/\/www.wielopolesolectwo.pl\/wp-content\/uploads\/2025\/12\/trampoliny_2020-400x284.jpg 480w\" sizes=\"(max-width:479px) 479px, 100vw\" \/><span data-icon=\"\ue050\" class=\"et_overlay et_pb_inline_icon\"><\/span><\/a><\/div><h5 class=\"entry-title\"><a href=\"https:\/\/www.wielopolesolectwo.pl\/index.php\/2020\/01\/26\/ninja-jump-park-trampolin-2\/\">Ninja Jump &#8211; park trampolin!<\/a><\/h5><p class=\"post-meta\"><span class=\"published\">sty 26, 2020<\/span> | <span class=\"entry-categories\"><a href=\"https:\/\/www.wielopolesolectwo.pl\/index.php\/category\/aktualnosci\/\" rel=\"tag\">Aktualno\u015bci<\/a><\/span><\/p><div class=\"post-content\"><div class=\"post-content-inner\"><p>Informuj\u0119, \u017ce w dniu 03.02.2020 r. (pi\u0105tek) nasze Stowarzyszenie dla dzieci organizuje wyjazd na trampoliny do N. S\u0105cza przy ul. Kolejowej. Strona obiektu Wyjazd uczestnik\u00f3w w dniu 03.02.2020 r. o godz. 13.30 &#8211; zbi\u00f3rka ko\u0142o \u015bwietlicy w Wielopolu. Dojazd (i powr\u00f3t) -&#8230;<\/p>\n<\/div><\/div><\/article><article class=\"et_pb_post et_pb_post_id_328 clearfix et_pb_blog_item_0_59 post-328 post type-post status-publish format-standard has-post-thumbnail hentry category-aktualnosci\"><div class=\"et_pb_image_container\"><a href=\"https:\/\/www.wielopolesolectwo.pl\/index.php\/2020\/01\/19\/ferie-z-kreglami-zaproszenie-3\/\" class=\"entry-featured-image-url\"><img loading=\"lazy\" decoding=\"async\" src=\"https:\/\/www.wielopolesolectwo.pl\/wp-content\/uploads\/2025\/12\/kregle_2020.jpg\" width=\"263\" height=\"188\" alt=\"Ferie z kr\u0119glami &#8211; zaproszenie!\" class=\"\" srcset=\"https:\/\/www.wielopolesolectwo.pl\/wp-content\/uploads\/2025\/12\/kregle_2020.jpg 479w, https:\/\/www.wielopolesolectwo.pl\/wp-content\/uploads\/2025\/12\/kregle_2020.jpg 480w\" sizes=\"(max-width:479px) 479px, 100vw\" \/><span data-icon=\"\ue050\" class=\"et_overlay et_pb_inline_icon\"><\/span><\/a><\/div><h5 class=\"entry-title\"><a href=\"https:\/\/www.wielopolesolectwo.pl\/index.php\/2020\/01\/19\/ferie-z-kreglami-zaproszenie-3\/\">Ferie z kr\u0119glami &#8211; zaproszenie!<\/a><\/h5><p class=\"post-meta\"><span class=\"published\">sty 19, 2020<\/span> | <span class=\"entry-categories\"><a href=\"https:\/\/www.wielopolesolectwo.pl\/index.php\/category\/aktualnosci\/\" rel=\"tag\">Aktualno\u015bci<\/a><\/span><\/p><div class=\"post-content\"><div class=\"post-content-inner\"><p>Informuj\u0119, \u017ce w dniu 27.01.2020 r. (poniedzia\u0142ek) nasze Stowarzyszenie dla dzieci organizuje wyjazd do kr\u0119gielni ATOM przy ul. Grodzkiej w Nowym S\u0105czu. Wyjazd uczestnik\u00f3w w dniu 27.01.2019 r. Zbi\u00f3rka uczestnik\u00f3w wycieczki o godz. 13.30 ko\u0142o \u015bwietlicy w Wielopolu&#8230;.<\/p>\n<\/div><\/div><\/article><article class=\"et_pb_post et_pb_post_id_325 clearfix et_pb_blog_item_0_60 post-325 post type-post status-publish format-standard has-post-thumbnail hentry category-aktualnosci\"><div class=\"et_pb_image_container\"><a href=\"https:\/\/www.wielopolesolectwo.pl\/index.php\/2019\/12\/21\/zabawa-andrzejkowa-zdjecia\/\" class=\"entry-featured-image-url\"><img loading=\"lazy\" decoding=\"async\" src=\"https:\/\/www.wielopolesolectwo.pl\/wp-content\/uploads\/2025\/12\/popularne-wrozby-535871-GALLERY_BIG.jpg\" width=\"400\" height=\"284\" alt=\"Zabawa Andrzejkowa &#8211; zdj\u0119cia\" class=\"\" srcset=\"https:\/\/www.wielopolesolectwo.pl\/wp-content\/uploads\/2025\/12\/popularne-wrozby-535871-GALLERY_BIG.jpg 479w, https:\/\/www.wielopolesolectwo.pl\/wp-content\/uploads\/2025\/12\/popularne-wrozby-535871-GALLERY_BIG-400x284.jpg 480w\" sizes=\"(max-width:479px) 479px, 100vw\" \/><span data-icon=\"\ue050\" class=\"et_overlay et_pb_inline_icon\"><\/span><\/a><\/div><h5 class=\"entry-title\"><a href=\"https:\/\/www.wielopolesolectwo.pl\/index.php\/2019\/12\/21\/zabawa-andrzejkowa-zdjecia\/\">Zabawa Andrzejkowa &#8211; zdj\u0119cia<\/a><\/h5><p class=\"post-meta\"><span class=\"published\">gru 21, 2019<\/span> | <span class=\"entry-categories\"><a href=\"https:\/\/www.wielopolesolectwo.pl\/index.php\/category\/aktualnosci\/\" rel=\"tag\">Aktualno\u015bci<\/a><\/span><\/p><div class=\"post-content\"><div class=\"post-content-inner\"><p>Spotkanie Andrzejkowe, kt\u00f3re zorganizowane zosta\u0142o wsp\u00f3lnie przez Stowarzyszenie Rozwoju Wsi Wielopole i Ko\u0142a Gospody\u0144 Wiejskich Wielopole w dniu 30 listopada 2019 r. w naszej \u015bwietlicy, rozpocz\u0119\u0142o si\u0119 od zabawy z dzie\u0107mi. Kol. Gra\u017cyna Borkowska w skr\u00f3cie opowiedzia\u0142a&#8230;<\/p>\n<\/div><\/div><\/article><article class=\"et_pb_post et_pb_post_id_323 clearfix et_pb_blog_item_0_61 post-323 post type-post status-publish format-standard has-post-thumbnail hentry category-aktualnosci\"><div class=\"et_pb_image_container\"><a href=\"https:\/\/www.wielopolesolectwo.pl\/index.php\/2019\/10\/10\/jednodniowa-wycieczka-do-oswiecimia-oraz-krakowa-relacja\/\" class=\"entry-featured-image-url\"><img loading=\"lazy\" decoding=\"async\" src=\"https:\/\/www.wielopolesolectwo.pl\/wp-content\/uploads\/2025\/12\/plakat_oswiecim.jpg\" width=\"400\" height=\"284\" alt=\"Jednodniowa wycieczka do O\u015bwi\u0119cimia oraz Krakowa &#8211; relacja\" class=\"\" srcset=\"https:\/\/www.wielopolesolectwo.pl\/wp-content\/uploads\/2025\/12\/plakat_oswiecim.jpg 479w, https:\/\/www.wielopolesolectwo.pl\/wp-content\/uploads\/2025\/12\/plakat_oswiecim-400x284.jpg 480w\" sizes=\"(max-width:479px) 479px, 100vw\" \/><span data-icon=\"\ue050\" class=\"et_overlay et_pb_inline_icon\"><\/span><\/a><\/div><h5 class=\"entry-title\"><a href=\"https:\/\/www.wielopolesolectwo.pl\/index.php\/2019\/10\/10\/jednodniowa-wycieczka-do-oswiecimia-oraz-krakowa-relacja\/\">Jednodniowa wycieczka do O\u015bwi\u0119cimia oraz Krakowa &#8211; relacja<\/a><\/h5><p class=\"post-meta\"><span class=\"published\">pa\u017a 10, 2019<\/span> | <span class=\"entry-categories\"><a href=\"https:\/\/www.wielopolesolectwo.pl\/index.php\/category\/aktualnosci\/\" rel=\"tag\">Aktualno\u015bci<\/a><\/span><\/p><div class=\"post-content\"><div class=\"post-content-inner\"><p>W czterdziestoosobowej grupie z przewodnikiem, najpierw udali\u015bmy si\u0119 do Krakowa, gdzie w skupieniu i z podziwem zwiedzili\u015bmy kolejno: Sanktuarium Bo\u017cego Mi\u0142osierdzia w \u0141agiewnikach ze wspania\u0142ym architektonicznie ko\u015bcio\u0142em i zespo\u0142em klasztornym, gdzie Siostra&#8230;<\/p>\n<\/div><\/div><\/article><article class=\"et_pb_post et_pb_post_id_321 clearfix et_pb_blog_item_0_62 post-321 post type-post status-publish format-standard has-post-thumbnail hentry category-aktualnosci\"><div class=\"et_pb_image_container\"><a href=\"https:\/\/www.wielopolesolectwo.pl\/index.php\/2019\/10\/10\/takie-mamy-problemy-i-tematy-do-realizacji\/\" class=\"entry-featured-image-url\"><img loading=\"lazy\" decoding=\"async\" src=\"https:\/\/www.wielopolesolectwo.pl\/wp-content\/uploads\/2025\/12\/banner.gif\" width=\"400\" height=\"284\" alt=\"Takie mamy problemy i tematy do realizacji\" class=\"\" srcset=\"https:\/\/www.wielopolesolectwo.pl\/wp-content\/uploads\/2025\/12\/banner.gif 479w, https:\/\/www.wielopolesolectwo.pl\/wp-content\/uploads\/2025\/12\/banner-400x284.gif 480w\" sizes=\"(max-width:479px) 479px, 100vw\" \/><span data-icon=\"\ue050\" class=\"et_overlay et_pb_inline_icon\"><\/span><\/a><\/div><h5 class=\"entry-title\"><a href=\"https:\/\/www.wielopolesolectwo.pl\/index.php\/2019\/10\/10\/takie-mamy-problemy-i-tematy-do-realizacji\/\">Takie mamy problemy i tematy do realizacji<\/a><\/h5><p class=\"post-meta\"><span class=\"published\">pa\u017a 10, 2019<\/span> | <span class=\"entry-categories\"><a href=\"https:\/\/www.wielopolesolectwo.pl\/index.php\/category\/aktualnosci\/\" rel=\"tag\">Aktualno\u015bci<\/a><\/span><\/p><div class=\"post-content\"><div class=\"post-content-inner\"><p>Wszystkich zach\u0119camy do zapoznania si\u0119 z Protko\u0142em z zebrania wiejskiego, kt\u00f3re odby\u0142o si\u0119 w dniu 19.09.2019 w Wielopolu. Protok\u00f3l do pobrania tutaj<\/p>\n<\/div><\/div><\/article><article class=\"et_pb_post et_pb_post_id_318 clearfix et_pb_blog_item_0_63 post-318 post type-post status-publish format-standard has-post-thumbnail hentry category-aktualnosci\"><div class=\"et_pb_image_container\"><a href=\"https:\/\/www.wielopolesolectwo.pl\/index.php\/2019\/09\/30\/dla-zdrowia\/\" class=\"entry-featured-image-url\"><img loading=\"lazy\" decoding=\"async\" src=\"https:\/\/www.wielopolesolectwo.pl\/wp-content\/uploads\/2025\/12\/komora_min.jpg\" width=\"304\" height=\"171\" alt=\"Dla zdrowia&#8230;\" class=\"\" srcset=\"https:\/\/www.wielopolesolectwo.pl\/wp-content\/uploads\/2025\/12\/komora_min.jpg 479w, https:\/\/www.wielopolesolectwo.pl\/wp-content\/uploads\/2025\/12\/komora_min.jpg 480w\" sizes=\"(max-width:479px) 479px, 100vw\" \/><span data-icon=\"\ue050\" class=\"et_overlay et_pb_inline_icon\"><\/span><\/a><\/div><h5 class=\"entry-title\"><a href=\"https:\/\/www.wielopolesolectwo.pl\/index.php\/2019\/09\/30\/dla-zdrowia\/\">Dla zdrowia&#8230;<\/a><\/h5><p class=\"post-meta\"><span class=\"published\">wrz 30, 2019<\/span> | <span class=\"entry-categories\"><a href=\"https:\/\/www.wielopolesolectwo.pl\/index.php\/category\/aktualnosci\/\" rel=\"tag\">Aktualno\u015bci<\/a><\/span><\/p><div class=\"post-content\"><div class=\"post-content-inner\"><p>W ostatnie, niedzielne, letnie popo\u0142udnie grupa cz\u0142onk\u00f3w Klubu Seniora w Wielopolu skorzysta\u0142a z go\u015bcinno\u015bci naszego mieszka\u0144ca i przedsi\u0119biorcy P. Stanis\u0142awa Fa\u0142owskiego, uczestnicz\u0105c w dwugodzinnej sesji w komorze normobarycznej, kt\u00f3rej P. Fa\u0142owski jest wsp\u00f3\u0142tw\u00f3rc\u0105,&#8230;<\/p>\n<\/div><\/div><\/article><article class=\"et_pb_post et_pb_post_id_315 clearfix et_pb_blog_item_0_64 post-315 post type-post status-publish format-standard has-post-thumbnail hentry category-aktualnosci\"><div class=\"et_pb_image_container\"><a href=\"https:\/\/www.wielopolesolectwo.pl\/index.php\/2019\/08\/27\/jednodniowa-wycieczka-do-oswiecimia-oraz-krakowa\/\" class=\"entry-featured-image-url\"><img loading=\"lazy\" decoding=\"async\" src=\"https:\/\/www.wielopolesolectwo.pl\/wp-content\/uploads\/2025\/12\/plakat_oswiecim.jpg\" width=\"400\" height=\"284\" alt=\"Jednodniowa wycieczka do O\u015bwi\u0119cimia oraz Krakowa\" class=\"\" srcset=\"https:\/\/www.wielopolesolectwo.pl\/wp-content\/uploads\/2025\/12\/plakat_oswiecim.jpg 479w, https:\/\/www.wielopolesolectwo.pl\/wp-content\/uploads\/2025\/12\/plakat_oswiecim-400x284.jpg 480w\" sizes=\"(max-width:479px) 479px, 100vw\" \/><span data-icon=\"\ue050\" class=\"et_overlay et_pb_inline_icon\"><\/span><\/a><\/div><h5 class=\"entry-title\"><a href=\"https:\/\/www.wielopolesolectwo.pl\/index.php\/2019\/08\/27\/jednodniowa-wycieczka-do-oswiecimia-oraz-krakowa\/\">Jednodniowa wycieczka do O\u015bwi\u0119cimia oraz Krakowa<\/a><\/h5><p class=\"post-meta\"><span class=\"published\">sie 27, 2019<\/span> | <span class=\"entry-categories\"><a href=\"https:\/\/www.wielopolesolectwo.pl\/index.php\/category\/aktualnosci\/\" rel=\"tag\">Aktualno\u015bci<\/a><\/span><\/p><div class=\"post-content\"><div class=\"post-content-inner\"><p>Ko\u0142o Gospody\u0144 Wiejskich Wielopole zaprasza mieszka\u0144c\u00f3w do udzia\u0142u w wycieczce historyczno-edukacyjnej w dniu 28.09.2019. (sobota) do zwiedzania: 1. Obozu zag\u0142ady KL Auschwitz-Birkenau Ob\u00f3z Auschwitz sta\u0142 si\u0119 dla \u015bwiata symbolem terroru, ludob\u00f3jstwa i Szoa. Utworzony&#8230;<\/p>\n<\/div><\/div><\/article><article class=\"et_pb_post et_pb_post_id_312 clearfix et_pb_blog_item_0_65 post-312 post type-post status-publish format-standard has-post-thumbnail hentry category-aktualnosci\"><div class=\"et_pb_image_container\"><a href=\"https:\/\/www.wielopolesolectwo.pl\/index.php\/2019\/08\/21\/wiejski-festyn-relacja-zdjecia\/\" class=\"entry-featured-image-url\"><img loading=\"lazy\" decoding=\"async\" src=\"https:\/\/www.wielopolesolectwo.pl\/wp-content\/uploads\/2025\/12\/festyn_2019_min.jpg\" width=\"218\" height=\"146\" alt=\"Wiejski Festyn &#8211; relacja, zdj\u0119cia\" class=\"\" srcset=\"https:\/\/www.wielopolesolectwo.pl\/wp-content\/uploads\/2025\/12\/festyn_2019_min.jpg 479w, https:\/\/www.wielopolesolectwo.pl\/wp-content\/uploads\/2025\/12\/festyn_2019_min.jpg 480w\" sizes=\"(max-width:479px) 479px, 100vw\" \/><span data-icon=\"\ue050\" class=\"et_overlay et_pb_inline_icon\"><\/span><\/a><\/div><h5 class=\"entry-title\"><a href=\"https:\/\/www.wielopolesolectwo.pl\/index.php\/2019\/08\/21\/wiejski-festyn-relacja-zdjecia\/\">Wiejski Festyn &#8211; relacja, zdj\u0119cia<\/a><\/h5><p class=\"post-meta\"><span class=\"published\">sie 21, 2019<\/span> | <span class=\"entry-categories\"><a href=\"https:\/\/www.wielopolesolectwo.pl\/index.php\/category\/aktualnosci\/\" rel=\"tag\">Aktualno\u015bci<\/a><\/span><\/p><div class=\"post-content\"><div class=\"post-content-inner\"><p>Ale si\u0119 dzia\u0142o! 10 sierpnia, po raz kolejny odby\u0142 si\u0119 Festyn Wiejski zorganizowany przez So\u0142tysa i Rad\u0119 So\u0142eck\u0105, przy wsp\u00f3\u0142udziale Stowarzyszenia Rozwoju So\u0142ectwa Wielopole pod okiem Prezesa Pana Stefana Opalskiego i Ko\u0142a Gospody\u0144 Wiejskich pod kierownictwem Pani&#8230;<\/p>\n<\/div><\/div><\/article><article class=\"et_pb_post et_pb_post_id_309 clearfix et_pb_blog_item_0_66 post-309 post type-post status-publish format-standard has-post-thumbnail hentry category-aktualnosci\"><div class=\"et_pb_image_container\"><a href=\"https:\/\/www.wielopolesolectwo.pl\/index.php\/2019\/06\/05\/zaproszenie-na-festyn-wiejski\/\" class=\"entry-featured-image-url\"><img loading=\"lazy\" decoding=\"async\" src=\"https:\/\/www.wielopolesolectwo.pl\/wp-content\/uploads\/2025\/12\/festyn_plakat_2019.jpg\" width=\"400\" height=\"284\" alt=\"Zaproszenie na FESTYN WIEJSKI!\" class=\"\" srcset=\"https:\/\/www.wielopolesolectwo.pl\/wp-content\/uploads\/2025\/12\/festyn_plakat_2019.jpg 479w, https:\/\/www.wielopolesolectwo.pl\/wp-content\/uploads\/2025\/12\/festyn_plakat_2019-400x284.jpg 480w\" sizes=\"(max-width:479px) 479px, 100vw\" \/><span data-icon=\"\ue050\" class=\"et_overlay et_pb_inline_icon\"><\/span><\/a><\/div><h5 class=\"entry-title\"><a href=\"https:\/\/www.wielopolesolectwo.pl\/index.php\/2019\/06\/05\/zaproszenie-na-festyn-wiejski\/\">Zaproszenie na FESTYN WIEJSKI!<\/a><\/h5><p class=\"post-meta\"><span class=\"published\">cze 5, 2019<\/span> | <span class=\"entry-categories\"><a href=\"https:\/\/www.wielopolesolectwo.pl\/index.php\/category\/aktualnosci\/\" rel=\"tag\">Aktualno\u015bci<\/a><\/span><\/p><div class=\"post-content\"><div class=\"post-content-inner\"><p>ZAPROSZENIE So\u0142tys i Rada So\u0142ecka Wielopola zapraszaj\u0105 na FESTYN WIEJSKI zorganizowany przy wsp\u00f3\u0142udziale Ko\u0142a Gospody\u0144 Wiejskich i Stowarzyszenia Rozwoju So\u0142ectwa Wielopole (VII Rodzinne Sportowe Spotkanie przy grillu) w dn. 10.08.2019 r. o godz. 16-tej w Wielopolu&#8230;.<\/p>\n<\/div><\/div><\/article><article class=\"et_pb_post et_pb_post_id_306 clearfix et_pb_blog_item_0_67 post-306 post type-post status-publish format-standard has-post-thumbnail hentry category-aktualnosci\"><div class=\"et_pb_image_container\"><a href=\"https:\/\/www.wielopolesolectwo.pl\/index.php\/2019\/06\/05\/szlakiem-piastow-slaskich-relacja-zdjecia\/\" class=\"entry-featured-image-url\"><img loading=\"lazy\" decoding=\"async\" src=\"https:\/\/www.wielopolesolectwo.pl\/wp-content\/uploads\/2025\/12\/wroclaw_reportaz_min.jpg\" width=\"352\" height=\"165\" alt=\"&#8222;Szlakiem Piast\u00f3w \u015bl\u0105skich&#8221; &#8211; relacja, zdj\u0119cia\" class=\"\" srcset=\"https:\/\/www.wielopolesolectwo.pl\/wp-content\/uploads\/2025\/12\/wroclaw_reportaz_min.jpg 479w, https:\/\/www.wielopolesolectwo.pl\/wp-content\/uploads\/2025\/12\/wroclaw_reportaz_min.jpg 480w\" sizes=\"(max-width:479px) 479px, 100vw\" \/><span data-icon=\"\ue050\" class=\"et_overlay et_pb_inline_icon\"><\/span><\/a><\/div><h5 class=\"entry-title\"><a href=\"https:\/\/www.wielopolesolectwo.pl\/index.php\/2019\/06\/05\/szlakiem-piastow-slaskich-relacja-zdjecia\/\">&#8222;Szlakiem Piast\u00f3w \u015bl\u0105skich&#8221; &#8211; relacja, zdj\u0119cia<\/a><\/h5><p class=\"post-meta\"><span class=\"published\">cze 5, 2019<\/span> | <span class=\"entry-categories\"><a href=\"https:\/\/www.wielopolesolectwo.pl\/index.php\/category\/aktualnosci\/\" rel=\"tag\">Aktualno\u015bci<\/a><\/span><\/p><div class=\"post-content\"><div class=\"post-content-inner\"><p>WYCIECZKA OBJAZDOWA WROC\u0141AW, ZAMEK KSI\u0104\u017b, OS\u00d3WEK pn.: Szlakiem Piast\u00f3w \u015bl\u0105skich W dniach 01.06.2019 \u0096 02.06.2019 Stowarzyszenie Rozwoju So\u0142ectwa Wielopole w ramach zadania publicznego wspieranego przez Gmin\u0119 Che\u0142miec: &#8222;Kultura, ochrona d\u00f3br kultury i zachowanie&#8230;<\/p>\n<\/div><\/div><\/article><article class=\"et_pb_post et_pb_post_id_302 clearfix et_pb_blog_item_0_68 post-302 post type-post status-publish format-standard has-post-thumbnail hentry category-aktualnosci\"><div class=\"et_pb_image_container\"><a href=\"https:\/\/www.wielopolesolectwo.pl\/index.php\/2019\/05\/20\/majowe-spiewanie\/\" class=\"entry-featured-image-url\"><img loading=\"lazy\" decoding=\"async\" src=\"https:\/\/www.wielopolesolectwo.pl\/wp-content\/uploads\/2025\/12\/spiewanie_min-1.jpg\" width=\"277\" height=\"185\" alt=\"Majowe \u015bpiewanie\" class=\"\" srcset=\"https:\/\/www.wielopolesolectwo.pl\/wp-content\/uploads\/2025\/12\/spiewanie_min-1.jpg 479w, https:\/\/www.wielopolesolectwo.pl\/wp-content\/uploads\/2025\/12\/spiewanie_min-1.jpg 480w\" sizes=\"(max-width:479px) 479px, 100vw\" \/><span data-icon=\"\ue050\" class=\"et_overlay et_pb_inline_icon\"><\/span><\/a><\/div><h5 class=\"entry-title\"><a href=\"https:\/\/www.wielopolesolectwo.pl\/index.php\/2019\/05\/20\/majowe-spiewanie\/\">Majowe \u015bpiewanie<\/a><\/h5><p class=\"post-meta\"><span class=\"published\">maj 20, 2019<\/span> | <span class=\"entry-categories\"><a href=\"https:\/\/www.wielopolesolectwo.pl\/index.php\/category\/aktualnosci\/\" rel=\"tag\">Aktualno\u015bci<\/a><\/span><\/p><div class=\"post-content\"><div class=\"post-content-inner\"><p>I znowu, z majow\u0105 tradycj\u0105, spotkali\u015bmy si\u0119 11 maja wieczorem ko\u0142o \u015bwietlicy przy ognisku na wsp\u00f3lnym \u015bpiewaniu. Tym razem uczestniczyli i wsp\u00f3\u0142organizowali to spotkanie cz\u0142onkowie Stowarzyszenia Rozwoju So\u0142ectwa Wielopole, Ko\u0142a Gospody\u0144 Wiejskich i Klubu Seniora&#8230;.<\/p>\n<\/div><\/div><\/article><article class=\"et_pb_post et_pb_post_id_295 clearfix et_pb_blog_item_0_69 post-295 post type-post status-publish format-standard has-post-thumbnail hentry category-aktualnosci\"><div class=\"et_pb_image_container\"><a href=\"https:\/\/www.wielopolesolectwo.pl\/index.php\/2019\/04\/24\/dwudniowa-wycieczka-szlakiem-piastow-slaskich\/\" class=\"entry-featured-image-url\"><img loading=\"lazy\" decoding=\"async\" src=\"https:\/\/www.wielopolesolectwo.pl\/wp-content\/uploads\/2025\/12\/plakat_wroclaw-scaled.jpg\" width=\"400\" height=\"284\" alt=\"Dwudniowa wycieczka &#8222;Szlakiem Piast\u00f3w \u015bl\u0105skich&#8221;\" class=\"\" srcset=\"https:\/\/www.wielopolesolectwo.pl\/wp-content\/uploads\/2025\/12\/plakat_wroclaw-scaled.jpg 479w, https:\/\/www.wielopolesolectwo.pl\/wp-content\/uploads\/2025\/12\/plakat_wroclaw-400x284.jpg 480w\" sizes=\"(max-width:479px) 479px, 100vw\" \/><span data-icon=\"\ue050\" class=\"et_overlay et_pb_inline_icon\"><\/span><\/a><\/div><h5 class=\"entry-title\"><a href=\"https:\/\/www.wielopolesolectwo.pl\/index.php\/2019\/04\/24\/dwudniowa-wycieczka-szlakiem-piastow-slaskich\/\">Dwudniowa wycieczka &#8222;Szlakiem Piast\u00f3w \u015bl\u0105skich&#8221;<\/a><\/h5><p class=\"post-meta\"><span class=\"published\">kwi 24, 2019<\/span> | <span class=\"entry-categories\"><a href=\"https:\/\/www.wielopolesolectwo.pl\/index.php\/category\/aktualnosci\/\" rel=\"tag\">Aktualno\u015bci<\/a><\/span><\/p><div class=\"post-content\"><div class=\"post-content-inner\"><p>Z przyjemno\u015bci\u0105 informujemy wszystkich mieszka\u0144c\u00f3w gminy Che\u0142miec, \u017ce nasze Stowarzyszenie w ramach zadania publicznego wspieranego przez Gmin\u0119 Che\u0142miec: &#8222;Kultura, ochrona d\u00f3br kultury i zachowanie tradycji regionalnych poprzez: upami\u0119tnianie miejsc pami\u0119ci narodowej&#8230;<\/p>\n<\/div><\/div><\/article><article class=\"et_pb_post et_pb_post_id_281 clearfix et_pb_blog_item_0_70 post-281 post type-post status-publish format-standard has-post-thumbnail hentry category-aktualnosci\"><div class=\"et_pb_image_container\"><a href=\"https:\/\/www.wielopolesolectwo.pl\/index.php\/2019\/04\/16\/osoby-wazne-dla-naszego-solectwa-nasz-sasiad-inzynier-i-artysta-zygmunt-lewczuk\/\" class=\"entry-featured-image-url\"><img loading=\"lazy\" decoding=\"async\" src=\"https:\/\/www.wielopolesolectwo.pl\/wp-content\/uploads\/2025\/12\/5.jpg\" width=\"400\" height=\"284\" alt=\"Osoby wa\u017cne dla naszego so\u0142ectwa &#8211; nasz s\u0105siad, in\u017cynier i artysta Zygmunt Lewczuk\" class=\"\" srcset=\"https:\/\/www.wielopolesolectwo.pl\/wp-content\/uploads\/2025\/12\/5.jpg 479w, https:\/\/www.wielopolesolectwo.pl\/wp-content\/uploads\/2025\/12\/5-400x284.jpg 480w\" sizes=\"(max-width:479px) 479px, 100vw\" \/><span data-icon=\"\ue050\" class=\"et_overlay et_pb_inline_icon\"><\/span><\/a><\/div><h5 class=\"entry-title\"><a href=\"https:\/\/www.wielopolesolectwo.pl\/index.php\/2019\/04\/16\/osoby-wazne-dla-naszego-solectwa-nasz-sasiad-inzynier-i-artysta-zygmunt-lewczuk\/\">Osoby wa\u017cne dla naszego so\u0142ectwa &#8211; nasz s\u0105siad, in\u017cynier i artysta Zygmunt Lewczuk<\/a><\/h5><p class=\"post-meta\"><span class=\"published\">kwi 16, 2019<\/span> | <span class=\"entry-categories\"><a href=\"https:\/\/www.wielopolesolectwo.pl\/index.php\/category\/aktualnosci\/\" rel=\"tag\">Aktualno\u015bci<\/a><\/span><\/p><div class=\"post-content\"><div class=\"post-content-inner\"><p>Zygmunt Lewczuk mieszka w\u015br\u00f3d nas w Wielopolu od 40-u lat. W nowos\u0105deckim Domu Gotyckim przy ul. Lwowskiej 3, z okazji 50-tej rocznicy jego pracy zawodowej trwa wystawa jego akwarel, zdj\u0119\u0107 z realizacji projekt\u00f3w, fragment\u00f3w dokumentacji architektonicznych i zdj\u0119\u0107 z&#8230;<\/p>\n<\/div><\/div><\/article><article class=\"et_pb_post et_pb_post_id_277 clearfix et_pb_blog_item_0_71 post-277 post type-post status-publish format-standard has-post-thumbnail hentry category-aktualnosci\"><div class=\"et_pb_image_container\"><a href=\"https:\/\/www.wielopolesolectwo.pl\/index.php\/2019\/03\/29\/smieci-mniej-ziemi-lzej-2\/\" class=\"entry-featured-image-url\"><img loading=\"lazy\" decoding=\"async\" src=\"https:\/\/www.wielopolesolectwo.pl\/wp-content\/uploads\/2025\/12\/smieci_2019.jpg\" width=\"400\" height=\"284\" alt=\"\u015amieci mniej, ziemi l\u017cej\" class=\"\" srcset=\"https:\/\/www.wielopolesolectwo.pl\/wp-content\/uploads\/2025\/12\/smieci_2019.jpg 479w, https:\/\/www.wielopolesolectwo.pl\/wp-content\/uploads\/2025\/12\/smieci_2019-400x284.jpg 480w\" sizes=\"(max-width:479px) 479px, 100vw\" \/><span data-icon=\"\ue050\" class=\"et_overlay et_pb_inline_icon\"><\/span><\/a><\/div><h5 class=\"entry-title\"><a href=\"https:\/\/www.wielopolesolectwo.pl\/index.php\/2019\/03\/29\/smieci-mniej-ziemi-lzej-2\/\">\u015amieci mniej, ziemi l\u017cej<\/a><\/h5><p class=\"post-meta\"><span class=\"published\">mar 29, 2019<\/span> | <span class=\"entry-categories\"><a href=\"https:\/\/www.wielopolesolectwo.pl\/index.php\/category\/aktualnosci\/\" rel=\"tag\">Aktualno\u015bci<\/a><\/span><\/p><div class=\"post-content\"><div class=\"post-content-inner\"><p>Zarz\u0105d Stowarzyszenia Rozwoju So\u0142ectwa Wielopole po raz kolejny zaprasza mieszka\u0144c\u00f3w (a szczeg\u00f3lnie m\u0142odych) na coroczn\u0105, wiosenn\u0105 akcj\u0119 wsp\u00f3lnego sprz\u0105tania naszej wsi. Opr\u00f3cz efekt\u00f3w integracyjnych i porz\u0105dkowych (w zesz\u0142ym roku zebrali\u015bmy 50 work\u00f3w \u015bmieci), nasze&#8230;<\/p>\n<\/div><\/div><\/article><article class=\"et_pb_post et_pb_post_id_273 clearfix et_pb_blog_item_0_72 post-273 post type-post status-publish format-standard has-post-thumbnail hentry category-aktualnosci\"><div class=\"et_pb_image_container\"><a href=\"https:\/\/www.wielopolesolectwo.pl\/index.php\/2019\/01\/28\/trampoliny-w-ferie-2019-relacja-i-zdjecia\/\" class=\"entry-featured-image-url\"><img loading=\"lazy\" decoding=\"async\" src=\"https:\/\/www.wielopolesolectwo.pl\/wp-content\/uploads\/2025\/12\/trampoliny_2019_relacja_min.jpg\" width=\"400\" height=\"210\" alt=\"Trampoliny w ferie 2019! Relacja i zdj\u0119cia!\" class=\"\" srcset=\"https:\/\/www.wielopolesolectwo.pl\/wp-content\/uploads\/2025\/12\/trampoliny_2019_relacja_min.jpg 479w, https:\/\/www.wielopolesolectwo.pl\/wp-content\/uploads\/2025\/12\/trampoliny_2019_relacja_min-400x210.jpg 480w\" sizes=\"(max-width:479px) 479px, 100vw\" \/><span data-icon=\"\ue050\" class=\"et_overlay et_pb_inline_icon\"><\/span><\/a><\/div><h5 class=\"entry-title\"><a href=\"https:\/\/www.wielopolesolectwo.pl\/index.php\/2019\/01\/28\/trampoliny-w-ferie-2019-relacja-i-zdjecia\/\">Trampoliny w ferie 2019! Relacja i zdj\u0119cia!<\/a><\/h5><p class=\"post-meta\"><span class=\"published\">sty 28, 2019<\/span> | <span class=\"entry-categories\"><a href=\"https:\/\/www.wielopolesolectwo.pl\/index.php\/category\/aktualnosci\/\" rel=\"tag\">Aktualno\u015bci<\/a><\/span><\/p><div class=\"post-content\"><div class=\"post-content-inner\"><p>Na zako\u0144czenie ferii zimowych &#8211; 25.01.2018 r. nasze Stowarzyszenie dla dzieci i m\u0142odzie\u017cy szkolnej zorganizowa\u0142o wyjazd do parku trampolin NINJA JUMP w Nowym S\u0105czu. Zn\u00f3w dopisa\u0142a frekwencja!!!! W zabawie wzi\u0119\u0142o udzia\u0142 trzydzie\u015bcioro (30) m\u0142odzie\u017cy, \u017c\u0105dnej przyg\u00f3d i&#8230;<\/p>\n<\/div><\/div><\/article><article class=\"et_pb_post et_pb_post_id_269 clearfix et_pb_blog_item_0_73 post-269 post type-post status-publish format-standard has-post-thumbnail hentry category-aktualnosci\"><div class=\"et_pb_image_container\"><a href=\"https:\/\/www.wielopolesolectwo.pl\/index.php\/2019\/01\/27\/1-podatku\/\" class=\"entry-featured-image-url\"><img loading=\"lazy\" decoding=\"async\" src=\"https:\/\/www.wielopolesolectwo.pl\/wp-content\/uploads\/2025\/12\/1_procent.jpg\" width=\"400\" height=\"284\" alt=\"1% podatku\" class=\"\" srcset=\"https:\/\/www.wielopolesolectwo.pl\/wp-content\/uploads\/2025\/12\/1_procent.jpg 479w, https:\/\/www.wielopolesolectwo.pl\/wp-content\/uploads\/2025\/12\/1_procent-400x284.jpg 480w\" sizes=\"(max-width:479px) 479px, 100vw\" \/><span data-icon=\"\ue050\" class=\"et_overlay et_pb_inline_icon\"><\/span><\/a><\/div><h5 class=\"entry-title\"><a href=\"https:\/\/www.wielopolesolectwo.pl\/index.php\/2019\/01\/27\/1-podatku\/\">1% podatku<\/a><\/h5><p class=\"post-meta\"><span class=\"published\">sty 27, 2019<\/span> | <span class=\"entry-categories\"><a href=\"https:\/\/www.wielopolesolectwo.pl\/index.php\/category\/aktualnosci\/\" rel=\"tag\">Aktualno\u015bci<\/a><\/span><\/p><div class=\"post-content\"><div class=\"post-content-inner\"><p>Szanowni Pa\u0144stwo! S\u0105d uzna\u0142 dotychczasowe dzia\u0142ania prospo\u0142eczne i efekty tych dzia\u0142a\u0144 z lat istnienia naszego Stowarzyszenia Rozwoju So\u0142ectwa Wielopole jako wystarczaj\u0105ce, \u017ceby nada\u0107 nam specjalny status (OPP) \u0096 wyr\u00f3\u017cnienie organizacji pozarz\u0105dowej. Z roku na rok&#8230;<\/p>\n<\/div><\/div><\/article><article class=\"et_pb_post et_pb_post_id_266 clearfix et_pb_blog_item_0_74 post-266 post type-post status-publish format-standard has-post-thumbnail hentry category-aktualnosci\"><div class=\"et_pb_image_container\"><a href=\"https:\/\/www.wielopolesolectwo.pl\/index.php\/2019\/01\/22\/ferie-z-kreglami-2\/\" class=\"entry-featured-image-url\"><img loading=\"lazy\" decoding=\"async\" src=\"https:\/\/www.wielopolesolectwo.pl\/wp-content\/uploads\/2025\/12\/kregle_2019_relacja_min.jpg\" width=\"332\" height=\"252\" alt=\"Ferie z kr\u0119glami!\" class=\"\" srcset=\"https:\/\/www.wielopolesolectwo.pl\/wp-content\/uploads\/2025\/12\/kregle_2019_relacja_min.jpg 479w, https:\/\/www.wielopolesolectwo.pl\/wp-content\/uploads\/2025\/12\/kregle_2019_relacja_min.jpg 480w\" sizes=\"(max-width:479px) 479px, 100vw\" \/><span data-icon=\"\ue050\" class=\"et_overlay et_pb_inline_icon\"><\/span><\/a><\/div><h5 class=\"entry-title\"><a href=\"https:\/\/www.wielopolesolectwo.pl\/index.php\/2019\/01\/22\/ferie-z-kreglami-2\/\">Ferie z kr\u0119glami!<\/a><\/h5><p class=\"post-meta\"><span class=\"published\">sty 22, 2019<\/span> | <span class=\"entry-categories\"><a href=\"https:\/\/www.wielopolesolectwo.pl\/index.php\/category\/aktualnosci\/\" rel=\"tag\">Aktualno\u015bci<\/a><\/span><\/p><div class=\"post-content\"><div class=\"post-content-inner\"><p>21 stycznia 2019 r. Nasze Stowarzyszenie dla wszystkich ch\u0119tnych, m\u0142odzie\u017cy tej starszej i tej mniejszej, zafundowa\u0142o wyjazd do kr\u0119gielni. Zainteresowanie zabaw\u0105 przeros\u0142o oczekiwania organizator\u00f3w &#8211; uczestniczy\u0142o w niej 28 os\u00f3b. Zabaw\u0119 zorganizowa\u0142y Beata Turska i&#8230;<\/p>\n<\/div><\/div><\/article><article class=\"et_pb_post et_pb_post_id_258 clearfix et_pb_blog_item_0_75 post-258 post type-post status-publish format-standard has-post-thumbnail hentry category-aktualnosci\"><div class=\"et_pb_image_container\"><a href=\"https:\/\/www.wielopolesolectwo.pl\/index.php\/2019\/01\/17\/kalendarz-stowrzyszenia-rozwoju-solectwa-wielopole-na-rok-2019\/\" class=\"entry-featured-image-url\"><img loading=\"lazy\" decoding=\"async\" src=\"https:\/\/www.wielopolesolectwo.pl\/wp-content\/uploads\/2025\/12\/kalendarz_2019_min.jpg\" width=\"177\" height=\"250\" alt=\"Kalendarz Stowarzyszenia Rozwoju So\u0142ectwa Wielopole na rok 2019!\" class=\"\" srcset=\"https:\/\/www.wielopolesolectwo.pl\/wp-content\/uploads\/2025\/12\/kalendarz_2019_min.jpg 479w, https:\/\/www.wielopolesolectwo.pl\/wp-content\/uploads\/2025\/12\/kalendarz_2019_min.jpg 480w\" sizes=\"(max-width:479px) 479px, 100vw\" \/><span data-icon=\"\ue050\" class=\"et_overlay et_pb_inline_icon\"><\/span><\/a><\/div><h5 class=\"entry-title\"><a href=\"https:\/\/www.wielopolesolectwo.pl\/index.php\/2019\/01\/17\/kalendarz-stowrzyszenia-rozwoju-solectwa-wielopole-na-rok-2019\/\">Kalendarz Stowarzyszenia Rozwoju So\u0142ectwa Wielopole na rok 2019!<\/a><\/h5><p class=\"post-meta\"><span class=\"published\">sty 17, 2019<\/span> | <span class=\"entry-categories\"><a href=\"https:\/\/www.wielopolesolectwo.pl\/index.php\/category\/aktualnosci\/\" rel=\"tag\">Aktualno\u015bci<\/a><\/span><\/p><div class=\"post-content\"><div class=\"post-content-inner\"><p>Informujemy wszystkich cz\u0142onk\u00f3w i sympatyk\u00f3w Stowarzyszenia, \u017ce wydali\u015bmy &#8222;Kalendarz \u015bcienny na 2019 r.&#8221; Kalendarze mo\u017cna odebra\u0107 w siedzibie Stowarzyszenia czyli w \u015bwietlicy w godzinach jej pracy. Kalendarze s\u0105 za darmo, ale mile b\u0119dzie widziana ka\u017cda wp\u0142ata do&#8230;<\/p>\n<\/div><\/div><\/article><article class=\"et_pb_post et_pb_post_id_255 clearfix et_pb_blog_item_0_76 post-255 post type-post status-publish format-standard has-post-thumbnail hentry category-aktualnosci\"><div class=\"et_pb_image_container\"><a href=\"https:\/\/www.wielopolesolectwo.pl\/index.php\/2019\/01\/13\/ninja-jump-park-trampolin\/\" class=\"entry-featured-image-url\"><img loading=\"lazy\" decoding=\"async\" src=\"https:\/\/www.wielopolesolectwo.pl\/wp-content\/uploads\/2025\/12\/trampoliny_2019.jpg\" width=\"275\" height=\"183\" alt=\"Ninja Jump &#8211; park trampolin!\" class=\"\" srcset=\"https:\/\/www.wielopolesolectwo.pl\/wp-content\/uploads\/2025\/12\/trampoliny_2019.jpg 479w, https:\/\/www.wielopolesolectwo.pl\/wp-content\/uploads\/2025\/12\/trampoliny_2019.jpg 480w\" sizes=\"(max-width:479px) 479px, 100vw\" \/><span data-icon=\"\ue050\" class=\"et_overlay et_pb_inline_icon\"><\/span><\/a><\/div><h5 class=\"entry-title\"><a href=\"https:\/\/www.wielopolesolectwo.pl\/index.php\/2019\/01\/13\/ninja-jump-park-trampolin\/\">Ninja Jump &#8211; park trampolin!<\/a><\/h5><p class=\"post-meta\"><span class=\"published\">sty 13, 2019<\/span> | <span class=\"entry-categories\"><a href=\"https:\/\/www.wielopolesolectwo.pl\/index.php\/category\/aktualnosci\/\" rel=\"tag\">Aktualno\u015bci<\/a><\/span><\/p><div class=\"post-content\"><div class=\"post-content-inner\"><p>Informuj\u0119, \u017ce w dniu 25.01.2019 r. (pi\u0105tek) nasze Stowarzyszenie dla dzieci organizuje wyjazd na trampoliny do N. S\u0105cza przy ul. Kolejowej. http:\/\/nowysacz.ninjajump.pl\/ Wyjazd uczestnik\u00f3w w dniu 25.01.2019 r. o godz. 12.15 ko\u0142o \u015bwietlicy w Wielopolu.Dojazd (i powr\u00f3t)&#8230;<\/p>\n<\/div><\/div><\/article><article class=\"et_pb_post et_pb_post_id_252 clearfix et_pb_blog_item_0_77 post-252 post type-post status-publish format-standard has-post-thumbnail hentry category-aktualnosci\"><div class=\"et_pb_image_container\"><a href=\"https:\/\/www.wielopolesolectwo.pl\/index.php\/2019\/01\/13\/ferie-z-kreglami-zaproszenie-2\/\" class=\"entry-featured-image-url\"><img loading=\"lazy\" decoding=\"async\" src=\"https:\/\/www.wielopolesolectwo.pl\/wp-content\/uploads\/2025\/12\/kregle_2019.jpg\" width=\"300\" height=\"142\" alt=\"Ferie z kr\u0119glami &#8211; zaproszenie!\" class=\"\" srcset=\"https:\/\/www.wielopolesolectwo.pl\/wp-content\/uploads\/2025\/12\/kregle_2019.jpg 479w, https:\/\/www.wielopolesolectwo.pl\/wp-content\/uploads\/2025\/12\/kregle_2019.jpg 480w\" sizes=\"(max-width:479px) 479px, 100vw\" \/><span data-icon=\"\ue050\" class=\"et_overlay et_pb_inline_icon\"><\/span><\/a><\/div><h5 class=\"entry-title\"><a href=\"https:\/\/www.wielopolesolectwo.pl\/index.php\/2019\/01\/13\/ferie-z-kreglami-zaproszenie-2\/\">Ferie z kr\u0119glami &#8211; zaproszenie!<\/a><\/h5><p class=\"post-meta\"><span class=\"published\">sty 13, 2019<\/span> | <span class=\"entry-categories\"><a href=\"https:\/\/www.wielopolesolectwo.pl\/index.php\/category\/aktualnosci\/\" rel=\"tag\">Aktualno\u015bci<\/a><\/span><\/p><div class=\"post-content\"><div class=\"post-content-inner\"><p>Informuj\u0119, \u017ce w dniu 21.01.2019 r. (poniedzia\u0142ek) nasze Stowarzyszenie organizuje dla dzieci wyjazd na kr\u0119gielnie do N. S\u0105cza przy ul. Grodzkiej. Opr\u00f3cz gry w kr\u0119gle uczestnik\u00f3w zmaga\u0144 sportowych zapraszamy na pizz\u0119. Zbi\u00f3rka uczestnik\u00f3w w dniu 21.01.2019 r. o godz&#8230;.<\/p>\n<\/div><\/div><\/article><article class=\"et_pb_post et_pb_post_id_249 clearfix et_pb_blog_item_0_78 post-249 post type-post status-publish format-standard has-post-thumbnail hentry category-aktualnosci\"><div class=\"et_pb_image_container\"><a href=\"https:\/\/www.wielopolesolectwo.pl\/index.php\/2019\/01\/07\/udalo-sie-wstepna-koncepcja-budowy-kompleksu-rekreacyjno-sportowego\/\" class=\"entry-featured-image-url\"><img loading=\"lazy\" decoding=\"async\" src=\"https:\/\/www.wielopolesolectwo.pl\/wp-content\/uploads\/2025\/12\/plansza_pzt_min.jpg\" width=\"299\" height=\"284\" alt=\"Uda\u0142o si\u0119! Wst\u0119pna koncepcja budowy kompleksu rekreacyjno &#8211; sportowego!\" class=\"\" srcset=\"https:\/\/www.wielopolesolectwo.pl\/wp-content\/uploads\/2025\/12\/plansza_pzt_min.jpg 479w, https:\/\/www.wielopolesolectwo.pl\/wp-content\/uploads\/2025\/12\/plansza_pzt_min-299x284.jpg 480w\" sizes=\"(max-width:479px) 479px, 100vw\" \/><span data-icon=\"\ue050\" class=\"et_overlay et_pb_inline_icon\"><\/span><\/a><\/div><h5 class=\"entry-title\"><a href=\"https:\/\/www.wielopolesolectwo.pl\/index.php\/2019\/01\/07\/udalo-sie-wstepna-koncepcja-budowy-kompleksu-rekreacyjno-sportowego\/\">Uda\u0142o si\u0119! Wst\u0119pna koncepcja budowy kompleksu rekreacyjno &#8211; sportowego!<\/a><\/h5><p class=\"post-meta\"><span class=\"published\">sty 7, 2019<\/span> | <span class=\"entry-categories\"><a href=\"https:\/\/www.wielopolesolectwo.pl\/index.php\/category\/aktualnosci\/\" rel=\"tag\">Aktualno\u015bci<\/a><\/span><\/p><div class=\"post-content\"><div class=\"post-content-inner\"><p>Jak Pa\u0144stwo zapewne pami\u0119tacie Stowarzyszenie Rozwoju So\u0142ectwa Wielopole z upowa\u017cnienia mieszka\u0144c\u00f3w Wielopola wyst\u0105pi\u0142o do W\u00f3jta Gminy Che\u0142miec z wnioskiem o wsp\u00f3lne wykonanie koncepcji zagospodarowania dzia\u0142ki pozyskanej przez Gmin\u0119 Che\u0142miec od Agencji W\u0142asno\u015bci&#8230;<\/p>\n<\/div><\/div><\/article><article class=\"et_pb_post et_pb_post_id_246 clearfix et_pb_blog_item_0_79 post-246 post type-post status-publish format-standard has-post-thumbnail hentry category-aktualnosci\"><div class=\"et_pb_image_container\"><a href=\"https:\/\/www.wielopolesolectwo.pl\/index.php\/2018\/12\/10\/w-wielopolu-powstanie-kolo-gospodyn-wiejskich\/\" class=\"entry-featured-image-url\"><img loading=\"lazy\" decoding=\"async\" src=\"https:\/\/www.wielopolesolectwo.pl\/wp-content\/uploads\/2025\/12\/banner.gif\" width=\"400\" height=\"284\" alt=\"W Wielopolu powstanie Ko\u0142o Gospody\u0144 Wiejskich!!!!\" class=\"\" srcset=\"https:\/\/www.wielopolesolectwo.pl\/wp-content\/uploads\/2025\/12\/banner.gif 479w, https:\/\/www.wielopolesolectwo.pl\/wp-content\/uploads\/2025\/12\/banner-400x284.gif 480w\" sizes=\"(max-width:479px) 479px, 100vw\" \/><span data-icon=\"\ue050\" class=\"et_overlay et_pb_inline_icon\"><\/span><\/a><\/div><h5 class=\"entry-title\"><a href=\"https:\/\/www.wielopolesolectwo.pl\/index.php\/2018\/12\/10\/w-wielopolu-powstanie-kolo-gospodyn-wiejskich\/\">W Wielopolu powstanie Ko\u0142o Gospody\u0144 Wiejskich!!!!<\/a><\/h5><p class=\"post-meta\"><span class=\"published\">gru 10, 2018<\/span> | <span class=\"entry-categories\"><a href=\"https:\/\/www.wielopolesolectwo.pl\/index.php\/category\/aktualnosci\/\" rel=\"tag\">Aktualno\u015bci<\/a><\/span><\/p><div class=\"post-content\"><div class=\"post-content-inner\"><p>W dniu 10.12.2018 r. powsta\u0142a grupa inicjatywna chce utworzy\u0107 Ko\u0142a Gospody\u0144 Wiejskich. Przysz\u0142e cz\u0142onkinie, (do ko\u0142a mog\u0105 r\u00f3wnie\u017c nale\u017ce\u0107 panowie) podczas zebrania za\u0142o\u017cycielskiego wype\u0142ni\u0142y deklaracje cz\u0142onkostwa i w najbli\u017cszym czasie, przez lider\u00f3w tej inicjatywy,&#8230;<\/p>\n<\/div><\/div><\/article><article class=\"et_pb_post et_pb_post_id_244 clearfix et_pb_blog_item_0_80 post-244 post type-post status-publish format-standard has-post-thumbnail hentry category-aktualnosci\"><div class=\"et_pb_image_container\"><a href=\"https:\/\/www.wielopolesolectwo.pl\/index.php\/2018\/11\/29\/wyniki-ankiet-lokalna-inicjatywa\/\" class=\"entry-featured-image-url\"><img loading=\"lazy\" decoding=\"async\" src=\"https:\/\/www.wielopolesolectwo.pl\/wp-content\/uploads\/2025\/12\/banner.gif\" width=\"400\" height=\"284\" alt=\"Wyniki ankiet &#8211; lokalna inicjatywa\" class=\"\" srcset=\"https:\/\/www.wielopolesolectwo.pl\/wp-content\/uploads\/2025\/12\/banner.gif 479w, https:\/\/www.wielopolesolectwo.pl\/wp-content\/uploads\/2025\/12\/banner-400x284.gif 480w\" sizes=\"(max-width:479px) 479px, 100vw\" \/><span data-icon=\"\ue050\" class=\"et_overlay et_pb_inline_icon\"><\/span><\/a><\/div><h5 class=\"entry-title\"><a href=\"https:\/\/www.wielopolesolectwo.pl\/index.php\/2018\/11\/29\/wyniki-ankiet-lokalna-inicjatywa\/\">Wyniki ankiet &#8211; lokalna inicjatywa<\/a><\/h5><p class=\"post-meta\"><span class=\"published\">lis 29, 2018<\/span> | <span class=\"entry-categories\"><a href=\"https:\/\/www.wielopolesolectwo.pl\/index.php\/category\/aktualnosci\/\" rel=\"tag\">Aktualno\u015bci<\/a><\/span><\/p><div class=\"post-content\"><div class=\"post-content-inner\"><p>Stowarzyszenia Rozwoju So\u0142ectwa Wielopole z upowa\u017cnienia mieszka\u0144c\u00f3w Wielopola wyst\u0105pi\u0142o do W\u00f3jta Gminy Che\u0142miec z wnioskiem o wsp\u00f3lne wykonanie koncepcji zagospodarowania dzia\u0142ki pozyskanej przez Gmin\u0119 Che\u0142miec od Agencji W\u0142asno\u015bci Rolnej. Jest to dzia\u0142ka po\u0142o\u017cona w&#8230;<\/p>\n<\/div><\/div><\/article><article class=\"et_pb_post et_pb_post_id_242 clearfix et_pb_blog_item_0_81 post-242 post type-post status-publish format-standard has-post-thumbnail hentry category-aktualnosci\"><div class=\"et_pb_image_container\"><a href=\"https:\/\/www.wielopolesolectwo.pl\/index.php\/2018\/10\/23\/i-stalo-sie-stowarzyszenie-rozwoju-solectwa-wielopole-organizacja-pozytku-publicznego\/\" class=\"entry-featured-image-url\"><img loading=\"lazy\" decoding=\"async\" src=\"https:\/\/www.wielopolesolectwo.pl\/wp-content\/uploads\/2025\/12\/banner.gif\" width=\"400\" height=\"284\" alt=\"I sta\u0142o si\u0119! &#8211; Stowarzyszenie Rozwoju So\u0142ectwa Wielopole Organizacj\u0105 Po\u017cytku Publicznego\" class=\"\" srcset=\"https:\/\/www.wielopolesolectwo.pl\/wp-content\/uploads\/2025\/12\/banner.gif 479w, https:\/\/www.wielopolesolectwo.pl\/wp-content\/uploads\/2025\/12\/banner-400x284.gif 480w\" sizes=\"(max-width:479px) 479px, 100vw\" \/><span data-icon=\"\ue050\" class=\"et_overlay et_pb_inline_icon\"><\/span><\/a><\/div><h5 class=\"entry-title\"><a href=\"https:\/\/www.wielopolesolectwo.pl\/index.php\/2018\/10\/23\/i-stalo-sie-stowarzyszenie-rozwoju-solectwa-wielopole-organizacja-pozytku-publicznego\/\">I sta\u0142o si\u0119! &#8211; Stowarzyszenie Rozwoju So\u0142ectwa Wielopole Organizacj\u0105 Po\u017cytku Publicznego<\/a><\/h5><p class=\"post-meta\"><span class=\"published\">pa\u017a 23, 2018<\/span> | <span class=\"entry-categories\"><a href=\"https:\/\/www.wielopolesolectwo.pl\/index.php\/category\/aktualnosci\/\" rel=\"tag\">Aktualno\u015bci<\/a><\/span><\/p><div class=\"post-content\"><div class=\"post-content-inner\"><p>Postanowieniem S\u0105du z dnia 17.09.2018r. zostali\u015bmy zarejestrowani w KRS jako Organizacja Po\u017cytku Publicznego (OPP). S\u0105d uzna\u0142 dotychczasowe dzia\u0142ania prospo\u0142eczne udokumentowane w z\u0142o\u017conym wniosku i efekty tych dzia\u0142a\u0144 z lat istnienia naszego Stowarzyszenia jako&#8230;<\/p>\n<\/div><\/div><\/article><article class=\"et_pb_post et_pb_post_id_239 clearfix et_pb_blog_item_0_82 post-239 post type-post status-publish format-standard has-post-thumbnail hentry category-aktualnosci\"><div class=\"et_pb_image_container\"><a href=\"https:\/\/www.wielopolesolectwo.pl\/index.php\/2018\/09\/24\/festyn-2018-relacja-zdjecia\/\" class=\"entry-featured-image-url\"><img loading=\"lazy\" decoding=\"async\" src=\"https:\/\/www.wielopolesolectwo.pl\/wp-content\/uploads\/2025\/12\/festyn_ver2.jpg\" width=\"355\" height=\"237\" alt=\"Festyn 2018 &#8211; relacja, zdj\u0119cia\" class=\"\" srcset=\"https:\/\/www.wielopolesolectwo.pl\/wp-content\/uploads\/2025\/12\/festyn_ver2.jpg 479w, https:\/\/www.wielopolesolectwo.pl\/wp-content\/uploads\/2025\/12\/festyn_ver2.jpg 480w\" sizes=\"(max-width:479px) 479px, 100vw\" \/><span data-icon=\"\ue050\" class=\"et_overlay et_pb_inline_icon\"><\/span><\/a><\/div><h5 class=\"entry-title\"><a href=\"https:\/\/www.wielopolesolectwo.pl\/index.php\/2018\/09\/24\/festyn-2018-relacja-zdjecia\/\">Festyn 2018 &#8211; relacja, zdj\u0119cia<\/a><\/h5><p class=\"post-meta\"><span class=\"published\">wrz 24, 2018<\/span> | <span class=\"entry-categories\"><a href=\"https:\/\/www.wielopolesolectwo.pl\/index.php\/category\/aktualnosci\/\" rel=\"tag\">Aktualno\u015bci<\/a><\/span><\/p><div class=\"post-content\"><div class=\"post-content-inner\"><p>W Wielopolu zn\u00f3w by\u0142o rado\u015bnie! W dniu 15.09.2018r. w odby\u0142 si\u0119 tam integracyjny festyn dla wszystkich ch\u0119tnych, a przede wszystkim dla Wielopolan. Tym razem zorganizowali go P. So\u0142tys Aleksandra Opalska wraz z pr\u0119\u017cn\u0105 w dzia\u0142aniu Rad\u0105 So\u0142eck\u0105. Impreza odby\u0142a si\u0119 na&#8230;<\/p>\n<\/div><\/div><\/article><article class=\"et_pb_post et_pb_post_id_236 clearfix et_pb_blog_item_0_83 post-236 post type-post status-publish format-standard has-post-thumbnail hentry category-aktualnosci\"><div class=\"et_pb_image_container\"><a href=\"https:\/\/www.wielopolesolectwo.pl\/index.php\/2018\/09\/09\/festyn-wiejski\/\" class=\"entry-featured-image-url\"><img loading=\"lazy\" decoding=\"async\" src=\"https:\/\/www.wielopolesolectwo.pl\/wp-content\/uploads\/2025\/12\/plakat_festyn_wiejski_min.jpg\" width=\"310\" height=\"284\" alt=\"Festyn wiejski\" class=\"\" srcset=\"https:\/\/www.wielopolesolectwo.pl\/wp-content\/uploads\/2025\/12\/plakat_festyn_wiejski_min.jpg 479w, https:\/\/www.wielopolesolectwo.pl\/wp-content\/uploads\/2025\/12\/plakat_festyn_wiejski_min-310x284.jpg 480w\" sizes=\"(max-width:479px) 479px, 100vw\" \/><span data-icon=\"\ue050\" class=\"et_overlay et_pb_inline_icon\"><\/span><\/a><\/div><h5 class=\"entry-title\"><a href=\"https:\/\/www.wielopolesolectwo.pl\/index.php\/2018\/09\/09\/festyn-wiejski\/\">Festyn wiejski<\/a><\/h5><p class=\"post-meta\"><span class=\"published\">wrz 9, 2018<\/span> | <span class=\"entry-categories\"><a href=\"https:\/\/www.wielopolesolectwo.pl\/index.php\/category\/aktualnosci\/\" rel=\"tag\">Aktualno\u015bci<\/a><\/span><\/p><div class=\"post-content\"><div class=\"post-content-inner\"><p>W sobot\u0119, 15 wrze\u015bnia, w Wielopolu odb\u0119dzie si\u0119 festyn wiejski. W programie przewidziano wiele atrakcji (np. pokazy zorganizowane przez stra\u017c po\u017carn\u0105, prowadzenie zabawy przez DJ) i r\u00f3\u017cnorodne pocz\u0119stunki. Pocz\u0105tek festynu o godz. 15-tej wyst\u0119pem na estradzie&#8230;<\/p>\n<\/div><\/div><\/article><article class=\"et_pb_post et_pb_post_id_233 clearfix et_pb_blog_item_0_84 post-233 post type-post status-publish format-standard has-post-thumbnail hentry category-aktualnosci\"><div class=\"et_pb_image_container\"><a href=\"https:\/\/www.wielopolesolectwo.pl\/index.php\/2018\/08\/27\/nagroda-zasluzony-dla-rolnictwa-dla-jana-fecko\/\" class=\"entry-featured-image-url\"><img loading=\"lazy\" decoding=\"async\" src=\"https:\/\/www.wielopolesolectwo.pl\/wp-content\/uploads\/2025\/12\/nagroda_min.jpg\" width=\"400\" height=\"284\" alt=\"Nagroda &#8222;Zas\u0142u\u017cony dla rolnictwa&#8221; dla Jana Fecko!\" class=\"\" srcset=\"https:\/\/www.wielopolesolectwo.pl\/wp-content\/uploads\/2025\/12\/nagroda_min.jpg 479w, https:\/\/www.wielopolesolectwo.pl\/wp-content\/uploads\/2025\/12\/nagroda_min-400x284.jpg 480w\" sizes=\"(max-width:479px) 479px, 100vw\" \/><span data-icon=\"\ue050\" class=\"et_overlay et_pb_inline_icon\"><\/span><\/a><\/div><h5 class=\"entry-title\"><a href=\"https:\/\/www.wielopolesolectwo.pl\/index.php\/2018\/08\/27\/nagroda-zasluzony-dla-rolnictwa-dla-jana-fecko\/\">Nagroda &#8222;Zas\u0142u\u017cony dla rolnictwa&#8221; dla Jana Fecko!<\/a><\/h5><p class=\"post-meta\"><span class=\"published\">sie 27, 2018<\/span> | <span class=\"entry-categories\"><a href=\"https:\/\/www.wielopolesolectwo.pl\/index.php\/category\/aktualnosci\/\" rel=\"tag\">Aktualno\u015bci<\/a><\/span><\/p><div class=\"post-content\"><div class=\"post-content-inner\"><p>Niniejszym informujemy, \u017ce Pan Jan Fecko, gospodarz z naszej wsi i aktywny cz\u0142onek Stowarzyszenia Rozwoju So\u0142ectwa Wielopole, podczas uroczystego spotkania w Bazylice Pw. \u015bw. Ma\u0142gorzaty w Nowym S\u0105czu otrzyma\u0142 z r\u0105k pos\u0142a Jana Dudy Honorow\u0105 Odznak\u0119 &#8222;Zas\u0142u\u017cony dla&#8230;<\/p>\n<\/div><\/div><\/article><article class=\"et_pb_post et_pb_post_id_230 clearfix et_pb_blog_item_0_85 post-230 post type-post status-publish format-standard has-post-thumbnail hentry category-aktualnosci\"><div class=\"et_pb_image_container\"><a href=\"https:\/\/www.wielopolesolectwo.pl\/index.php\/2018\/08\/04\/wycieczka-do-sandomierza-pomnik-historii-relacja-zdjecia\/\" class=\"entry-featured-image-url\"><img loading=\"lazy\" decoding=\"async\" src=\"https:\/\/www.wielopolesolectwo.pl\/wp-content\/uploads\/2025\/12\/sandomierz_zdjecie_min.jpg\" width=\"317\" height=\"185\" alt=\"Wycieczka do Sandomierza &#8211; pomnik historii &#8211; relacja, zdj\u0119cia\" class=\"\" srcset=\"https:\/\/www.wielopolesolectwo.pl\/wp-content\/uploads\/2025\/12\/sandomierz_zdjecie_min.jpg 479w, https:\/\/www.wielopolesolectwo.pl\/wp-content\/uploads\/2025\/12\/sandomierz_zdjecie_min.jpg 480w\" sizes=\"(max-width:479px) 479px, 100vw\" \/><span data-icon=\"\ue050\" class=\"et_overlay et_pb_inline_icon\"><\/span><\/a><\/div><h5 class=\"entry-title\"><a href=\"https:\/\/www.wielopolesolectwo.pl\/index.php\/2018\/08\/04\/wycieczka-do-sandomierza-pomnik-historii-relacja-zdjecia\/\">Wycieczka do Sandomierza &#8211; pomnik historii &#8211; relacja, zdj\u0119cia<\/a><\/h5><p class=\"post-meta\"><span class=\"published\">sie 4, 2018<\/span> | <span class=\"entry-categories\"><a href=\"https:\/\/www.wielopolesolectwo.pl\/index.php\/category\/aktualnosci\/\" rel=\"tag\">Aktualno\u015bci<\/a><\/span><\/p><div class=\"post-content\"><div class=\"post-content-inner\"><p>Staje si\u0119 tradycj\u0105, \u017ce mieszka\u0144cy Wielopola zwiedzaj\u0105, poznaj\u0105 \u015bliczne i historyczne zak\u0105tki Polski i nie tylko. Tym razem 04.08.2018 r. Stowarzyszenie Rozwoju So\u0142ectwa Wielopole w ramach i zadania publicznego Gminy Che\u0142miec pn.: &#8222;Kultura, ochrona d\u00f3br kultury i&#8230;<\/p>\n<\/div><\/div><\/article><article class=\"et_pb_post et_pb_post_id_227 clearfix et_pb_blog_item_0_86 post-227 post type-post status-publish format-standard has-post-thumbnail hentry category-aktualnosci\"><div class=\"et_pb_image_container\"><a href=\"https:\/\/www.wielopolesolectwo.pl\/index.php\/2018\/07\/26\/wycieczka-historyczna-i-krajoznawcza-pn-sandomierz-pomnik-historii\/\" class=\"entry-featured-image-url\"><img loading=\"lazy\" decoding=\"async\" src=\"https:\/\/www.wielopolesolectwo.pl\/wp-content\/uploads\/2025\/12\/sandomierz_plakat_min.jpg\" width=\"277\" height=\"196\" alt=\"Wycieczka historyczna i krajoznawcza pn.: &#8222;Sandomierz &#8211; pomnik historii&#8221;\" class=\"\" srcset=\"https:\/\/www.wielopolesolectwo.pl\/wp-content\/uploads\/2025\/12\/sandomierz_plakat_min.jpg 479w, https:\/\/www.wielopolesolectwo.pl\/wp-content\/uploads\/2025\/12\/sandomierz_plakat_min.jpg 480w\" sizes=\"(max-width:479px) 479px, 100vw\" \/><span data-icon=\"\ue050\" class=\"et_overlay et_pb_inline_icon\"><\/span><\/a><\/div><h5 class=\"entry-title\"><a href=\"https:\/\/www.wielopolesolectwo.pl\/index.php\/2018\/07\/26\/wycieczka-historyczna-i-krajoznawcza-pn-sandomierz-pomnik-historii\/\">Wycieczka historyczna i krajoznawcza pn.: &#8222;Sandomierz &#8211; pomnik historii&#8221;<\/a><\/h5><p class=\"post-meta\"><span class=\"published\">lip 26, 2018<\/span> | <span class=\"entry-categories\"><a href=\"https:\/\/www.wielopolesolectwo.pl\/index.php\/category\/aktualnosci\/\" rel=\"tag\">Aktualno\u015bci<\/a><\/span><\/p><div class=\"post-content\"><div class=\"post-content-inner\"><p>Z przyjemno\u015bci\u0105 informujemy wszystkich mieszka\u0144c\u00f3w Wielopola, \u017ce nasze Stowarzyszenie organizuje wycieczk\u0119 historyczno &#8211; krajoznawcz\u0105, pn.: &#8222;Sandomierz &#8211; pomnik historii&#8221;, kt\u00f3ra odb\u0119dzie si\u0119 04.08.2018 r. W ramach naszej wycieczki planuje si\u0119 zwiedzanie: 1. Rynku&#8230;<\/p>\n<\/div><\/div><\/article><article class=\"et_pb_post et_pb_post_id_224 clearfix et_pb_blog_item_0_87 post-224 post type-post status-publish format-standard has-post-thumbnail hentry category-aktualnosci\"><div class=\"et_pb_image_container\"><a href=\"https:\/\/www.wielopolesolectwo.pl\/index.php\/2018\/07\/26\/szlakiem-u-podnoza-tatr-reportaz\/\" class=\"entry-featured-image-url\"><img loading=\"lazy\" decoding=\"async\" src=\"https:\/\/www.wielopolesolectwo.pl\/wp-content\/uploads\/2025\/12\/tatry_min.jpg\" width=\"400\" height=\"270\" alt=\"Szlakiem u podn\u00f3\u017ca Tatr &#8211; reporta\u017c\" class=\"\" srcset=\"https:\/\/www.wielopolesolectwo.pl\/wp-content\/uploads\/2025\/12\/tatry_min.jpg 479w, https:\/\/www.wielopolesolectwo.pl\/wp-content\/uploads\/2025\/12\/tatry_min-400x270.jpg 480w\" sizes=\"(max-width:479px) 479px, 100vw\" \/><span data-icon=\"\ue050\" class=\"et_overlay et_pb_inline_icon\"><\/span><\/a><\/div><h5 class=\"entry-title\"><a href=\"https:\/\/www.wielopolesolectwo.pl\/index.php\/2018\/07\/26\/szlakiem-u-podnoza-tatr-reportaz\/\">Szlakiem u podn\u00f3\u017ca Tatr &#8211; reporta\u017c<\/a><\/h5><p class=\"post-meta\"><span class=\"published\">lip 26, 2018<\/span> | <span class=\"entry-categories\"><a href=\"https:\/\/www.wielopolesolectwo.pl\/index.php\/category\/aktualnosci\/\" rel=\"tag\">Aktualno\u015bci<\/a><\/span><\/p><div class=\"post-content\"><div class=\"post-content-inner\"><p>W zesz\u0142\u0105 sobot\u0119 tj. 21.07.2018r. mieszka\u0144cy Wielopola uczestniczyli w krajoznawczo \u0096 historycznej wycieczce po S\u0142owacji pn.: &#8222;Szlakiem u podn\u00f3\u017ca Tatr&#8221;. Ten turystyczny wypad zorganizowa\u0142o Stowarzyszenie Rozwoju So\u0142ectwa Wielopole w ramach zadania publicznego Gminy&#8230;<\/p>\n<\/div><\/div><\/article><article class=\"et_pb_post et_pb_post_id_219 clearfix et_pb_blog_item_0_88 post-219 post type-post status-publish format-standard has-post-thumbnail hentry category-aktualnosci\"><div class=\"et_pb_image_container\"><a href=\"https:\/\/www.wielopolesolectwo.pl\/index.php\/2018\/07\/16\/jednodniowa-wycieczka-szlakiem-u-podnoza-tatr\/\" class=\"entry-featured-image-url\"><img loading=\"lazy\" decoding=\"async\" src=\"https:\/\/www.wielopolesolectwo.pl\/wp-content\/uploads\/2025\/12\/slowacja_plakat_min.jpg\" width=\"320\" height=\"227\" alt=\"Jednodniowa wycieczka &#8222;Szlakiem u Podn\u00f3\u017ca Tatr&#8221;\" class=\"\" srcset=\"https:\/\/www.wielopolesolectwo.pl\/wp-content\/uploads\/2025\/12\/slowacja_plakat_min.jpg 479w, https:\/\/www.wielopolesolectwo.pl\/wp-content\/uploads\/2025\/12\/slowacja_plakat_min.jpg 480w\" sizes=\"(max-width:479px) 479px, 100vw\" \/><span data-icon=\"\ue050\" class=\"et_overlay et_pb_inline_icon\"><\/span><\/a><\/div><h5 class=\"entry-title\"><a href=\"https:\/\/www.wielopolesolectwo.pl\/index.php\/2018\/07\/16\/jednodniowa-wycieczka-szlakiem-u-podnoza-tatr\/\">Jednodniowa wycieczka &#8222;Szlakiem u Podn\u00f3\u017ca Tatr&#8221;<\/a><\/h5><p class=\"post-meta\"><span class=\"published\">lip 16, 2018<\/span> | <span class=\"entry-categories\"><a href=\"https:\/\/www.wielopolesolectwo.pl\/index.php\/category\/aktualnosci\/\" rel=\"tag\">Aktualno\u015bci<\/a><\/span><\/p><div class=\"post-content\"><div class=\"post-content-inner\"><p>Z przyjemno\u015bci\u0105 informujemy wszystkich mieszka\u0144c\u00f3w Wielopola, \u017ce nasze Stowarzyszenie organizuje wycieczk\u0119 historyczno &#8211; krajoznawcz\u0105 pn.: &#8222;Szlakiem u podn\u00f3\u017ca Tatr&#8221;, kt\u00f3ra odb\u0119dzie si\u0119 21.07.2018 r. Program wycieczki<\/p>\n<\/div><\/div><\/article><article class=\"et_pb_post et_pb_post_id_216 clearfix et_pb_blog_item_0_89 post-216 post type-post status-publish format-standard has-post-thumbnail hentry category-aktualnosci\"><div class=\"et_pb_image_container\"><a href=\"https:\/\/www.wielopolesolectwo.pl\/index.php\/2018\/07\/06\/vi-rodzinne-sportowe-spotkanie-przy-grillu-relacja\/\" class=\"entry-featured-image-url\"><img loading=\"lazy\" decoding=\"async\" src=\"https:\/\/www.wielopolesolectwo.pl\/wp-content\/uploads\/2025\/12\/grill_lipiec_2018_min.jpg\" width=\"277\" height=\"196\" alt=\"VI rodzinne sportowe spotkanie przy grillu! Relacja\" class=\"\" srcset=\"https:\/\/www.wielopolesolectwo.pl\/wp-content\/uploads\/2025\/12\/grill_lipiec_2018_min.jpg 479w, https:\/\/www.wielopolesolectwo.pl\/wp-content\/uploads\/2025\/12\/grill_lipiec_2018_min.jpg 480w\" sizes=\"(max-width:479px) 479px, 100vw\" \/><span data-icon=\"\ue050\" class=\"et_overlay et_pb_inline_icon\"><\/span><\/a><\/div><h5 class=\"entry-title\"><a href=\"https:\/\/www.wielopolesolectwo.pl\/index.php\/2018\/07\/06\/vi-rodzinne-sportowe-spotkanie-przy-grillu-relacja\/\">VI rodzinne sportowe spotkanie przy grillu! Relacja<\/a><\/h5><p class=\"post-meta\"><span class=\"published\">lip 6, 2018<\/span> | <span class=\"entry-categories\"><a href=\"https:\/\/www.wielopolesolectwo.pl\/index.php\/category\/aktualnosci\/\" rel=\"tag\">Aktualno\u015bci<\/a><\/span><\/p><div class=\"post-content\"><div class=\"post-content-inner\"><p>Stowarzyszenie Rozwoju So\u0142ectwa serdecznie zaprasza na VI rodzinne sportowe spotkanie przy grillu, kt\u00f3re odb\u0119dzie si\u0119 ju\u017c 14 lipca (w sobot\u0119). Impreza rozpocznie si\u0119 ok. godz. 14.00 na boisku ko\u0142o krzy\u017ca. W programie moc atrakcji i niespodzianek! W programie m. in&#8230;.<\/p>\n<\/div><\/div><\/article><\/div><div class=\"pagination clearfix\">\n\t<div class=\"alignleft\"><a href=\"https:\/\/www.wielopolesolectwo.pl\/index.php\/wp-json\/wp\/v2\/pages\/70\/page\/2\/?et_blog\" >&laquo; Starsze wpisy<\/a><\/div>\n\t<div class=\"alignright\"><\/div>\n<\/div><\/div><\/div>\n<\/div>\n<\/div>\n<\/div>","protected":false},"excerpt":{"rendered":"","protected":false},"author":1,"featured_media":0,"parent":0,"menu_order":0,"comment_status":"closed","ping_status":"closed","template":"","meta":{"footnotes":""},"class_list":["post-70","page","type-page","status-publish","hentry"],"_links":{"self":[{"href":"https:\/\/www.wielopolesolectwo.pl\/index.php\/wp-json\/wp\/v2\/pages\/70","targetHints":{"allow":["GET"]}}],"collection":[{"href":"https:\/\/www.wielopolesolectwo.pl\/index.php\/wp-json\/wp\/v2\/pages"}],"about":[{"href":"https:\/\/www.wielopolesolectwo.pl\/index.php\/wp-json\/wp\/v2\/types\/page"}],"author":[{"embeddable":true,"href":"https:\/\/www.wielopolesolectwo.pl\/index.php\/wp-json\/wp\/v2\/users\/1"}],"replies":[{"embeddable":true,"href":"https:\/\/www.wielopolesolectwo.pl\/index.php\/wp-json\/wp\/v2\/comments?post=70"}],"version-history":[{"count":6,"href":"https:\/\/www.wielopolesolectwo.pl\/index.php\/wp-json\/wp\/v2\/pages\/70\/revisions"}],"predecessor-version":[{"id":536,"href":"https:\/\/www.wielopolesolectwo.pl\/index.php\/wp-json\/wp\/v2\/pages\/70\/revisions\/536"}],"wp:attachment":[{"href":"https:\/\/www.wielopolesolectwo.pl\/index.php\/wp-json\/wp\/v2\/media?parent=70"}],"curies":[{"name":"wp","href":"https:\/\/api.w.org\/{rel}","templated":true}]}}